{"id":40,"date":"2019-07-21T22:19:34","date_gmt":"2019-07-21T20:19:34","guid":{"rendered":"https:\/\/evangelische-beratung.com\/tr\/?page_id=40"},"modified":"2026-04-14T09:41:24","modified_gmt":"2026-04-14T07:41:24","slug":"sozialberatung","status":"publish","type":"page","link":"https:\/\/evangelische-beratung.com\/tr\/sozialberatung\/","title":{"rendered":"Sosyal dan\u0131\u015fmanl\u0131k"},"content":{"rendered":"\n<p style=\"text-align:center\" class=\"is-style-teaser\">Ya\u015famda, Her\u015fey planland\u0131\u011f\u0131 gibi y\u00fcr\u00fcmez. Mesela, Genel bir konu veya Muhacirlik Konusu olur, bizimle irtibata ge\u00e7ebilirsiniz.<\/p>\n\n\n\n<div class=\"wp-block-columns has-2-columns -right-at-edge is-layout-flow wp-block-columns-is-layout-flow\">\n<div class=\"wp-block-column is-layout-flow wp-block-column-is-layout-flow\">\n<div class=\"wp-block-image\"><figure class=\"aligncenter\"><img loading=\"lazy\" decoding=\"async\" width=\"1024\" height=\"684\" src=\"https:\/\/evangelische-beratung.com\/tr\/wp-content\/uploads\/sites\/8\/2019\/09\/ev-am-weissen-stein-2-_-saskya-photography-00790-1024x684.jpg\" alt=\"\" class=\"wp-image-602\" srcset=\"https:\/\/evangelische-beratung.com\/tr\/wp-content\/uploads\/sites\/8\/2019\/09\/ev-am-weissen-stein-2-_-saskya-photography-00790-1024x684.jpg 1024w, https:\/\/evangelische-beratung.com\/tr\/wp-content\/uploads\/sites\/8\/2019\/09\/ev-am-weissen-stein-2-_-saskya-photography-00790-300x200.jpg 300w, https:\/\/evangelische-beratung.com\/tr\/wp-content\/uploads\/sites\/8\/2019\/09\/ev-am-weissen-stein-2-_-saskya-photography-00790-768x513.jpg 768w, https:\/\/evangelische-beratung.com\/tr\/wp-content\/uploads\/sites\/8\/2019\/09\/ev-am-weissen-stein-2-_-saskya-photography-00790-720x480.jpg 720w, https:\/\/evangelische-beratung.com\/tr\/wp-content\/uploads\/sites\/8\/2019\/09\/ev-am-weissen-stein-2-_-saskya-photography-00790.jpg 1920w\" sizes=\"auto, 100vw\" \/><\/figure><\/div>\n\n\n\n<p><\/p>\n<\/div>\n\n\n\n<div class=\"wp-block-column is-layout-flow wp-block-column-is-layout-flow\"><\/div>\n<\/div>\n\n\n\n<div class=\"wp-block-columns alignwide has-3-columns is-layout-flex wp-container-core-columns-is-layout-9d6595d7 wp-block-columns-is-layout-flex\">\n<div class=\"wp-block-column is-layout-flow wp-block-column-is-layout-flow\"><div class=\"wp-block-erv-tile \">\n\t\t\t<div>\n\t\t\t<a href=\"https:\/\/evangelische-beratung.com\/tr\/sozialberatung\/sozialberatung-fuer-migranten-und-fluechtlinge\/\" tabindex=\"-1\" aria-hidden=\"true\" ><\/a>\n\t\t\t<h2 class=\"tile-title\"><a href=\"https:\/\/evangelische-beratung.com\/tr\/sozialberatung\/sozialberatung-fuer-migranten-und-fluechtlinge\/\" >G\u00f6\u00e7menler ve M\u00fclteciler i\u00e7in sosyal dan\u0131\u015fmanl\u0131k<\/a><\/h2>\n\t\t\t\n\t\t\t<p aria-hidden=\"true\" class=\"-is-micro\"><svg xmlns=\"http:\/\/www.w3.org\/2000\/svg\" viewBox=\"0 0 13 10\"><path d=\"M1.5 5H12M8 1l4 4-4 4\" fill=\"none\" stroke=\"#a22a45\" stroke-width=\"1.2\" stroke-linecap=\"round\" stroke-linejoin=\"round\"\/><\/svg><\/p>\n\t\t\t<\/div>\n\t\t<\/div><\/div>\n\n\n\n<div class=\"wp-block-column is-layout-flow wp-block-column-is-layout-flow\"><div class=\"wp-block-erv-tile \">\n\t\t\t<div>\n\t\t\t<a href=\"https:\/\/evangelische-beratung.com\/tr\/sozialberatung\/migrationsberatung-fuer-erwachsene-zugewanderte-mbe\/\" tabindex=\"-1\" aria-hidden=\"true\" ><\/a>\n\t\t\t<h2 class=\"tile-title\"><a href=\"https:\/\/evangelische-beratung.com\/tr\/sozialberatung\/migrationsberatung-fuer-erwachsene-zugewanderte-mbe\/\" >Yeti\u015fkin G\u00f6\u00e7menler i\u00e7in g\u00f6\u00e7 dan\u0131\u015fmanl\u0131k hizmetleri (MBE)<\/a><\/h2>\n\t\t\t\n\t\t\t<p aria-hidden=\"true\" class=\"-is-micro\"><svg xmlns=\"http:\/\/www.w3.org\/2000\/svg\" viewBox=\"0 0 13 10\"><path d=\"M1.5 5H12M8 1l4 4-4 4\" fill=\"none\" stroke=\"#a22a45\" stroke-width=\"1.2\" stroke-linecap=\"round\" stroke-linejoin=\"round\"\/><\/svg><\/p>\n\t\t\t<\/div>\n\t\t<\/div>\n\n\n<p><\/p>\n<\/div>\n\n\n\n<div class=\"wp-block-column is-layout-flow wp-block-column-is-layout-flow\"><div class=\"wp-block-erv-tile \">\n\t\t\t<div>\n\t\t\t<a href=\"https:\/\/evangelische-beratung.com\/tr\/sozialberatung\/allgemeine-lebensberatung\/\" tabindex=\"-1\" aria-hidden=\"true\" ><\/a>\n\t\t\t<h2 class=\"tile-title\"><a href=\"https:\/\/evangelische-beratung.com\/tr\/sozialberatung\/allgemeine-lebensberatung\/\" >Genel ya\u015fam dan\u0131\u015fmanl\u0131\u011f\u0131<\/a><\/h2>\n\t\t\t\n\t\t\t<p aria-hidden=\"true\" class=\"-is-micro\"><svg xmlns=\"http:\/\/www.w3.org\/2000\/svg\" viewBox=\"0 0 13 10\"><path d=\"M1.5 5H12M8 1l4 4-4 4\" fill=\"none\" stroke=\"#a22a45\" stroke-width=\"1.2\" stroke-linecap=\"round\" stroke-linejoin=\"round\"\/><\/svg><\/p>\n\t\t\t<\/div>\n\t\t<\/div><\/div>\n<\/div>\n\n\n\n<h2 class=\"wp-block-heading\"><strong>Korona\ng\u00fcnlerinde yard\u0131m ve destek \u2013 Sizin i\u00e7in buraday\u0131z!<\/strong><strong><\/strong><\/h2>\n\n\n\n<p>Koronavir\u00fcs tedbirleri kapsam\u0131nda g\u00fcncel\ns\u0131n\u0131rlamalar ve buna ba\u011fl\u0131 belirsizlik bir\u00e7ok insan i\u00e7in b\u00fcy\u00fck zorluklar\nyaratmaktad\u0131r. Bu zorlu d\u00f6nemde sizi yaln\u0131z b\u0131rakm\u0131yoruz.<\/p>\n\n\n\n<h4 class=\"wp-block-heading\"><strong>Sizin\ni\u00e7in buraday\u0131z <\/strong><strong><\/strong><\/h4>\n\n\n\n<ul class=\"wp-block-list\"><li>Acil durumlarda ve kriz durumlar\u0131nda<\/li><li>Telefonda ve korumal\u0131 \u00e7evrimi\u00e7i portalda <strong>\u00fccretsiz ve g\u00fcvenilir dan\u0131\u015fmanl\u0131k hizmeti<\/strong><\/li><li>Ayr\u0131ca \u00f6zel m\u00fcnferit durumlarda ki\u015fiye \u00f6zel\nhizmet<\/li><li>Akut krizlerde m\u00fcmk\u00fcn oldu\u011funca h\u0131zl\u0131<\/li><\/ul>\n\n\n\n<h4 class=\"wp-block-heading\"><strong>Bize ula\u015f\u0131n<\/strong><strong><\/strong><\/h4>\n\n\n\n<div class=\"wp-block-erv-container -has-background\">\n<div class=\"wp-block-columns alignwide has-2-columns is-layout-flex wp-container-core-columns-is-layout-9d6595d7 wp-block-columns-is-layout-flex\">\n<div class=\"wp-block-column is-layout-flow wp-block-column-is-layout-flow\">\n<p class=\"is-style-roof-line\">\u0130leti\u015fim:<\/p>\n\n\n\n<h2 class=\"wp-block-heading\">Sosyal dan\u0131\u015fmanl\u0131k <\/h2>\n\n\n\n<p class=\"is-style-teaser phone is-style-teaser phone margin-top-auto margin-bottom-0\">069 \/ 530 2 291 <\/p>\n\n\n\n<p class=\"is-style-micro margin-bottom-2\"> Pazartesi ile Cuma g\u00fcnleri saat 09:00 ile 13:00 aras\u0131  <br>Pazartesi ile Persembe g\u00fcnleri saat 15:00 ile 17:00 aras\u0131<br>Buna ek olarak bireysel Randevu almak m\u00fcmk\u00fcnd\u00fcr.<\/p>\n<\/div>\n\n\n\n<div class=\"wp-block-column is-layout-flow wp-block-column-is-layout-flow\"><\/div>\n<\/div>\n<\/div>\n\n\n\n<p style=\"text-align:center\" class=\"is-style-roof-line\"><strong> Evangelisches Zentrum f\u00fcr Beratung &amp; Therapie Am Wei\u00dfen Stein<\/strong> daki Bay ve Bayan Muhat\u0131plar\u0131n\u0131z<\/p>\n\n\n\n<div class=\"wp-block-columns alignwide has-3-columns is-layout-flex wp-container-core-columns-is-layout-9d6595d7 wp-block-columns-is-layout-flex\">\n<div class=\"wp-block-column is-layout-flow wp-block-column-is-layout-flow\">\n<div class=\"wp-block-erv-id-card\"><div class=\"id-card-content\"><figure class=\"id-card-photo\"><img decoding=\"async\" src=\"https:\/\/evangelische-beratung.com\/wp-content\/uploads\/2020\/01\/Kahraman-Topuz_Sozialberatung-fuer-Migranten-2-300x200.jpg\" \/><\/figure><div class=\"id-card-details\"><p class=\"id-card-name\">Kahraman Topuz<\/p><p class=\"id-card-job\">Beratung<\/p><p class=\"id-card-location\">Ev. Zentrum am Wei\u00dfen Stein<\/p><p class=\"id-card-phone\">069 \/ 53 02 159<\/p><p class=\"id-card-email\"><a href=\"&#x6d;a&#x69;&#108;&#x74;&#111;&#x3a;&#x6d;i&#x67;&#114;&#x61;&#116;&#x69;&#111;n&#x73;&#98;&#x65;&#114;&#x61;&#116;u&#x6e;&#103;&#x40;&#102;&#x72;&#97;n&#x6b;f&#x75;&#114;&#x74;&#45;e&#x76;a&#x6e;&#103;&#x65;&#108;i&#x73;c&#x68;&#46;&#x64;&#101;\">E-Mail<\/a><\/p><\/div><\/div><\/div>\n\n\n\n<p><\/p>\n\n\n\n<div class=\"wp-block-erv-id-card\"><div class=\"id-card-content\"><figure class=\"id-card-photo\"><img decoding=\"async\" src=\"https:\/\/evangelische-beratung.com\/wp-content\/uploads\/2020\/01\/portrait_platzhalter-1-300x300.jpg\" \/><\/figure><div class=\"id-card-details\"><p class=\"id-card-name\">Malale Schokory<\/p><p class=\"id-card-job\">Beratung<\/p><p class=\"id-card-location\">Ev. Zentrum am Wei\u00dfen Stein<\/p><p class=\"id-card-phone\">069 \/ 53 02 159<\/p><p class=\"id-card-email\"><a href=\"&#x6d;&#97;i&#x6c;&#x74;&#111;:&#x6d;&#x69;&#103;r&#x61;&#116;i&#x6f;&#x6e;&#115;b&#x65;&#x72;&#97;t&#x75;&#110;&#103;&#x40;&#x66;&#114;a&#x6e;&#x6b;&#102;u&#x72;&#116;&#45;e&#x76;&#97;n&#x67;&#x65;&#108;i&#x73;&#x63;&#104;&#46;&#x64;&#101;\">E-Mail<\/a><\/p><\/div><\/div><\/div>\n<\/div>\n\n\n\n<div class=\"wp-block-column is-layout-flow wp-block-column-is-layout-flow\">\n<div class=\"wp-block-erv-id-card\"><div class=\"id-card-content\"><figure class=\"id-card-photo\"><img decoding=\"async\" src=\"https:\/\/evangelische-beratung.com\/wp-content\/uploads\/2020\/01\/Kahraman-Topuz_Sozialberatung-fuer-Migranten-2-300x200.jpg\" \/><\/figure><div class=\"id-card-details\"><p class=\"id-card-name\">Kahraman Topuz<\/p><p class=\"id-card-job\">Beratung<\/p><p class=\"id-card-location\">Ev. Zentrum am Wei\u00dfen Stein<\/p><p class=\"id-card-phone\">069 \/ 53 02 159<\/p><p class=\"id-card-email\"><a href=\"&#x6d;a&#x69;&#108;&#x74;&#111;:&#x6d;&#105;&#x67;&#114;a&#x74;&#105;&#x6f;&#110;s&#x62;e&#x72;&#97;&#x74;&#x75;n&#x67;&#64;&#x66;&#114;a&#x6e;&#107;&#x66;&#117;r&#x74;-&#x65;&#118;a&#x6e;g&#x65;&#108;&#x69;&#115;c&#x68;&#46;&#x64;&#101;\">E-Mail<\/a><\/p><\/div><\/div><\/div>\n\n\n\n<p><\/p>\n<\/div>\n\n\n\n<div class=\"wp-block-column is-layout-flow wp-block-column-is-layout-flow\">\n<div class=\"wp-block-erv-id-card\"><div class=\"id-card-content\"><figure class=\"id-card-photo\"><img decoding=\"async\" src=\"https:\/\/evangelische-beratung.com\/wp-content\/uploads\/2023\/09\/EWA-Maksym-Akdogan-212x300.png\" \/><\/figure><div class=\"id-card-details\"><p class=\"id-card-name\">Ewa Maksym-Akdogan<\/p><p class=\"id-card-job\">Sekretariat<\/p><p class=\"id-card-location\">Frankfurt<\/p><p class=\"id-card-phone\">069 \/ 53 02 159<\/p><p class=\"id-card-email\"><a href=\"m&#97;&#x69;&#x6c;&#x74;o&#58;&#109;&#x69;&#x67;r&#97;&#116;&#x69;&#x6f;ns&#98;&#x65;&#x72;&#x61;t&#117;&#x6e;&#x67;&#x40;f&#114;&#97;&#x6e;&#x6b;f&#117;&#114;&#x74;&#x2d;ev&#97;&#x6e;&#x67;&#x65;l&#105;&#115;&#x63;&#x68;&#46;&#100;&#101;\">E-Mail<\/a><\/p><\/div><\/div><\/div>\n<\/div>\n<\/div>\n\n\n\n<p style=\"text-align:center\" class=\"is-style-roof-line\"><strong>H\u00f6chst<\/strong> te Evangelisches Zentrum f\u00fcr Beratung  Bay ve Bayan Muhat\u0131plar\u0131n\u0131z   <\/p>\n\n\n\n<div class=\"wp-block-columns alignwide has-2-columns -columns-equal-height is-layout-flex wp-container-core-columns-is-layout-9d6595d7 wp-block-columns-is-layout-flex\">\n<div class=\"wp-block-column is-layout-flow wp-block-column-is-layout-flow\">\n<div class=\"wp-block-erv-id-card\"><div class=\"id-card-content\"><figure class=\"id-card-photo\"><img decoding=\"async\" src=\"https:\/\/evangelische-beratung.com\/wp-content\/uploads\/2020\/01\/Leonie-Albert_Sozialberatung-Migranten-Hoechst-300x300.jpg\" \/><\/figure><div class=\"id-card-details\"><p class=\"id-card-name\">Leonie Albert<\/p><p class=\"id-card-job\">Leitung Sozial- und Migrationsberatung<\/p><p class=\"id-card-location\">Frankfurt<\/p><p class=\"id-card-phone\">069 \/ 75 93 672 40<\/p><p class=\"id-card-email\"><a href=\"&#x6d;&#x61;&#x69;&#x6c;&#x74;&#x6f;&#58;&#109;&#105;&#103;rati&#x6f;&#x6e;&#x73;&#x62;&#x65;&#x72;&#97;&#116;&#117;&#110;&#103;&#46;ho&#x65;&#x63;&#x68;&#x73;&#x74;&#x40;&#102;&#114;&#97;&#110;&#107;fur&#x74;&#x2d;&#x65;&#x76;&#x61;&#x6e;&#x67;&#101;&#108;&#105;&#115;ch&#46;d&#x65;\">E-Mail<\/a><\/p><\/div><\/div><\/div>\n<\/div>\n\n\n\n<div class=\"wp-block-column is-layout-flow wp-block-column-is-layout-flow\">\n<div class=\"wp-block-erv-id-card\"><div class=\"id-card-content\"><figure class=\"id-card-photo\"><img decoding=\"async\" src=\"https:\/\/evangelische-beratung.com\/tr\/wp-content\/uploads\/sites\/8\/2020\/01\/Mehari-Dunfu_Sozialberatung-Migranten-Hoechst-300x300.jpg\" \/><\/figure><div class=\"id-card-details\"><p class=\"id-card-name\">Mehari Dunfu<\/p><p class=\"id-card-job\">Beratung<\/p><p class=\"id-card-location\">H\u00f6chst<\/p><p class=\"id-card-phone\">069 \/ 75 93 672 40<\/p><p class=\"id-card-email\"><a href=\"&#x6d;a&#x69;&#108;&#x74;&#111;:&#x6d;i&#x67;&#114;&#x61;&#116;i&#x6f;&#110;&#x73;&#98;e&#x72;a&#x74;&#117;&#x6e;&#103;&#46;&#x68;o&#x65;&#99;&#x68;&#x73;t&#x40;&#102;&#x72;&#97;n&#x6b;f&#x75;&#114;&#x74;&#45;e&#x76;&#97;&#x6e;&#103;&#x65;&#x6c;i&#x73;&#99;&#x68;&#46;d&#x65;\">E-Mail<\/a><\/p><\/div><\/div><\/div>\n<\/div>\n<\/div>\n\n\n\n<p style=\"text-align:center\" class=\"is-style-roof-line\"><strong> Evangelisches&nbsp;Zentrum f\u00fcr&nbsp;Beratung in Offenbach<\/strong>  Bay ve Bayan Muhat\u0131plar\u0131n\u0131z   <\/p>\n\n\n\n<div class=\"wp-block-columns alignwide has-3-columns is-layout-flex wp-container-core-columns-is-layout-9d6595d7 wp-block-columns-is-layout-flex\">\n<div class=\"wp-block-column is-layout-flow wp-block-column-is-layout-flow\">\n<div class=\"wp-block-erv-id-card\"><div class=\"id-card-content\"><figure class=\"id-card-photo\"><img decoding=\"async\" src=\"https:\/\/evangelische-beratung.com\/wp-content\/uploads\/2020\/01\/portrait_platzhalter-1-300x300.jpg\" \/><\/figure><div class=\"id-card-details\"><p class=\"id-card-name\">Stephanie Laier<\/p><p class=\"id-card-job\">Verwaltung<\/p><p class=\"id-card-location\">Offenbach<\/p><p class=\"id-card-phone\">069 \/ 82 97 70 99<\/p><p class=\"id-card-email\"><a href=\"&#109;&#97;&#x69;l&#116;&#x6f;&#x3a;m&#105;&#x67;&#x72;a&#116;&#x69;&#x6f;n&#115;&#x62;&#x65;r&#97;&#x74;&#x75;n&#103;&#x40;o&#102;&#102;&#x65;n&#98;&#x61;&#x63;h&#45;&#x65;&#x76;a&#110;&#x67;&#x65;l&#105;&#x73;&#x63;h&#46;&#x64;&#x65;\">E-Mail<\/a><\/p><\/div><\/div><\/div>\n\n\n\n<div class=\"wp-block-erv-id-card\"><div class=\"id-card-content\"><figure class=\"id-card-photo\"><img decoding=\"async\" src=\"https:\/\/evangelische-beratung.com\/wp-content\/uploads\/2020\/01\/portrait_platzhalter-1-300x300.jpg\" \/><\/figure><div class=\"id-card-details\"><p class=\"id-card-name\">Anastassia-Tasoula Pentidou <\/p><p class=\"id-card-job\">Beratung<\/p><p class=\"id-card-location\">Ev. Beratungszentrum Offenbach<\/p><p class=\"id-card-phone\">069 \/ 82 97 70 99<\/p><p class=\"id-card-email\"><a href=\"&#109;&#97;&#x69;l&#116;&#x6f;&#x3a;m&#105;&#x67;&#x72;a&#116;&#x69;&#x6f;n&#115;&#x62;&#x65;r&#97;&#x74;&#x75;n&#103;&#x40;o&#102;&#102;&#x65;n&#98;&#x61;&#x63;h&#45;&#x65;&#x76;a&#110;&#x67;&#x65;l&#105;&#x73;&#x63;h&#46;&#x64;&#x65;\">E-Mail<\/a><\/p><\/div><\/div><\/div>\n\n\n\n<p><\/p>\n<\/div>\n\n\n\n<div class=\"wp-block-column is-layout-flow wp-block-column-is-layout-flow\"><\/div>\n\n\n\n<div class=\"wp-block-column is-layout-flow wp-block-column-is-layout-flow\">\n<div class=\"wp-block-erv-id-card\"><div class=\"id-card-content\"><figure class=\"id-card-photo\"><img decoding=\"async\" src=\"https:\/\/evangelische-beratung.com\/wp-content\/uploads\/2022\/10\/Bild-Barbara-Schwab-225x300.jpg\" \/><\/figure><div class=\"id-card-details\"><p class=\"id-card-name\">Barbara Schwab<\/p><p class=\"id-card-job\">Lebensberatung<\/p><p class=\"id-card-location\">Offenbach<\/p><p class=\"id-card-phone\">069 \/ 82 97 70 99<\/p><p class=\"id-card-email\"><a href=\"&#109;&#x61;&#x69;&#108;&#x74;&#x6f;&#58;&#x62;&#x65;&#114;&#x61;&#x74;&#117;&#x6e;&#x67;&#115;&#x7a;&#x65;&#110;&#x74;&#x72;&#117;&#x6d;&#x40;&#111;&#x66;&#x66;e&#x6e;&#x62;a&#x63;&#x68;-&#101;&#x76;a&#110;&#x67;e&#108;&#x69;s&#99;&#x68;&#46;&#100;&#x65;\">E-Mail<\/a><\/p><\/div><\/div><\/div>\n<\/div>\n<\/div>\n\n\n\n<p><\/p>\n","protected":false},"excerpt":{"rendered":"<p>Ya\u015famda, Her\u015fey planland\u0131\u011f\u0131 gibi y\u00fcr\u00fcmez. Mesela, Genel bir konu veya Muhacirlik Konusu olur, bizimle irtibata ge\u00e7ebilirsiniz. Korona g\u00fcnlerinde yard\u0131m ve destek \u2013 Sizin i\u00e7in buraday\u0131z! Koronavir\u00fcs tedbirleri kapsam\u0131nda g\u00fcncel s\u0131n\u0131rlamalar ve buna ba\u011fl\u0131 belirsizlik bir\u00e7ok insan i\u00e7in b\u00fcy\u00fck zorluklar yaratmaktad\u0131r. Bu zorlu d\u00f6nemde sizi yaln\u0131z b\u0131rakm\u0131yoruz. Sizin i\u00e7in buraday\u0131z Acil durumlarda ve kriz durumlar\u0131nda Telefonda [&hellip;]<\/p>\n","protected":false},"author":36,"featured_media":602,"parent":0,"menu_order":0,"comment_status":"closed","ping_status":"closed","template":"","meta":{"footnotes":""},"class_list":["post-40","page","type-page","status-publish","has-post-thumbnail","hentry"],"yoast_head":"<!-- This site is optimized with the Yoast SEO plugin v27.5 - https:\/\/yoast.com\/product\/yoast-seo-wordpress\/ -->\n<title>Sozialberatung in Frankfurt, H\u00f6chst und Offenbach vom Ev. Regionalverband<\/title>\n<meta name=\"description\" content=\"Wir sind gerne f\u00fcr Sie da. Wenden Sie sich an uns f\u00fcr eine allgemeine Beratung oder zum Thema Migration.\" \/>\n<meta name=\"robots\" content=\"index, follow, max-snippet:-1, max-image-preview:large, max-video-preview:-1\" \/>\n<link rel=\"canonical\" href=\"https:\/\/evangelische-beratung.com\/tr\/sozialberatung\/\" \/>\n<meta property=\"og:locale\" content=\"tr_TR\" \/>\n<meta property=\"og:type\" content=\"article\" \/>\n<meta property=\"og:title\" content=\"Sozialberatung in Frankfurt, H\u00f6chst und Offenbach vom Ev. Regionalverband\" \/>\n<meta property=\"og:description\" content=\"Wir sind gerne f\u00fcr Sie da. Wenden Sie sich an uns f\u00fcr eine allgemeine Beratung oder zum Thema Migration.\" \/>\n<meta property=\"og:url\" content=\"https:\/\/evangelische-beratung.com\/tr\/sozialberatung\/\" \/>\n<meta property=\"og:site_name\" content=\"Evangelischer Regionalverband\" \/>\n<meta property=\"article:modified_time\" content=\"2026-04-14T07:41:24+00:00\" \/>\n<meta property=\"og:image\" content=\"https:\/\/evangelische-beratung.com\/tr\/wp-content\/uploads\/sites\/8\/2019\/09\/ev-am-weissen-stein-2-_-saskya-photography-00790.jpg\" \/>\n\t<meta property=\"og:image:width\" content=\"1920\" \/>\n\t<meta property=\"og:image:height\" content=\"1282\" \/>\n\t<meta property=\"og:image:type\" content=\"image\/jpeg\" \/>\n<meta name=\"twitter:card\" content=\"summary_large_image\" \/>\n<meta name=\"twitter:label1\" content=\"Tahmini okuma s\u00fcresi\" \/>\n\t<meta name=\"twitter:data1\" content=\"1 dakika\" \/>\n<script type=\"application\/ld+json\" class=\"yoast-schema-graph\">{\"@context\":\"https:\\\/\\\/schema.org\",\"@graph\":[{\"@type\":\"WebPage\",\"@id\":\"https:\\\/\\\/evangelische-beratung.com\\\/tr\\\/sozialberatung\\\/\",\"url\":\"https:\\\/\\\/evangelische-beratung.com\\\/tr\\\/sozialberatung\\\/\",\"name\":\"Sozialberatung in Frankfurt, H\u00f6chst und Offenbach vom Ev. Regionalverband\",\"isPartOf\":{\"@id\":\"https:\\\/\\\/evangelische-beratung.com\\\/tr\\\/#website\"},\"primaryImageOfPage\":{\"@id\":\"https:\\\/\\\/evangelische-beratung.com\\\/tr\\\/sozialberatung\\\/#primaryimage\"},\"image\":{\"@id\":\"https:\\\/\\\/evangelische-beratung.com\\\/tr\\\/sozialberatung\\\/#primaryimage\"},\"thumbnailUrl\":\"https:\\\/\\\/evangelische-beratung.com\\\/tr\\\/wp-content\\\/uploads\\\/sites\\\/8\\\/2019\\\/09\\\/ev-am-weissen-stein-2-_-saskya-photography-00790.jpg\",\"datePublished\":\"2019-07-21T20:19:34+00:00\",\"dateModified\":\"2026-04-14T07:41:24+00:00\",\"description\":\"Wir sind gerne f\u00fcr Sie da. Wenden Sie sich an uns f\u00fcr eine allgemeine Beratung oder zum Thema Migration.\",\"breadcrumb\":{\"@id\":\"https:\\\/\\\/evangelische-beratung.com\\\/tr\\\/sozialberatung\\\/#breadcrumb\"},\"inLanguage\":\"tr\",\"potentialAction\":[{\"@type\":\"ReadAction\",\"target\":[\"https:\\\/\\\/evangelische-beratung.com\\\/tr\\\/sozialberatung\\\/\"]}]},{\"@type\":\"ImageObject\",\"inLanguage\":\"tr\",\"@id\":\"https:\\\/\\\/evangelische-beratung.com\\\/tr\\\/sozialberatung\\\/#primaryimage\",\"url\":\"https:\\\/\\\/evangelische-beratung.com\\\/tr\\\/wp-content\\\/uploads\\\/sites\\\/8\\\/2019\\\/09\\\/ev-am-weissen-stein-2-_-saskya-photography-00790.jpg\",\"contentUrl\":\"https:\\\/\\\/evangelische-beratung.com\\\/tr\\\/wp-content\\\/uploads\\\/sites\\\/8\\\/2019\\\/09\\\/ev-am-weissen-stein-2-_-saskya-photography-00790.jpg\",\"width\":1920,\"height\":1282},{\"@type\":\"BreadcrumbList\",\"@id\":\"https:\\\/\\\/evangelische-beratung.com\\\/tr\\\/sozialberatung\\\/#breadcrumb\",\"itemListElement\":[{\"@type\":\"ListItem\",\"position\":1,\"name\":\"Startseite\",\"item\":\"https:\\\/\\\/evangelische-beratung.com\\\/tr\\\/\"},{\"@type\":\"ListItem\",\"position\":2,\"name\":\"Sosyal dan\u0131\u015fmanl\u0131k\"}]},{\"@type\":\"WebSite\",\"@id\":\"https:\\\/\\\/evangelische-beratung.com\\\/tr\\\/#website\",\"url\":\"https:\\\/\\\/evangelische-beratung.com\\\/tr\\\/\",\"name\":\"Evangelischer Regionalverband\",\"description\":\"\",\"publisher\":{\"@id\":\"https:\\\/\\\/evangelische-beratung.com\\\/tr\\\/#organization\"},\"potentialAction\":[{\"@type\":\"SearchAction\",\"target\":{\"@type\":\"EntryPoint\",\"urlTemplate\":\"https:\\\/\\\/evangelische-beratung.com\\\/tr\\\/?s={search_term_string}\"},\"query-input\":{\"@type\":\"PropertyValueSpecification\",\"valueRequired\":true,\"valueName\":\"search_term_string\"}}],\"inLanguage\":\"tr\"},{\"@type\":\"Organization\",\"@id\":\"https:\\\/\\\/evangelische-beratung.com\\\/tr\\\/#organization\",\"name\":\"Evangelischer Regionalverband Frankfurt und Offenbach\",\"url\":\"https:\\\/\\\/evangelische-beratung.com\\\/tr\\\/\",\"logo\":{\"@type\":\"ImageObject\",\"inLanguage\":\"tr\",\"@id\":\"https:\\\/\\\/evangelische-beratung.com\\\/tr\\\/#\\\/schema\\\/logo\\\/image\\\/\",\"url\":\"https:\\\/\\\/evangelische-beratung.com\\\/tr\\\/wp-content\\\/uploads\\\/sites\\\/8\\\/2019\\\/10\\\/erv-logo.png\",\"contentUrl\":\"https:\\\/\\\/evangelische-beratung.com\\\/tr\\\/wp-content\\\/uploads\\\/sites\\\/8\\\/2019\\\/10\\\/erv-logo.png\",\"width\":1127,\"height\":595,\"caption\":\"Evangelischer Regionalverband Frankfurt und Offenbach\"},\"image\":{\"@id\":\"https:\\\/\\\/evangelische-beratung.com\\\/tr\\\/#\\\/schema\\\/logo\\\/image\\\/\"}}]}<\/script>\n<!-- \/ Yoast SEO plugin. -->","yoast_head_json":{"title":"Sozialberatung in Frankfurt, H\u00f6chst und Offenbach vom Ev. Regionalverband","description":"Wir sind gerne f\u00fcr Sie da. Wenden Sie sich an uns f\u00fcr eine allgemeine Beratung oder zum Thema Migration.","robots":{"index":"index","follow":"follow","max-snippet":"max-snippet:-1","max-image-preview":"max-image-preview:large","max-video-preview":"max-video-preview:-1"},"canonical":"https:\/\/evangelische-beratung.com\/tr\/sozialberatung\/","og_locale":"tr_TR","og_type":"article","og_title":"Sozialberatung in Frankfurt, H\u00f6chst und Offenbach vom Ev. Regionalverband","og_description":"Wir sind gerne f\u00fcr Sie da. Wenden Sie sich an uns f\u00fcr eine allgemeine Beratung oder zum Thema Migration.","og_url":"https:\/\/evangelische-beratung.com\/tr\/sozialberatung\/","og_site_name":"Evangelischer Regionalverband","article_modified_time":"2026-04-14T07:41:24+00:00","og_image":[{"width":1920,"height":1282,"url":"https:\/\/evangelische-beratung.com\/tr\/wp-content\/uploads\/sites\/8\/2019\/09\/ev-am-weissen-stein-2-_-saskya-photography-00790.jpg","type":"image\/jpeg"}],"twitter_card":"summary_large_image","twitter_misc":{"Tahmini okuma s\u00fcresi":"1 dakika"},"schema":{"@context":"https:\/\/schema.org","@graph":[{"@type":"WebPage","@id":"https:\/\/evangelische-beratung.com\/tr\/sozialberatung\/","url":"https:\/\/evangelische-beratung.com\/tr\/sozialberatung\/","name":"Sozialberatung in Frankfurt, H\u00f6chst und Offenbach vom Ev. Regionalverband","isPartOf":{"@id":"https:\/\/evangelische-beratung.com\/tr\/#website"},"primaryImageOfPage":{"@id":"https:\/\/evangelische-beratung.com\/tr\/sozialberatung\/#primaryimage"},"image":{"@id":"https:\/\/evangelische-beratung.com\/tr\/sozialberatung\/#primaryimage"},"thumbnailUrl":"https:\/\/evangelische-beratung.com\/tr\/wp-content\/uploads\/sites\/8\/2019\/09\/ev-am-weissen-stein-2-_-saskya-photography-00790.jpg","datePublished":"2019-07-21T20:19:34+00:00","dateModified":"2026-04-14T07:41:24+00:00","description":"Wir sind gerne f\u00fcr Sie da. Wenden Sie sich an uns f\u00fcr eine allgemeine Beratung oder zum Thema Migration.","breadcrumb":{"@id":"https:\/\/evangelische-beratung.com\/tr\/sozialberatung\/#breadcrumb"},"inLanguage":"tr","potentialAction":[{"@type":"ReadAction","target":["https:\/\/evangelische-beratung.com\/tr\/sozialberatung\/"]}]},{"@type":"ImageObject","inLanguage":"tr","@id":"https:\/\/evangelische-beratung.com\/tr\/sozialberatung\/#primaryimage","url":"https:\/\/evangelische-beratung.com\/tr\/wp-content\/uploads\/sites\/8\/2019\/09\/ev-am-weissen-stein-2-_-saskya-photography-00790.jpg","contentUrl":"https:\/\/evangelische-beratung.com\/tr\/wp-content\/uploads\/sites\/8\/2019\/09\/ev-am-weissen-stein-2-_-saskya-photography-00790.jpg","width":1920,"height":1282},{"@type":"BreadcrumbList","@id":"https:\/\/evangelische-beratung.com\/tr\/sozialberatung\/#breadcrumb","itemListElement":[{"@type":"ListItem","position":1,"name":"Startseite","item":"https:\/\/evangelische-beratung.com\/tr\/"},{"@type":"ListItem","position":2,"name":"Sosyal dan\u0131\u015fmanl\u0131k"}]},{"@type":"WebSite","@id":"https:\/\/evangelische-beratung.com\/tr\/#website","url":"https:\/\/evangelische-beratung.com\/tr\/","name":"Evangelischer Regionalverband","description":"","publisher":{"@id":"https:\/\/evangelische-beratung.com\/tr\/#organization"},"potentialAction":[{"@type":"SearchAction","target":{"@type":"EntryPoint","urlTemplate":"https:\/\/evangelische-beratung.com\/tr\/?s={search_term_string}"},"query-input":{"@type":"PropertyValueSpecification","valueRequired":true,"valueName":"search_term_string"}}],"inLanguage":"tr"},{"@type":"Organization","@id":"https:\/\/evangelische-beratung.com\/tr\/#organization","name":"Evangelischer Regionalverband Frankfurt und Offenbach","url":"https:\/\/evangelische-beratung.com\/tr\/","logo":{"@type":"ImageObject","inLanguage":"tr","@id":"https:\/\/evangelische-beratung.com\/tr\/#\/schema\/logo\/image\/","url":"https:\/\/evangelische-beratung.com\/tr\/wp-content\/uploads\/sites\/8\/2019\/10\/erv-logo.png","contentUrl":"https:\/\/evangelische-beratung.com\/tr\/wp-content\/uploads\/sites\/8\/2019\/10\/erv-logo.png","width":1127,"height":595,"caption":"Evangelischer Regionalverband Frankfurt und Offenbach"},"image":{"@id":"https:\/\/evangelische-beratung.com\/tr\/#\/schema\/logo\/image\/"}}]}},"_links":{"self":[{"href":"https:\/\/evangelische-beratung.com\/tr\/wp-json\/wp\/v2\/pages\/40","targetHints":{"allow":["GET"]}}],"collection":[{"href":"https:\/\/evangelische-beratung.com\/tr\/wp-json\/wp\/v2\/pages"}],"about":[{"href":"https:\/\/evangelische-beratung.com\/tr\/wp-json\/wp\/v2\/types\/page"}],"author":[{"embeddable":true,"href":"https:\/\/evangelische-beratung.com\/tr\/wp-json\/wp\/v2\/users\/36"}],"replies":[{"embeddable":true,"href":"https:\/\/evangelische-beratung.com\/tr\/wp-json\/wp\/v2\/comments?post=40"}],"version-history":[{"count":5,"href":"https:\/\/evangelische-beratung.com\/tr\/wp-json\/wp\/v2\/pages\/40\/revisions"}],"predecessor-version":[{"id":1631,"href":"https:\/\/evangelische-beratung.com\/tr\/wp-json\/wp\/v2\/pages\/40\/revisions\/1631"}],"wp:featuredmedia":[{"embeddable":true,"href":"https:\/\/evangelische-beratung.com\/tr\/wp-json\/wp\/v2\/media\/602"}],"wp:attachment":[{"href":"https:\/\/evangelische-beratung.com\/tr\/wp-json\/wp\/v2\/media?parent=40"}],"curies":[{"name":"wp","href":"https:\/\/api.w.org\/{rel}","templated":true}]}}