{"id":324,"date":"2019-08-16T17:27:07","date_gmt":"2019-08-16T15:27:07","guid":{"rendered":"https:\/\/evangelische-beratung.com\/tr\/?page_id=324"},"modified":"2020-04-27T12:00:38","modified_gmt":"2020-04-27T10:00:38","slug":"sozialberatung-fuer-migranten-und-fluechtlinge","status":"publish","type":"page","link":"https:\/\/evangelische-beratung.com\/tr\/sozialberatung\/sozialberatung-fuer-migranten-und-fluechtlinge\/","title":{"rendered":"G\u00f6\u00e7menler ve M\u00fclteciler i\u00e7in sosyal dan\u0131\u015fmanl\u0131k"},"content":{"rendered":"\n<p class=\"is-style-teaser\">S\u0131\u011f\u0131nma, \u0130kamet ve Uyum konular\u0131 hakk\u0131nda genel sorular\u0131n\u0131zla, bize gelmekle do\u011fruyu yapm\u0131\u015f olursunuz  <\/p>\n\n\n\n<figure class=\"wp-block-image alignwide\"><img loading=\"lazy\" decoding=\"async\" width=\"1024\" height=\"512\" src=\"https:\/\/evangelische-beratung.com\/tr\/wp-content\/uploads\/sites\/8\/2020\/01\/Sozialberatung-fuer-Migranten-Zentrum-Am-Weissen-Stein-2_HERO-1-1024x512.jpg\" alt=\"\" class=\"wp-image-826\" srcset=\"https:\/\/evangelische-beratung.com\/tr\/wp-content\/uploads\/sites\/8\/2020\/01\/Sozialberatung-fuer-Migranten-Zentrum-Am-Weissen-Stein-2_HERO-1-1024x512.jpg 1024w, https:\/\/evangelische-beratung.com\/tr\/wp-content\/uploads\/sites\/8\/2020\/01\/Sozialberatung-fuer-Migranten-Zentrum-Am-Weissen-Stein-2_HERO-1-300x150.jpg 300w, https:\/\/evangelische-beratung.com\/tr\/wp-content\/uploads\/sites\/8\/2020\/01\/Sozialberatung-fuer-Migranten-Zentrum-Am-Weissen-Stein-2_HERO-1-768x384.jpg 768w, https:\/\/evangelische-beratung.com\/tr\/wp-content\/uploads\/sites\/8\/2020\/01\/Sozialberatung-fuer-Migranten-Zentrum-Am-Weissen-Stein-2_HERO-1.jpg 1840w\" sizes=\"auto, 100vw\" \/><\/figure>\n\n\n\n<p> A\u015fa\u011f\u0131da belirtilen benzer Konu ve Sorunlar\u0131n\u0131zda, size yard\u0131mc\u0131 oluruz:<\/p>\n\n\n\n<ul class=\"wp-block-list\"><li>Frankfurt`ta yenisiniz veya uzun zamand\u0131r burada ya\u015f\u0131yorsan\u0131z?<\/li><li>Ki\u015fisel, sa\u011fl\u0131k, Oturum- ve sosyal hukuk konular\u0131nda yard\u0131m ar\u0131yorsan\u0131z?<\/li><li>Sosyal yard\u0131m i\u00e7in ba\u015fvuruda bulunmak istiyorsan\u0131z?<\/li><li>Ailesel veya Nesiller aras\u0131 \u00e7at\u0131smalar- anla\u015fmazl\u0131klar  varsa?<\/li><li>Uyum kurslar\u0131 veya Dil Kurslar\u0131 ar\u0131yorsan\u0131z?<\/li><li>Meslek veya ileri E\u011fitim kurslar\u0131 ar\u0131yorsan\u0131z?<\/li><li>Aile birle\u015fimi ko\u015fullar\u0131yla, aile fertlerinizi almanyaya getirmek istiyorsan\u0131z?<\/li><li>G\u00f6n\u00fcll\u00fc olarak, \u00dclkenize geri d\u00f6n\u00fc\u015f yapmak  istiyorsan\u0131z?<\/li><li>iltica ba\u015fvurusunda bulunuyorsunuz ve bu konuda bir dan\u0131\u015fma ar\u0131yorsan\u0131z?<\/li><\/ul>\n\n\n\n<p>Sosyal, E\u011fitim ve Di\u011fer kamu kurumlar\u0131yla i\u015fbirli\u011fi i\u00e7indeyiz. B\u00f6ylelikle size daha iyi yard\u0131mc\u0131 olabiliriz. <\/p>\n\n\n\n<p>Konusular\u0131nda uzman bay ve bayan dan\u0131\u015fmanlar\u0131m\u0131z farkl\u0131 dillerde veya terc\u00fcmanlar deste\u011fi ile de dan\u0131\u015fmanl\u0131klarlar sunarlar.<\/p>\n\n\n\n<p>Bu \u00fccretsiz Dan\u0131\u015fma, g\u00f6n\u00fcll\u00fcl\u00fck ve gizlilik esas\u0131na dayan\u0131r.<\/p>\n\n\n\n<div class=\"wp-block-erv-container -has-background\">\n<p class=\"is-style-roof-line\">ileti\u015fim<\/p>\n\n\n\n<h3 class=\"wp-block-heading\">Sozialberatung f\u00fcr Migranten und Fl\u00fcchtlinge<\/h3>\n\n\n\n<div class=\"wp-block-columns alignwide has-2-columns is-layout-flex wp-container-core-columns-is-layout-9d6595d7 wp-block-columns-is-layout-flex\">\n<div class=\"wp-block-column is-layout-flow wp-block-column-is-layout-flow\">\n<div class=\"wp-block-erv-id-card\"><div class=\"id-card-content\"><figure class=\"id-card-photo\"><img decoding=\"async\" src=\"https:\/\/evangelische-beratung.com\/wp-content\/uploads\/2023\/09\/EWA-Maksym-Akdogan-212x300.png\" \/><\/figure><div class=\"id-card-details\"><p class=\"id-card-name\">Ewa Maksym-Akdogan<\/p><p class=\"id-card-job\">Sekretariat<\/p><p class=\"id-card-location\">Frankfurt<\/p><p class=\"id-card-phone\">069 \/ 53 02 159<\/p><p class=\"id-card-email\"><a href=\"&#109;&#x61;i&#108;&#x74;o&#58;&#x6d;i&#x67;&#x72;&#97;&#x74;i&#111;&#x6e;s&#98;&#x65;r&#x61;&#x74;&#117;&#x6e;&#x67;&#64;&#x66;r&#97;&#x6e;k&#102;&#x75;r&#x74;&#x2d;&#101;&#x76;a&#110;&#x67;e&#108;&#x69;s&#x63;&#x68;&#46;&#x64;&#x65;\">E-Mail<\/a><\/p><\/div><\/div><\/div>\n<\/div>\n\n\n\n<div class=\"wp-block-column is-layout-flow wp-block-column-is-layout-flow\">\n<p class=\"is-style-default\">Offene Sprechstunde<br>Montag   9:30\u201312:30 Uhr  <br>Donnerstag     14:00\u201317:30 Uhr <br>Dar\u00fcber hinaus sind Terminvereinbarungen m\u00f6glich. <\/p>\n<\/div>\n<\/div>\n\n\n\n<div class=\"wp-block-columns alignwide has-2-columns is-layout-flex wp-container-core-columns-is-layout-9d6595d7 wp-block-columns-is-layout-flex\">\n<div class=\"wp-block-column is-layout-flow wp-block-column-is-layout-flow\">\n<div class=\"wp-block-erv-id-card\"><div class=\"id-card-content\"><figure class=\"id-card-photo\"><img decoding=\"async\" src=\"https:\/\/evangelische-beratung.com\/wp-content\/uploads\/2020\/01\/portrait_platzhalter-1-300x300.jpg\" \/><\/figure><div class=\"id-card-details\"><p class=\"id-card-name\">Paulina Hassenrueck<\/p><p class=\"id-card-job\">Sekretariat <\/p><p class=\"id-card-location\">Ev. Beratungszentrum H\u00f6chst<\/p><p class=\"id-card-phone\">069 \/ 75 93 672 40<\/p><p class=\"id-card-email\"><a href=\"&#x6d;&#97;&#105;&#x6c;&#x74;&#111;&#58;&#x6d;&#x69;&#103;&#114;&#x61;&#x74;&#105;&#111;&#x6e;&#x73;&#98;&#101;&#x72;&#x61;&#116;&#117;&#x6e;&#x67;&#46;&#104;&#x6f;&#x65;&#99;&#104;&#x73;&#x74;&#64;&#102;&#x72;&#x61;&#110;&#107;&#x66;&#x75;&#114;&#116;&#x2d;&#x65;&#118;&#97;&#x6e;&#x67;&#101;&#108;&#x69;&#x73;&#99;&#104;&#x2e;&#x64;&#101;\">E-Mail<\/a><\/p><\/div><\/div><\/div>\n\n\n\n<p><\/p>\n<\/div>\n\n\n\n<div class=\"wp-block-column is-layout-flow wp-block-column-is-layout-flow\">\n<p>Offene Sprechstunde<br>Donnerstag 14:00 \u201317:00 Uhr<br>Dar\u00fcber hinaus sind Terminvereinbarungen m\u00f6glich<\/p>\n<\/div>\n<\/div>\n\n\n\n<div class=\"wp-block-columns alignwide has-3-columns is-layout-flex wp-container-core-columns-is-layout-9d6595d7 wp-block-columns-is-layout-flex\">\n<div class=\"wp-block-column is-layout-flow wp-block-column-is-layout-flow\">\n<div class=\"wp-block-erv-id-card\"><div class=\"id-card-content\"><figure class=\"id-card-photo\"><img decoding=\"async\" src=\"https:\/\/evangelische-beratung.com\/wp-content\/uploads\/2020\/01\/Leonie-Albert_Sozialberatung-Migranten-Hoechst-300x300.jpg\" \/><\/figure><div class=\"id-card-details\"><p class=\"id-card-name\">Leonie Albert<\/p><p class=\"id-card-job\">Leitung Sozial- und Migrationsberatung<\/p><p class=\"id-card-location\">Frankfurt<\/p><p class=\"id-card-phone\">069 \/ 75 93 672 40<\/p><p class=\"id-card-email\"><a href=\"&#109;&#x61;&#x69;l&#116;&#x6f;:&#109;&#x69;&#x67;r&#97;&#x74;i&#111;&#x6e;&#x73;b&#101;&#x72;a&#116;&#x75;&#x6e;&#103;&#46;&#x68;o&#101;&#x63;&#x68;&#115;&#x74;&#x40;f&#114;&#x61;n&#107;&#x66;&#x75;r&#116;&#x2d;e&#118;&#x61;&#x6e;g&#101;&#x6c;i&#115;&#x63;&#x68;&#46;&#100;&#x65;\">E-Mail<\/a><\/p><\/div><\/div><\/div>\n<\/div>\n\n\n\n<div class=\"wp-block-column is-layout-flow wp-block-column-is-layout-flow\">\n<div class=\"wp-block-erv-id-card\"><div class=\"id-card-content\"><figure class=\"id-card-photo\"><img decoding=\"async\" src=\"https:\/\/evangelische-beratung.com\/tr\/wp-content\/uploads\/sites\/8\/2020\/01\/Mehari-Dunfu_Sozialberatung-Migranten-Hoechst-300x300.jpg\" \/><\/figure><div class=\"id-card-details\"><p class=\"id-card-name\">Mehari Dunfu<\/p><p class=\"id-card-job\">Beratung<\/p><p class=\"id-card-location\">H\u00f6chst<\/p><p class=\"id-card-phone\">069 \/ 75 93 672 40<\/p><p class=\"id-card-email\"><a href=\"mailto&#58;&#109;&#105;&#103;&#114;&#97;&#116;&#x69;&#x6f;&#x6e;&#x73;&#x62;&#x65;&#x72;&#x61;&#x74;&#x75;&#x6e;&#x67;&#46;hoech&#115;&#116;&#64;&#102;&#114;&#97;&#110;&#x6b;&#x66;&#x75;&#x72;&#x74;&#x2d;&#x65;&#x76;&#x61;&#x6e;&#x67;&#x65;lisch&#46;&#100;&#101;\">E-Mail<\/a><\/p><\/div><\/div><\/div>\n\n\n\n<div class=\"wp-block-erv-id-card\"><div class=\"id-card-content\"><figure class=\"id-card-photo\"><img decoding=\"async\" src=\"https:\/\/evangelische-beratung.com\/wp-content\/uploads\/2020\/01\/portrait_platzhalter-1-300x300.jpg\" \/><\/figure><div class=\"id-card-details\"><p class=\"id-card-name\">Malale Schokory<\/p><p class=\"id-card-job\">Beratung<\/p><p class=\"id-card-location\">Ev. Zentrum am Wei\u00dfen Stein<\/p><p class=\"id-card-phone\">069 \/ 53 02 159<\/p><p class=\"id-card-email\"><a href=\"&#109;&#x61;i&#x6c;&#x74;&#111;&#x3a;m&#105;&#x67;&#114;&#x61;t&#105;&#x6f;n&#x73;b&#101;&#x72;a&#x74;&#x75;&#110;&#x67;&#64;&#102;&#x72;&#97;&#x6e;k&#102;&#x75;&#114;&#x74;-&#101;&#x76;a&#x6e;&#x67;&#101;&#x6c;i&#115;&#x63;&#104;&#x2e;d&#101;\">E-Mail<\/a><\/p><\/div><\/div><\/div>\n<\/div>\n\n\n\n<div class=\"wp-block-column is-layout-flow wp-block-column-is-layout-flow\">\n<div class=\"wp-block-erv-id-card\"><div class=\"id-card-content\"><figure class=\"id-card-photo\"><img decoding=\"async\" src=\"https:\/\/evangelische-beratung.com\/wp-content\/uploads\/2020\/01\/Kahraman-Topuz_Sozialberatung-fuer-Migranten-2-300x200.jpg\" \/><\/figure><div class=\"id-card-details\"><p class=\"id-card-name\">Kahraman Topuz<\/p><p class=\"id-card-job\">Beratung<\/p><p class=\"id-card-location\">Ev. Zentrum am Wei\u00dfen Stein<\/p><p class=\"id-card-phone\">069 \/ 53 02 159<\/p><p class=\"id-card-email\"><a href=\"&#x6d;&#x61;&#x69;&#x6c;&#x74;&#x6f;&#x3a;&#x6d;&#x69;&#x67;&#x72;&#x61;&#x74;&#x69;&#x6f;&#x6e;&#x73;&#x62;&#x65;&#x72;&#x61;&#x74;&#117;&#110;&#103;&#64;&#102;&#114;&#97;&#110;&#107;&#102;&#117;&#114;&#116;&#45;&#101;vangelisch&#46;d&#x65;\">E-Mail<\/a><\/p><\/div><\/div><\/div>\n\n\n\n<p><\/p>\n\n\n\n<div class=\"wp-block-erv-id-card\"><div class=\"id-card-content\"><figure class=\"id-card-photo\"><img decoding=\"async\" src=\"https:\/\/evangelische-beratung.com\/wp-content\/uploads\/2020\/01\/Kahraman-Topuz_Sozialberatung-fuer-Migranten-2-300x200.jpg\" \/><\/figure><div class=\"id-card-details\"><p class=\"id-card-name\">Kahraman Topuz<\/p><p class=\"id-card-job\">Beratung<\/p><p class=\"id-card-location\">Ev. Zentrum am Wei\u00dfen Stein<\/p><p class=\"id-card-phone\">069 \/ 53 02 159<\/p><p class=\"id-card-email\"><a href=\"&#109;&#x61;&#105;&#x6c;&#116;&#x6f;:&#x6d;i&#x67;r&#97;&#x74;&#105;&#x6f;&#110;&#x73;&#98;&#x65;r&#x61;t&#x75;n&#103;&#x40;&#102;&#x72;&#97;&#x6e;&#107;&#x66;u&#x72;t&#x2d;e&#118;&#x61;&#110;&#x67;&#101;&#x6c;i&#x73;c&#x68;&#46;&#100;&#x65;\">E-Mail<\/a><\/p><\/div><\/div><\/div>\n\n\n\n<p><\/p>\n<\/div>\n<\/div>\n\n\n\n<p><\/p>\n<\/div>\n","protected":false},"excerpt":{"rendered":"<p>S\u0131\u011f\u0131nma, \u0130kamet ve Uyum konular\u0131 hakk\u0131nda genel sorular\u0131n\u0131zla, bize gelmekle do\u011fruyu yapm\u0131\u015f olursunuz A\u015fa\u011f\u0131da belirtilen benzer Konu ve Sorunlar\u0131n\u0131zda, size yard\u0131mc\u0131 oluruz: Frankfurt`ta yenisiniz veya uzun zamand\u0131r burada ya\u015f\u0131yorsan\u0131z? Ki\u015fisel, sa\u011fl\u0131k, Oturum- ve sosyal hukuk konular\u0131nda yard\u0131m ar\u0131yorsan\u0131z? Sosyal yard\u0131m i\u00e7in ba\u015fvuruda bulunmak istiyorsan\u0131z? Ailesel veya Nesiller aras\u0131 \u00e7at\u0131smalar- anla\u015fmazl\u0131klar varsa? Uyum kurslar\u0131 veya Dil [&hellip;]<\/p>\n","protected":false},"author":5,"featured_media":36,"parent":40,"menu_order":0,"comment_status":"closed","ping_status":"closed","template":"","meta":{"footnotes":""},"class_list":["post-324","page","type-page","status-publish","has-post-thumbnail","hentry"],"yoast_head":"<!-- This site is optimized with the Yoast SEO plugin v27.5 - https:\/\/yoast.com\/product\/yoast-seo-wordpress\/ -->\n<title>Sozialberatung f\u00fcr Migranten und Fl\u00fcchtlinge in Frankfurt und Offenbach<\/title>\n<meta name=\"description\" content=\"Bei uns sind Sie richtig mit Ihren Fragen rund um das Thema Flucht, Aufenthalt und Integration. Alle Beratungsgespr\u00e4che sind vertraulich.\" \/>\n<meta name=\"robots\" content=\"index, follow, max-snippet:-1, max-image-preview:large, max-video-preview:-1\" \/>\n<link rel=\"canonical\" href=\"https:\/\/evangelische-beratung.com\/tr\/sozialberatung\/sozialberatung-fuer-migranten-und-fluechtlinge\/\" \/>\n<meta property=\"og:locale\" content=\"tr_TR\" \/>\n<meta property=\"og:type\" content=\"article\" \/>\n<meta property=\"og:title\" content=\"Sozialberatung f\u00fcr Migranten und Fl\u00fcchtlinge in Frankfurt und Offenbach\" \/>\n<meta property=\"og:description\" content=\"Bei uns sind Sie richtig mit Ihren Fragen rund um das Thema Flucht, Aufenthalt und Integration. Alle Beratungsgespr\u00e4che sind vertraulich.\" \/>\n<meta property=\"og:url\" content=\"https:\/\/evangelische-beratung.com\/tr\/sozialberatung\/sozialberatung-fuer-migranten-und-fluechtlinge\/\" \/>\n<meta property=\"og:site_name\" content=\"Evangelischer Regionalverband\" \/>\n<meta property=\"article:modified_time\" content=\"2020-04-27T10:00:38+00:00\" \/>\n<meta property=\"og:image\" content=\"https:\/\/evangelische-beratung.com\/tr\/wp-content\/uploads\/sites\/8\/2019\/07\/humberto-chavez-Ilo0ZD5o-q8-unsplash.jpg\" \/>\n\t<meta property=\"og:image:width\" content=\"1800\" \/>\n\t<meta property=\"og:image:height\" content=\"1200\" \/>\n\t<meta property=\"og:image:type\" content=\"image\/jpeg\" \/>\n<meta name=\"twitter:card\" content=\"summary_large_image\" \/>\n<meta name=\"twitter:label1\" content=\"Tahmini okuma s\u00fcresi\" \/>\n\t<meta name=\"twitter:data1\" content=\"1 dakika\" \/>\n<script type=\"application\/ld+json\" class=\"yoast-schema-graph\">{\"@context\":\"https:\\\/\\\/schema.org\",\"@graph\":[{\"@type\":\"WebPage\",\"@id\":\"https:\\\/\\\/evangelische-beratung.com\\\/tr\\\/sozialberatung\\\/sozialberatung-fuer-migranten-und-fluechtlinge\\\/\",\"url\":\"https:\\\/\\\/evangelische-beratung.com\\\/tr\\\/sozialberatung\\\/sozialberatung-fuer-migranten-und-fluechtlinge\\\/\",\"name\":\"Sozialberatung f\u00fcr Migranten und Fl\u00fcchtlinge in Frankfurt und Offenbach\",\"isPartOf\":{\"@id\":\"https:\\\/\\\/evangelische-beratung.com\\\/tr\\\/#website\"},\"primaryImageOfPage\":{\"@id\":\"https:\\\/\\\/evangelische-beratung.com\\\/tr\\\/sozialberatung\\\/sozialberatung-fuer-migranten-und-fluechtlinge\\\/#primaryimage\"},\"image\":{\"@id\":\"https:\\\/\\\/evangelische-beratung.com\\\/tr\\\/sozialberatung\\\/sozialberatung-fuer-migranten-und-fluechtlinge\\\/#primaryimage\"},\"thumbnailUrl\":\"https:\\\/\\\/evangelische-beratung.com\\\/tr\\\/wp-content\\\/uploads\\\/sites\\\/8\\\/2019\\\/07\\\/humberto-chavez-Ilo0ZD5o-q8-unsplash.jpg\",\"datePublished\":\"2019-08-16T15:27:07+00:00\",\"dateModified\":\"2020-04-27T10:00:38+00:00\",\"description\":\"Bei uns sind Sie richtig mit Ihren Fragen rund um das Thema Flucht, Aufenthalt und Integration. Alle Beratungsgespr\u00e4che sind vertraulich.\",\"breadcrumb\":{\"@id\":\"https:\\\/\\\/evangelische-beratung.com\\\/tr\\\/sozialberatung\\\/sozialberatung-fuer-migranten-und-fluechtlinge\\\/#breadcrumb\"},\"inLanguage\":\"tr\",\"potentialAction\":[{\"@type\":\"ReadAction\",\"target\":[\"https:\\\/\\\/evangelische-beratung.com\\\/tr\\\/sozialberatung\\\/sozialberatung-fuer-migranten-und-fluechtlinge\\\/\"]}]},{\"@type\":\"ImageObject\",\"inLanguage\":\"tr\",\"@id\":\"https:\\\/\\\/evangelische-beratung.com\\\/tr\\\/sozialberatung\\\/sozialberatung-fuer-migranten-und-fluechtlinge\\\/#primaryimage\",\"url\":\"https:\\\/\\\/evangelische-beratung.com\\\/tr\\\/wp-content\\\/uploads\\\/sites\\\/8\\\/2019\\\/07\\\/humberto-chavez-Ilo0ZD5o-q8-unsplash.jpg\",\"contentUrl\":\"https:\\\/\\\/evangelische-beratung.com\\\/tr\\\/wp-content\\\/uploads\\\/sites\\\/8\\\/2019\\\/07\\\/humberto-chavez-Ilo0ZD5o-q8-unsplash.jpg\",\"width\":1800,\"height\":1200},{\"@type\":\"BreadcrumbList\",\"@id\":\"https:\\\/\\\/evangelische-beratung.com\\\/tr\\\/sozialberatung\\\/sozialberatung-fuer-migranten-und-fluechtlinge\\\/#breadcrumb\",\"itemListElement\":[{\"@type\":\"ListItem\",\"position\":1,\"name\":\"Startseite\",\"item\":\"https:\\\/\\\/evangelische-beratung.com\\\/tr\\\/\"},{\"@type\":\"ListItem\",\"position\":2,\"name\":\"Sosyal dan\u0131\u015fmanl\u0131k\",\"item\":\"https:\\\/\\\/evangelische-beratung.com\\\/tr\\\/sozialberatung\\\/\"},{\"@type\":\"ListItem\",\"position\":3,\"name\":\"G\u00f6\u00e7menler ve M\u00fclteciler i\u00e7in sosyal dan\u0131\u015fmanl\u0131k\"}]},{\"@type\":\"WebSite\",\"@id\":\"https:\\\/\\\/evangelische-beratung.com\\\/tr\\\/#website\",\"url\":\"https:\\\/\\\/evangelische-beratung.com\\\/tr\\\/\",\"name\":\"Evangelischer Regionalverband\",\"description\":\"\",\"publisher\":{\"@id\":\"https:\\\/\\\/evangelische-beratung.com\\\/tr\\\/#organization\"},\"potentialAction\":[{\"@type\":\"SearchAction\",\"target\":{\"@type\":\"EntryPoint\",\"urlTemplate\":\"https:\\\/\\\/evangelische-beratung.com\\\/tr\\\/?s={search_term_string}\"},\"query-input\":{\"@type\":\"PropertyValueSpecification\",\"valueRequired\":true,\"valueName\":\"search_term_string\"}}],\"inLanguage\":\"tr\"},{\"@type\":\"Organization\",\"@id\":\"https:\\\/\\\/evangelische-beratung.com\\\/tr\\\/#organization\",\"name\":\"Evangelischer Regionalverband Frankfurt und Offenbach\",\"url\":\"https:\\\/\\\/evangelische-beratung.com\\\/tr\\\/\",\"logo\":{\"@type\":\"ImageObject\",\"inLanguage\":\"tr\",\"@id\":\"https:\\\/\\\/evangelische-beratung.com\\\/tr\\\/#\\\/schema\\\/logo\\\/image\\\/\",\"url\":\"https:\\\/\\\/evangelische-beratung.com\\\/tr\\\/wp-content\\\/uploads\\\/sites\\\/8\\\/2019\\\/10\\\/erv-logo.png\",\"contentUrl\":\"https:\\\/\\\/evangelische-beratung.com\\\/tr\\\/wp-content\\\/uploads\\\/sites\\\/8\\\/2019\\\/10\\\/erv-logo.png\",\"width\":1127,\"height\":595,\"caption\":\"Evangelischer Regionalverband Frankfurt und Offenbach\"},\"image\":{\"@id\":\"https:\\\/\\\/evangelische-beratung.com\\\/tr\\\/#\\\/schema\\\/logo\\\/image\\\/\"}}]}<\/script>\n<!-- \/ Yoast SEO plugin. -->","yoast_head_json":{"title":"Sozialberatung f\u00fcr Migranten und Fl\u00fcchtlinge in Frankfurt und Offenbach","description":"Bei uns sind Sie richtig mit Ihren Fragen rund um das Thema Flucht, Aufenthalt und Integration. Alle Beratungsgespr\u00e4che sind vertraulich.","robots":{"index":"index","follow":"follow","max-snippet":"max-snippet:-1","max-image-preview":"max-image-preview:large","max-video-preview":"max-video-preview:-1"},"canonical":"https:\/\/evangelische-beratung.com\/tr\/sozialberatung\/sozialberatung-fuer-migranten-und-fluechtlinge\/","og_locale":"tr_TR","og_type":"article","og_title":"Sozialberatung f\u00fcr Migranten und Fl\u00fcchtlinge in Frankfurt und Offenbach","og_description":"Bei uns sind Sie richtig mit Ihren Fragen rund um das Thema Flucht, Aufenthalt und Integration. Alle Beratungsgespr\u00e4che sind vertraulich.","og_url":"https:\/\/evangelische-beratung.com\/tr\/sozialberatung\/sozialberatung-fuer-migranten-und-fluechtlinge\/","og_site_name":"Evangelischer Regionalverband","article_modified_time":"2020-04-27T10:00:38+00:00","og_image":[{"width":1800,"height":1200,"url":"https:\/\/evangelische-beratung.com\/tr\/wp-content\/uploads\/sites\/8\/2019\/07\/humberto-chavez-Ilo0ZD5o-q8-unsplash.jpg","type":"image\/jpeg"}],"twitter_card":"summary_large_image","twitter_misc":{"Tahmini okuma s\u00fcresi":"1 dakika"},"schema":{"@context":"https:\/\/schema.org","@graph":[{"@type":"WebPage","@id":"https:\/\/evangelische-beratung.com\/tr\/sozialberatung\/sozialberatung-fuer-migranten-und-fluechtlinge\/","url":"https:\/\/evangelische-beratung.com\/tr\/sozialberatung\/sozialberatung-fuer-migranten-und-fluechtlinge\/","name":"Sozialberatung f\u00fcr Migranten und Fl\u00fcchtlinge in Frankfurt und Offenbach","isPartOf":{"@id":"https:\/\/evangelische-beratung.com\/tr\/#website"},"primaryImageOfPage":{"@id":"https:\/\/evangelische-beratung.com\/tr\/sozialberatung\/sozialberatung-fuer-migranten-und-fluechtlinge\/#primaryimage"},"image":{"@id":"https:\/\/evangelische-beratung.com\/tr\/sozialberatung\/sozialberatung-fuer-migranten-und-fluechtlinge\/#primaryimage"},"thumbnailUrl":"https:\/\/evangelische-beratung.com\/tr\/wp-content\/uploads\/sites\/8\/2019\/07\/humberto-chavez-Ilo0ZD5o-q8-unsplash.jpg","datePublished":"2019-08-16T15:27:07+00:00","dateModified":"2020-04-27T10:00:38+00:00","description":"Bei uns sind Sie richtig mit Ihren Fragen rund um das Thema Flucht, Aufenthalt und Integration. Alle Beratungsgespr\u00e4che sind vertraulich.","breadcrumb":{"@id":"https:\/\/evangelische-beratung.com\/tr\/sozialberatung\/sozialberatung-fuer-migranten-und-fluechtlinge\/#breadcrumb"},"inLanguage":"tr","potentialAction":[{"@type":"ReadAction","target":["https:\/\/evangelische-beratung.com\/tr\/sozialberatung\/sozialberatung-fuer-migranten-und-fluechtlinge\/"]}]},{"@type":"ImageObject","inLanguage":"tr","@id":"https:\/\/evangelische-beratung.com\/tr\/sozialberatung\/sozialberatung-fuer-migranten-und-fluechtlinge\/#primaryimage","url":"https:\/\/evangelische-beratung.com\/tr\/wp-content\/uploads\/sites\/8\/2019\/07\/humberto-chavez-Ilo0ZD5o-q8-unsplash.jpg","contentUrl":"https:\/\/evangelische-beratung.com\/tr\/wp-content\/uploads\/sites\/8\/2019\/07\/humberto-chavez-Ilo0ZD5o-q8-unsplash.jpg","width":1800,"height":1200},{"@type":"BreadcrumbList","@id":"https:\/\/evangelische-beratung.com\/tr\/sozialberatung\/sozialberatung-fuer-migranten-und-fluechtlinge\/#breadcrumb","itemListElement":[{"@type":"ListItem","position":1,"name":"Startseite","item":"https:\/\/evangelische-beratung.com\/tr\/"},{"@type":"ListItem","position":2,"name":"Sosyal dan\u0131\u015fmanl\u0131k","item":"https:\/\/evangelische-beratung.com\/tr\/sozialberatung\/"},{"@type":"ListItem","position":3,"name":"G\u00f6\u00e7menler ve M\u00fclteciler i\u00e7in sosyal dan\u0131\u015fmanl\u0131k"}]},{"@type":"WebSite","@id":"https:\/\/evangelische-beratung.com\/tr\/#website","url":"https:\/\/evangelische-beratung.com\/tr\/","name":"Evangelischer Regionalverband","description":"","publisher":{"@id":"https:\/\/evangelische-beratung.com\/tr\/#organization"},"potentialAction":[{"@type":"SearchAction","target":{"@type":"EntryPoint","urlTemplate":"https:\/\/evangelische-beratung.com\/tr\/?s={search_term_string}"},"query-input":{"@type":"PropertyValueSpecification","valueRequired":true,"valueName":"search_term_string"}}],"inLanguage":"tr"},{"@type":"Organization","@id":"https:\/\/evangelische-beratung.com\/tr\/#organization","name":"Evangelischer Regionalverband Frankfurt und Offenbach","url":"https:\/\/evangelische-beratung.com\/tr\/","logo":{"@type":"ImageObject","inLanguage":"tr","@id":"https:\/\/evangelische-beratung.com\/tr\/#\/schema\/logo\/image\/","url":"https:\/\/evangelische-beratung.com\/tr\/wp-content\/uploads\/sites\/8\/2019\/10\/erv-logo.png","contentUrl":"https:\/\/evangelische-beratung.com\/tr\/wp-content\/uploads\/sites\/8\/2019\/10\/erv-logo.png","width":1127,"height":595,"caption":"Evangelischer Regionalverband Frankfurt und Offenbach"},"image":{"@id":"https:\/\/evangelische-beratung.com\/tr\/#\/schema\/logo\/image\/"}}]}},"_links":{"self":[{"href":"https:\/\/evangelische-beratung.com\/tr\/wp-json\/wp\/v2\/pages\/324","targetHints":{"allow":["GET"]}}],"collection":[{"href":"https:\/\/evangelische-beratung.com\/tr\/wp-json\/wp\/v2\/pages"}],"about":[{"href":"https:\/\/evangelische-beratung.com\/tr\/wp-json\/wp\/v2\/types\/page"}],"author":[{"embeddable":true,"href":"https:\/\/evangelische-beratung.com\/tr\/wp-json\/wp\/v2\/users\/5"}],"replies":[{"embeddable":true,"href":"https:\/\/evangelische-beratung.com\/tr\/wp-json\/wp\/v2\/comments?post=324"}],"version-history":[{"count":5,"href":"https:\/\/evangelische-beratung.com\/tr\/wp-json\/wp\/v2\/pages\/324\/revisions"}],"predecessor-version":[{"id":1619,"href":"https:\/\/evangelische-beratung.com\/tr\/wp-json\/wp\/v2\/pages\/324\/revisions\/1619"}],"up":[{"embeddable":true,"href":"https:\/\/evangelische-beratung.com\/tr\/wp-json\/wp\/v2\/pages\/40"}],"wp:featuredmedia":[{"embeddable":true,"href":"https:\/\/evangelische-beratung.com\/tr\/wp-json\/wp\/v2\/media\/36"}],"wp:attachment":[{"href":"https:\/\/evangelische-beratung.com\/tr\/wp-json\/wp\/v2\/media?parent=324"}],"curies":[{"name":"wp","href":"https:\/\/api.w.org\/{rel}","templated":true}]}}