{"id":276,"date":"2019-08-16T15:19:05","date_gmt":"2019-08-16T13:19:05","guid":{"rendered":"https:\/\/evangelische-beratung.com\/tr\/?page_id=276"},"modified":"2020-04-16T12:38:10","modified_gmt":"2020-04-16T10:38:10","slug":"mentorenprogramm-socius","status":"publish","type":"page","link":"https:\/\/evangelische-beratung.com\/tr\/migration-flucht\/mentorenprogramm-socius\/","title":{"rendered":"Ment\u00f6r program\u0131 SOCIUS"},"content":{"rendered":"\n<p class=\"is-style-teaser\">Almanya ya s\u0131\u011f\u0131nan insanlar\u0131n g\u00fcncel ya\u015fam\u0131nda , Rehberlik etmede ve di\u011fer \u00f6nemli desteklemelerde yard\u0131mc\u0131 olmak istiyormusunuz?<\/p>\n\n\n\n<figure class=\"wp-block-image alignwide\"><img loading=\"lazy\" decoding=\"async\" width=\"1024\" height=\"512\" src=\"https:\/\/evangelische-beratung.com\/tr\/wp-content\/uploads\/sites\/8\/2019\/08\/SOCIUS_HERO-1024x512.jpg\" alt=\"\" class=\"wp-image-475\" srcset=\"https:\/\/evangelische-beratung.com\/tr\/wp-content\/uploads\/sites\/8\/2019\/08\/SOCIUS_HERO-1024x512.jpg 1024w, https:\/\/evangelische-beratung.com\/tr\/wp-content\/uploads\/sites\/8\/2019\/08\/SOCIUS_HERO-300x150.jpg 300w, https:\/\/evangelische-beratung.com\/tr\/wp-content\/uploads\/sites\/8\/2019\/08\/SOCIUS_HERO-768x384.jpg 768w, https:\/\/evangelische-beratung.com\/tr\/wp-content\/uploads\/sites\/8\/2019\/08\/SOCIUS_HERO.jpg 1840w\" sizes=\"auto, 100vw\" \/><\/figure>\n\n\n\n<p>Fahri SOCIUS-ment\u00f6rlerimiz haftada ortalama iki saat \u00e7al\u0131\u015f\u0131rlar, Ment\u00f6rl\u00fck alan kimseler (Mentees), s\u0131\u011f\u0131nmac\u0131lar ve g\u00f6\u00e7menlere Almanca dersleri verirler, onlara bir meslek e\u011fitimi yeri aramalarda yard\u0131mc\u0131 olurlar ya da devlet dairelerine gitmeleri durumunda onlara refakat\u00e7ilik ve rehberlik  ederler.<\/p>\n\n\n\n<p>Ment\u00f6rler, ikili olarak, Frankfurt&#8217;u birlikte \u015fehri ke\u015ffe \u00e7\u0131karlar veya bo\u015f zamanlar\u0131n\u0131n bir k\u0131sm\u0131n\u0131 birlikte ge\u00e7irirler. Refakat konular\u0131, genellikle Ment\u00f6rl\u00fck alan ki\u015filerin,&nbsp;bireysel ihtiya\u00e7lar\u0131na g\u00f6re olu\u015fturulur. 2012 y\u0131l\u0131ndan beri SOCIUS-Program b\u00fcnyesinde fahri Ment\u00f6rleri e\u011fitiyoruz. SOCIUS-ikilisi  (Ment\u00f6r (Rehber)  ve Mente den olu\u015fur)  bir Uygulama koordinat\u00f6r\u00fc taraf\u0131ndan bilin\u00e7li bir \u015fekilde bir araya getirilir. <\/p>\n\n\n\n<p>SOCIUS-\u0130kilisine , uygulama boyunca, bir bayan Uygulama koordinat\u00f6r\u00fc e\u015flik eder. Bayan Uygulama koordinat\u00f6r\u00fc yo\u011fun bir \u015fekilde, uzman bay\/bayan dan\u0131\u015fmanlarla i\u015fbirli\u011findedir. &nbsp; Ayr\u0131ca Bay\/Bayan Ment\u00f6rler d\u00fczenli ger\u00e7ekle\u015ftirilen grup-s\u00fcperviziyonlar\u0131nda, s\u0131\u011f\u0131nmac\u0131lar ve g\u00f6\u00e7menlerle deneyimlerini, bir fikir al\u0131\u015f veri\u015finde bulunma imkan\u0131na sahipler.<\/p>\n\n\n\n<h2 class=\"wp-block-heading\">Socius-Rehber E\u011fitimi<\/h2>\n\n\n\n<p>Fahri olarak \u00e7al\u0131smak m\u0131 istiyorsunuz ya da SOCIUS-ment\u00f6r olmak m\u0131 istiyorsunuz? SOCIUS-Ment\u00f6r-E\u011fitimi hakk\u0131nda detayl\u0131 bilgi i\u00e7in buray\u0131 Tu\u015flay\u0131n\u0131z.<\/p>\n\n\n<div class=\"wp-block-erv-tile \">\n\t\t\t<div>\n\t\t\t<a href=\"https:\/\/www.efo-magazin.de\/kirche\/wer-wir-sind\/ev-regionalverband\/fachbereich-i-beratung-bildung-jugend\/die-arbeitsbereiche-und-einrichtungen\/socius\/\" tabindex=\"-1\" aria-hidden=\"true\"  target=\"_blank\"><\/a>\n\t\t\t<h2 class=\"tile-title\"><a href=\"https:\/\/www.efo-magazin.de\/kirche\/wer-wir-sind\/ev-regionalverband\/fachbereich-i-beratung-bildung-jugend\/die-arbeitsbereiche-und-einrichtungen\/socius\/\"  target=\"_blank\">www.efo-magazin.de<\/a><\/h2>\n\t\t\t\n\t\t\t<p aria-hidden=\"true\" class=\"-is-micro\">Go to website<svg xmlns=\"http:\/\/www.w3.org\/2000\/svg\" viewBox=\"0 0 13 10\"><path d=\"M1.5 5H12M8 1l4 4-4 4\" fill=\"none\" stroke=\"#a22a45\" stroke-width=\"1.2\" stroke-linecap=\"round\" stroke-linejoin=\"round\"\/><\/svg><\/p>\n\t\t\t<\/div>\n\t\t<\/div>\n\n\n<p style=\"text-align:center\" class=\"is-style-roof-line\"><strong> SOCIUS<\/strong> Uygulama koordinat\u00f6r\u00fc ile ileti\u015fim<\/p>\n\n\n\n<div class=\"wp-block-columns alignwide has-2-columns is-layout-flex wp-container-core-columns-is-layout-9d6595d7 wp-block-columns-is-layout-flex\">\n<div class=\"wp-block-column is-layout-flow wp-block-column-is-layout-flow\">\n<div class=\"wp-block-erv-id-card\"><div class=\"id-card-content\"><figure class=\"id-card-photo\"><img decoding=\"async\" src=\"https:\/\/evangelische-beratung.com\/wp-content\/uploads\/2019\/08\/Silja-Dickemann_Mentorenprogramm-Socius_neu-3-e1576337773912-300x285.jpg\" \/><\/figure><div class=\"id-card-details\"><p class=\"id-card-name\">Silja Dickemann<\/p><p class=\"id-card-job\">Leitung<\/p><p class=\"id-card-location\">Frankfurt<\/p><p class=\"id-card-phone\">069 \/ 53 02 161<\/p><p class=\"id-card-email\"><a href=\"&#x6d;&#x61;&#105;lt&#x6f;&#x3a;&#115;&#105;l&#x6a;&#x61;&#46;&#100;i&#x63;&#x6b;&#x65;&#109;an&#x6e;&#x40;&#102;&#114;a&#x6e;&#x6b;&#102;&#117;r&#x74;&#x2d;&#101;&#118;a&#x6e;&#x67;&#x65;&#108;is&#x63;&#x68;&#46;&#100;e\">E-Mail<\/a><\/p><\/div><\/div><\/div>\n<\/div>\n\n\n\n<div class=\"wp-block-column is-layout-flow wp-block-column-is-layout-flow\">\n<div class=\"wp-block-erv-id-card\"><div class=\"id-card-content\"><figure class=\"id-card-photo\"><img decoding=\"async\" src=\"https:\/\/evangelische-beratung.com\/tr\/wp-content\/uploads\/sites\/8\/2019\/11\/ev-zentrum-am-weissen-stein-_-saskya-photography-00709-e1576337676946-300x279.jpg\" \/><\/figure><div class=\"id-card-details\"><p class=\"id-card-name\">Petra Buschk\u00e4mper<\/p><p class=\"id-card-job\">Sekretariat<\/p><p class=\"id-card-location\">Frankfurt<\/p><p class=\"id-card-phone\">069 \/ 53 02 225<\/p><p class=\"id-card-email\"><a href=\"&#x6d;&#x61;&#x69;&#x6c;&#x74;&#x6f;&#x3a;&#x70;&#x65;&#x74;&#x72;&#x61;&#x2e;&#x62;&#x75;&#x73;&#x63;&#x68;&#x6b;&#x61;&#x65;&#x6d;&#x70;&#x65;&#x72;&#x40;&#x66;&#x72;&#x61;&#x6e;&#x6b;&#x66;&#x75;&#x72;&#x74;&#x2d;&#x65;&#x76;&#x61;&#x6e;&#x67;&#x65;&#x6c;&#x69;&#x73;&#x63;&#x68;&#x2e;&#x64;&#x65;\">E-Mail<\/a><\/p><\/div><\/div><\/div>\n<\/div>\n<\/div>\n","protected":false},"excerpt":{"rendered":"<p>Almanya ya s\u0131\u011f\u0131nan insanlar\u0131n g\u00fcncel ya\u015fam\u0131nda , Rehberlik etmede ve di\u011fer \u00f6nemli desteklemelerde yard\u0131mc\u0131 olmak istiyormusunuz? Fahri SOCIUS-ment\u00f6rlerimiz haftada ortalama iki saat \u00e7al\u0131\u015f\u0131rlar, Ment\u00f6rl\u00fck alan kimseler (Mentees), s\u0131\u011f\u0131nmac\u0131lar ve g\u00f6\u00e7menlere Almanca dersleri verirler, onlara bir meslek e\u011fitimi yeri aramalarda yard\u0131mc\u0131 olurlar ya da devlet dairelerine gitmeleri durumunda onlara refakat\u00e7ilik ve rehberlik ederler. Ment\u00f6rler, ikili olarak, [&hellip;]<\/p>\n","protected":false},"author":5,"featured_media":36,"parent":16,"menu_order":0,"comment_status":"closed","ping_status":"closed","template":"","meta":{"footnotes":""},"class_list":["post-276","page","type-page","status-publish","has-post-thumbnail","hentry"],"yoast_head":"<!-- This site is optimized with the Yoast SEO plugin v27.5 - https:\/\/yoast.com\/product\/yoast-seo-wordpress\/ -->\n<title>Ehrenamt: Begleitung von Gefl\u00fcchteten in deren Alltag in Frankfurt<\/title>\n<meta name=\"description\" content=\"Beim ehrenamtliche Mentorenprogramm SOCIUS k\u00f6nnen Sie gefl\u00fcchteten Menschen in deren Alltag hier in Deutschland begleiten und wichtige Unterst\u00fctzung leisten.\" \/>\n<meta name=\"robots\" content=\"index, follow, max-snippet:-1, max-image-preview:large, max-video-preview:-1\" \/>\n<link rel=\"canonical\" href=\"https:\/\/evangelische-beratung.com\/tr\/migration-flucht\/mentorenprogramm-socius\/\" \/>\n<meta property=\"og:locale\" content=\"tr_TR\" \/>\n<meta property=\"og:type\" content=\"article\" \/>\n<meta property=\"og:title\" content=\"Ehrenamt: Begleitung von Gefl\u00fcchteten in deren Alltag in Frankfurt\" \/>\n<meta property=\"og:description\" content=\"Beim ehrenamtliche Mentorenprogramm SOCIUS k\u00f6nnen Sie gefl\u00fcchteten Menschen in deren Alltag hier in Deutschland begleiten und wichtige Unterst\u00fctzung leisten.\" \/>\n<meta property=\"og:url\" content=\"https:\/\/evangelische-beratung.com\/tr\/migration-flucht\/mentorenprogramm-socius\/\" \/>\n<meta property=\"og:site_name\" content=\"Evangelischer Regionalverband\" \/>\n<meta property=\"article:modified_time\" content=\"2020-04-16T10:38:10+00:00\" \/>\n<meta property=\"og:image\" content=\"https:\/\/evangelische-beratung.com\/tr\/wp-content\/uploads\/sites\/8\/2019\/07\/humberto-chavez-Ilo0ZD5o-q8-unsplash.jpg\" \/>\n\t<meta property=\"og:image:width\" content=\"1800\" \/>\n\t<meta property=\"og:image:height\" content=\"1200\" \/>\n\t<meta property=\"og:image:type\" content=\"image\/jpeg\" \/>\n<meta name=\"twitter:card\" content=\"summary_large_image\" \/>\n<meta name=\"twitter:label1\" content=\"Tahmini okuma s\u00fcresi\" \/>\n\t<meta name=\"twitter:data1\" content=\"1 dakika\" \/>\n<script type=\"application\/ld+json\" class=\"yoast-schema-graph\">{\"@context\":\"https:\\\/\\\/schema.org\",\"@graph\":[{\"@type\":\"WebPage\",\"@id\":\"https:\\\/\\\/evangelische-beratung.com\\\/tr\\\/migration-flucht\\\/mentorenprogramm-socius\\\/\",\"url\":\"https:\\\/\\\/evangelische-beratung.com\\\/tr\\\/migration-flucht\\\/mentorenprogramm-socius\\\/\",\"name\":\"Ehrenamt: Begleitung von Gefl\u00fcchteten in deren Alltag in Frankfurt\",\"isPartOf\":{\"@id\":\"https:\\\/\\\/evangelische-beratung.com\\\/tr\\\/#website\"},\"primaryImageOfPage\":{\"@id\":\"https:\\\/\\\/evangelische-beratung.com\\\/tr\\\/migration-flucht\\\/mentorenprogramm-socius\\\/#primaryimage\"},\"image\":{\"@id\":\"https:\\\/\\\/evangelische-beratung.com\\\/tr\\\/migration-flucht\\\/mentorenprogramm-socius\\\/#primaryimage\"},\"thumbnailUrl\":\"https:\\\/\\\/evangelische-beratung.com\\\/tr\\\/wp-content\\\/uploads\\\/sites\\\/8\\\/2019\\\/07\\\/humberto-chavez-Ilo0ZD5o-q8-unsplash.jpg\",\"datePublished\":\"2019-08-16T13:19:05+00:00\",\"dateModified\":\"2020-04-16T10:38:10+00:00\",\"description\":\"Beim ehrenamtliche Mentorenprogramm SOCIUS k\u00f6nnen Sie gefl\u00fcchteten Menschen in deren Alltag hier in Deutschland begleiten und wichtige Unterst\u00fctzung leisten.\",\"breadcrumb\":{\"@id\":\"https:\\\/\\\/evangelische-beratung.com\\\/tr\\\/migration-flucht\\\/mentorenprogramm-socius\\\/#breadcrumb\"},\"inLanguage\":\"tr\",\"potentialAction\":[{\"@type\":\"ReadAction\",\"target\":[\"https:\\\/\\\/evangelische-beratung.com\\\/tr\\\/migration-flucht\\\/mentorenprogramm-socius\\\/\"]}]},{\"@type\":\"ImageObject\",\"inLanguage\":\"tr\",\"@id\":\"https:\\\/\\\/evangelische-beratung.com\\\/tr\\\/migration-flucht\\\/mentorenprogramm-socius\\\/#primaryimage\",\"url\":\"https:\\\/\\\/evangelische-beratung.com\\\/tr\\\/wp-content\\\/uploads\\\/sites\\\/8\\\/2019\\\/07\\\/humberto-chavez-Ilo0ZD5o-q8-unsplash.jpg\",\"contentUrl\":\"https:\\\/\\\/evangelische-beratung.com\\\/tr\\\/wp-content\\\/uploads\\\/sites\\\/8\\\/2019\\\/07\\\/humberto-chavez-Ilo0ZD5o-q8-unsplash.jpg\",\"width\":1800,\"height\":1200},{\"@type\":\"BreadcrumbList\",\"@id\":\"https:\\\/\\\/evangelische-beratung.com\\\/tr\\\/migration-flucht\\\/mentorenprogramm-socius\\\/#breadcrumb\",\"itemListElement\":[{\"@type\":\"ListItem\",\"position\":1,\"name\":\"Startseite\",\"item\":\"https:\\\/\\\/evangelische-beratung.com\\\/tr\\\/\"},{\"@type\":\"ListItem\",\"position\":2,\"name\":\"G\u00f6\u00e7 ve S\u0131\u011f\u0131nma\",\"item\":\"https:\\\/\\\/evangelische-beratung.com\\\/tr\\\/migration-flucht\\\/\"},{\"@type\":\"ListItem\",\"position\":3,\"name\":\"Ment\u00f6r program\u0131 SOCIUS\"}]},{\"@type\":\"WebSite\",\"@id\":\"https:\\\/\\\/evangelische-beratung.com\\\/tr\\\/#website\",\"url\":\"https:\\\/\\\/evangelische-beratung.com\\\/tr\\\/\",\"name\":\"Evangelischer Regionalverband\",\"description\":\"\",\"publisher\":{\"@id\":\"https:\\\/\\\/evangelische-beratung.com\\\/tr\\\/#organization\"},\"potentialAction\":[{\"@type\":\"SearchAction\",\"target\":{\"@type\":\"EntryPoint\",\"urlTemplate\":\"https:\\\/\\\/evangelische-beratung.com\\\/tr\\\/?s={search_term_string}\"},\"query-input\":{\"@type\":\"PropertyValueSpecification\",\"valueRequired\":true,\"valueName\":\"search_term_string\"}}],\"inLanguage\":\"tr\"},{\"@type\":\"Organization\",\"@id\":\"https:\\\/\\\/evangelische-beratung.com\\\/tr\\\/#organization\",\"name\":\"Evangelischer Regionalverband Frankfurt und Offenbach\",\"url\":\"https:\\\/\\\/evangelische-beratung.com\\\/tr\\\/\",\"logo\":{\"@type\":\"ImageObject\",\"inLanguage\":\"tr\",\"@id\":\"https:\\\/\\\/evangelische-beratung.com\\\/tr\\\/#\\\/schema\\\/logo\\\/image\\\/\",\"url\":\"https:\\\/\\\/evangelische-beratung.com\\\/tr\\\/wp-content\\\/uploads\\\/sites\\\/8\\\/2019\\\/10\\\/erv-logo.png\",\"contentUrl\":\"https:\\\/\\\/evangelische-beratung.com\\\/tr\\\/wp-content\\\/uploads\\\/sites\\\/8\\\/2019\\\/10\\\/erv-logo.png\",\"width\":1127,\"height\":595,\"caption\":\"Evangelischer Regionalverband Frankfurt und Offenbach\"},\"image\":{\"@id\":\"https:\\\/\\\/evangelische-beratung.com\\\/tr\\\/#\\\/schema\\\/logo\\\/image\\\/\"}}]}<\/script>\n<!-- \/ Yoast SEO plugin. -->","yoast_head_json":{"title":"Ehrenamt: Begleitung von Gefl\u00fcchteten in deren Alltag in Frankfurt","description":"Beim ehrenamtliche Mentorenprogramm SOCIUS k\u00f6nnen Sie gefl\u00fcchteten Menschen in deren Alltag hier in Deutschland begleiten und wichtige Unterst\u00fctzung leisten.","robots":{"index":"index","follow":"follow","max-snippet":"max-snippet:-1","max-image-preview":"max-image-preview:large","max-video-preview":"max-video-preview:-1"},"canonical":"https:\/\/evangelische-beratung.com\/tr\/migration-flucht\/mentorenprogramm-socius\/","og_locale":"tr_TR","og_type":"article","og_title":"Ehrenamt: Begleitung von Gefl\u00fcchteten in deren Alltag in Frankfurt","og_description":"Beim ehrenamtliche Mentorenprogramm SOCIUS k\u00f6nnen Sie gefl\u00fcchteten Menschen in deren Alltag hier in Deutschland begleiten und wichtige Unterst\u00fctzung leisten.","og_url":"https:\/\/evangelische-beratung.com\/tr\/migration-flucht\/mentorenprogramm-socius\/","og_site_name":"Evangelischer Regionalverband","article_modified_time":"2020-04-16T10:38:10+00:00","og_image":[{"width":1800,"height":1200,"url":"https:\/\/evangelische-beratung.com\/tr\/wp-content\/uploads\/sites\/8\/2019\/07\/humberto-chavez-Ilo0ZD5o-q8-unsplash.jpg","type":"image\/jpeg"}],"twitter_card":"summary_large_image","twitter_misc":{"Tahmini okuma s\u00fcresi":"1 dakika"},"schema":{"@context":"https:\/\/schema.org","@graph":[{"@type":"WebPage","@id":"https:\/\/evangelische-beratung.com\/tr\/migration-flucht\/mentorenprogramm-socius\/","url":"https:\/\/evangelische-beratung.com\/tr\/migration-flucht\/mentorenprogramm-socius\/","name":"Ehrenamt: Begleitung von Gefl\u00fcchteten in deren Alltag in Frankfurt","isPartOf":{"@id":"https:\/\/evangelische-beratung.com\/tr\/#website"},"primaryImageOfPage":{"@id":"https:\/\/evangelische-beratung.com\/tr\/migration-flucht\/mentorenprogramm-socius\/#primaryimage"},"image":{"@id":"https:\/\/evangelische-beratung.com\/tr\/migration-flucht\/mentorenprogramm-socius\/#primaryimage"},"thumbnailUrl":"https:\/\/evangelische-beratung.com\/tr\/wp-content\/uploads\/sites\/8\/2019\/07\/humberto-chavez-Ilo0ZD5o-q8-unsplash.jpg","datePublished":"2019-08-16T13:19:05+00:00","dateModified":"2020-04-16T10:38:10+00:00","description":"Beim ehrenamtliche Mentorenprogramm SOCIUS k\u00f6nnen Sie gefl\u00fcchteten Menschen in deren Alltag hier in Deutschland begleiten und wichtige Unterst\u00fctzung leisten.","breadcrumb":{"@id":"https:\/\/evangelische-beratung.com\/tr\/migration-flucht\/mentorenprogramm-socius\/#breadcrumb"},"inLanguage":"tr","potentialAction":[{"@type":"ReadAction","target":["https:\/\/evangelische-beratung.com\/tr\/migration-flucht\/mentorenprogramm-socius\/"]}]},{"@type":"ImageObject","inLanguage":"tr","@id":"https:\/\/evangelische-beratung.com\/tr\/migration-flucht\/mentorenprogramm-socius\/#primaryimage","url":"https:\/\/evangelische-beratung.com\/tr\/wp-content\/uploads\/sites\/8\/2019\/07\/humberto-chavez-Ilo0ZD5o-q8-unsplash.jpg","contentUrl":"https:\/\/evangelische-beratung.com\/tr\/wp-content\/uploads\/sites\/8\/2019\/07\/humberto-chavez-Ilo0ZD5o-q8-unsplash.jpg","width":1800,"height":1200},{"@type":"BreadcrumbList","@id":"https:\/\/evangelische-beratung.com\/tr\/migration-flucht\/mentorenprogramm-socius\/#breadcrumb","itemListElement":[{"@type":"ListItem","position":1,"name":"Startseite","item":"https:\/\/evangelische-beratung.com\/tr\/"},{"@type":"ListItem","position":2,"name":"G\u00f6\u00e7 ve S\u0131\u011f\u0131nma","item":"https:\/\/evangelische-beratung.com\/tr\/migration-flucht\/"},{"@type":"ListItem","position":3,"name":"Ment\u00f6r program\u0131 SOCIUS"}]},{"@type":"WebSite","@id":"https:\/\/evangelische-beratung.com\/tr\/#website","url":"https:\/\/evangelische-beratung.com\/tr\/","name":"Evangelischer Regionalverband","description":"","publisher":{"@id":"https:\/\/evangelische-beratung.com\/tr\/#organization"},"potentialAction":[{"@type":"SearchAction","target":{"@type":"EntryPoint","urlTemplate":"https:\/\/evangelische-beratung.com\/tr\/?s={search_term_string}"},"query-input":{"@type":"PropertyValueSpecification","valueRequired":true,"valueName":"search_term_string"}}],"inLanguage":"tr"},{"@type":"Organization","@id":"https:\/\/evangelische-beratung.com\/tr\/#organization","name":"Evangelischer Regionalverband Frankfurt und Offenbach","url":"https:\/\/evangelische-beratung.com\/tr\/","logo":{"@type":"ImageObject","inLanguage":"tr","@id":"https:\/\/evangelische-beratung.com\/tr\/#\/schema\/logo\/image\/","url":"https:\/\/evangelische-beratung.com\/tr\/wp-content\/uploads\/sites\/8\/2019\/10\/erv-logo.png","contentUrl":"https:\/\/evangelische-beratung.com\/tr\/wp-content\/uploads\/sites\/8\/2019\/10\/erv-logo.png","width":1127,"height":595,"caption":"Evangelischer Regionalverband Frankfurt und Offenbach"},"image":{"@id":"https:\/\/evangelische-beratung.com\/tr\/#\/schema\/logo\/image\/"}}]}},"_links":{"self":[{"href":"https:\/\/evangelische-beratung.com\/tr\/wp-json\/wp\/v2\/pages\/276","targetHints":{"allow":["GET"]}}],"collection":[{"href":"https:\/\/evangelische-beratung.com\/tr\/wp-json\/wp\/v2\/pages"}],"about":[{"href":"https:\/\/evangelische-beratung.com\/tr\/wp-json\/wp\/v2\/types\/page"}],"author":[{"embeddable":true,"href":"https:\/\/evangelische-beratung.com\/tr\/wp-json\/wp\/v2\/users\/5"}],"replies":[{"embeddable":true,"href":"https:\/\/evangelische-beratung.com\/tr\/wp-json\/wp\/v2\/comments?post=276"}],"version-history":[{"count":4,"href":"https:\/\/evangelische-beratung.com\/tr\/wp-json\/wp\/v2\/pages\/276\/revisions"}],"predecessor-version":[{"id":1568,"href":"https:\/\/evangelische-beratung.com\/tr\/wp-json\/wp\/v2\/pages\/276\/revisions\/1568"}],"up":[{"embeddable":true,"href":"https:\/\/evangelische-beratung.com\/tr\/wp-json\/wp\/v2\/pages\/16"}],"wp:featuredmedia":[{"embeddable":true,"href":"https:\/\/evangelische-beratung.com\/tr\/wp-json\/wp\/v2\/media\/36"}],"wp:attachment":[{"href":"https:\/\/evangelische-beratung.com\/tr\/wp-json\/wp\/v2\/media?parent=276"}],"curies":[{"name":"wp","href":"https:\/\/api.w.org\/{rel}","templated":true}]}}