{"id":246,"date":"2019-08-16T12:58:04","date_gmt":"2019-08-16T10:58:04","guid":{"rendered":"https:\/\/evangelische-beratung.com\/tr\/?page_id=246"},"modified":"2020-03-27T09:41:06","modified_gmt":"2020-03-27T08:41:06","slug":"angehoerigenberatung","status":"publish","type":"page","link":"https:\/\/evangelische-beratung.com\/tr\/sucht\/angehoerigenberatung\/","title":{"rendered":"Ba\u011f\u0131ml\u0131 ki\u015fi ailelerine dan\u0131\u015fmanl\u0131k hizmeti"},"content":{"rendered":"\n<p class=\"is-style-teaser\"> Ba\u011f\u0131ml\u0131l\u0131k, ayn\u0131 zamanda ba\u011f\u0131ml\u0131n\u0131n sosyal \u00e7evresini de etkiler. Ba\u011f\u0131ml\u0131 yak\u0131nlar\u0131na, ba\u011f\u0131ml\u0131l\u0131k ile ilgili konularda, de\u011ferli Bilgilendirici ve y\u00f6nlendirici dan\u0131\u015fmanl\u0131k hizmet ve yard\u0131mlar\u0131 sunuyoruz. A\u015fa\u011f\u0131da sunulan \u00f6rnek Konularda bize ula\u015f\u0131n:<\/p>\n\n\n\n<ul class=\"wp-block-list\"><li>Ailenizde Ba\u011f\u0131ml\u0131 olan biri var m\u0131?<\/li><li>Ya\u015fam\u0131n\u0131z \u00e7\u0131\u011f\u0131r\u0131ndan \u00e7\u0131km\u0131s gibi g\u00f6r\u00fcn\u00fcyorsa? <\/li><li>Ba\u011f\u0131ml\u0131n\u0131n ailesi olarak, Ba\u011f\u0131ml\u0131ya yard\u0131m etmek icin, elinizden gelecek her\u015feyi yapt\u0131n\u0131z?  Konu hakk\u0131nda, ona Yalvar\u0131p yakard\u0131n\u0131z, tehditlerde bulundunuz, ba\u011f\u0131r\u0131p \u00e7a\u011f\u0131rd\u0131n\u0131z ve daha nice \u015feyleri denediniz?<\/li><li>Halende, B\u0131rakma Vaatlerine, inanmaya devamm\u0131 ediyorsunuz? <\/li><li> Kendinizi &#8220;yanl\u0131\u015f bir \u015fey yapt\u0131m&#8221; diye su\u00e7luyorsan\u0131z?  <\/li><li>E\u015finiz veya \u00e7ocu\u011funuzun ba\u011f\u0131ml\u0131 hale gelmesinden, kendinizi sorumlu tutuyorsan\u0131z? <\/li><li>Halen, Umut etme ile s\u00fcrekli Hayal k\u0131r\u0131kl\u0131\u011f\u0131 ve \u00e7aresizlik duygusu aras\u0131 d\u00fc\u015f\u00fcnceleri ya\u015f\u0131yorsan\u0131z?  <\/li><li>Ya\u015fam Korkusu, \u00f6fke, durumu oldu\u011fu gibi kabullenme ve \u00e7aresizlik duygunuz varsa?<\/li><li>Bazen, kendinizi y\u0131lg\u0131n ve bitkin hissediyorsan\u0131z?  <\/li><li>Ya\u015fam\u0131n\u0131z, ba\u011f\u0131ml\u0131 yak\u0131n\u0131n\u0131za odaklanm\u0131\u015fsa?<\/li><\/ul>\n\n\n\n<p>Ba\u011f\u0131ml\u0131l\u0131k hastal\u0131\u011f\u0131 g\u00fcncel hayat\u0131 belirledi\u011finde,  \u015fiddetli maddi ve manevi sorunlara yol a\u00e7ar.  Bundan, Ba\u011f\u0131ml\u0131nin Ki\u015finin, Genel sosyal \u00e7evresi de etkilenir: Ba\u011f\u0131ml\u0131n\u0131n Yalanlar\u0131, sorumsuzluklar\u0131 veya bor\u00e7lanmalar\u0131 nedeniyle,  Aileye, E\u015flere veya sosyal \u00e7evreye, ciddi psikolojik ve ekonomik bask\u0131lara sebep olur. B\u00f6ylesi durumlarda, Ba\u011f\u0131ml\u0131n\u0131n sosyal \u00e7evresi ve ailesi olarak, kendilerine daha fazla dikkat etmeleri gerekir.&nbsp;<\/p>\n\n\n\n<p>Size, Ba\u011f\u0131ml\u0131 yak\u0131n\u0131, (veya Ba\u011f\u0131ml\u0131nin Ki\u015finin, sosyal \u00e7evresine) olarak, ba\u011f\u0131ml\u0131l\u0131k ile ilgili konularda, ki\u015fisel ve bireysel dan\u0131\u015fmanl\u0131k hizmeti sunuyoruz.<\/p>\n\n\n\n<p> Ayr\u0131ca bir \u201cAile at\u00f6lyesi\u201d sunuyoruz. Sunulan \u201cAile at\u00f6lyesi\u201d yakla\u015f\u0131k her alt\u0131 haftada bir ger\u00e7ekle\u015fir. Aile At\u00f6lyesi kat\u0131l\u0131mc\u0131lar\u0131n\u0131n say\u0131s\u0131 alt\u0131 ile on aras\u0131nda de\u011fi\u015fir. &#8220;Aile At\u00f6lyesi\u201d deneyimli Bay\/Bayan iki Uzman taraf\u0131ndan y\u00f6netilir.&nbsp;<\/p>\n\n\n\n<div class=\"wp-block-erv-download -show-file-extension\"><span aria-hidden=\"true\"><span class=\"file-extension\">pdf<\/span><\/span><div class=\"title-and-description\"><p class=\"download-title -inverted-link-style\"><a href=\"https:\/\/evangelische-beratung.com\/tr\/wp-content\/uploads\/sites\/8\/2020\/01\/Faltblatt-Fachberater-Sucht-Angehoerigenworkshop-2019-Allgemein-Ohne-Termin.pdf\" target=\"_blank\" rel=\"noopener noreferrer\">Flyer Angeh\u00f6rigenworkshop<\/a><\/p><p class=\"download-description\"><\/p><\/div><\/div>\n\n\n\n<p style=\"text-align:center\" class=\"is-style-roof-line\">\u201cAile At\u00f6lyesi\u201d nin g\u00fcncel Randevular\u0131 i\u00e7in bize ula\u015f\u0131n<\/p>\n\n\n\n<div class=\"wp-block-columns alignwide has-3-columns is-layout-flex wp-container-core-columns-is-layout-9d6595d7 wp-block-columns-is-layout-flex\">\n<div class=\"wp-block-column is-layout-flow wp-block-column-is-layout-flow\">\n<div class=\"wp-block-erv-id-card\"><div class=\"id-card-content\"><figure class=\"id-card-photo\"><img decoding=\"async\" src=\"https:\/\/evangelische-beratung.com\/wp-content\/uploads\/2019\/08\/Monika-Schiemann_Verwaltung-Suchtberatung-300x200.jpg\" \/><\/figure><div class=\"id-card-details\"><p class=\"id-card-name\">Monika Schiemann<\/p><p class=\"id-card-job\">Sekretariat &amp; Anmeldung<\/p><p class=\"id-card-location\">Frankfurt<\/p><p class=\"id-card-phone\">069 \/ 53 02 302 <\/p><p class=\"id-card-email\"><a href=\"&#x6d;a&#x69;&#108;&#x74;&#111;&#x3a;&#x73;u&#x63;&#104;&#x74;&#98;&#x65;&#114;a&#x74;&#117;&#x6e;&#103;&#x40;&#102;r&#x61;&#110;&#x6b;&#102;&#x75;&#114;t&#x2d;e&#x76;&#97;&#x6e;&#103;e&#x6c;i&#x73;&#99;&#x68;&#46;d&#x65;\">E-Mail<\/a><\/p><\/div><\/div><\/div>\n\n\n\n<div class=\"wp-block-erv-id-card\"><div class=\"id-card-content\"><figure class=\"id-card-photo\"><img decoding=\"async\" src=\"https:\/\/evangelische-beratung.com\/wp-content\/uploads\/2020\/01\/portrait_platzhalter-1-300x300.jpg\"\/><\/figure><div class=\"id-card-details\"><p class=\"id-card-name\">Katrin Werland<\/p><p class=\"id-card-job\">Beratung &amp; Therapie<\/p><p class=\"id-card-location\">Frankfurt<\/p><p class=\"id-card-phone\">069 \/ 53 02 305<\/p><p class=\"id-card-email\"><a href=\"&#x6d;&#x61;&#x69;&#x6c;&#x74;&#x6f;&#x3a;&#x6b;&#x61;&#x74;&#x72;&#x69;&#x6e;&#x2e;&#x77;&#x65;&#x72;&#x6c;&#x61;&#x6e;&#x64;&#x40;&#102;&#114;&#97;&#110;&#107;&#102;&#117;&#114;&#116;&#45;&#101;&#118;&#97;&#110;&#103;elisch&#46;de\">E-Mail<\/a><\/p><\/div><\/div><\/div>\n\n\n\n<div class=\"wp-block-erv-id-card\"><div class=\"id-card-content\"><figure class=\"id-card-photo\"><img decoding=\"async\" src=\"https:\/\/evangelische-beratung.com\/wp-content\/uploads\/2019\/08\/beate-fuchs_suchtberatung-hoechst-e1576424435131-300x268.jpg\" \/><\/figure><div class=\"id-card-details\"><p class=\"id-card-name\">Beate Fuchs<\/p><p class=\"id-card-job\">Beratung<\/p><p class=\"id-card-location\">H\u00f6chst<\/p><p class=\"id-card-phone\">069 \/ 75 93 672 60<\/p><p class=\"id-card-email\"><a href=\"&#x6d;&#x61;&#105;l&#x74;&#x6f;&#58;be&#x61;&#x74;&#101;&#46;&#x66;&#x75;&#99;&#104;s&#x40;&#x66;&#114;a&#x6e;&#x6b;&#102;&#117;r&#x74;&#x2d;&#101;v&#x61;&#x6e;&#103;&#101;l&#x69;&#x73;&#99;h&#x2e;&#x64;&#101;\">E-Mail<\/a><\/p><\/div><\/div><\/div>\n<\/div>\n\n\n\n<div class=\"wp-block-column is-layout-flow wp-block-column-is-layout-flow\">\n<div class=\"wp-block-erv-id-card\"><div class=\"id-card-content\"><figure class=\"id-card-photo\"><img decoding=\"async\" src=\"https:\/\/evangelische-beratung.com\/wp-content\/uploads\/2025\/04\/portrait_platzhalter-1-300x300-1.jpg\" \/><\/figure><div class=\"id-card-details\"><p class=\"id-card-name\">N. N. <\/p><p class=\"id-card-job\">Leitung<\/p><p class=\"id-card-location\">Frankfurt<\/p><p class=\"id-card-phone\">069 \/ 53 02 301<\/p><p class=\"id-card-email\"><a href=\"&#109;a&#x69;l&#x74;o&#x3a;&#115;&#x75;&#99;&#x68;&#116;b&#x65;r&#x61;t&#x75;&#110;&#x67;&#64;&#x66;&#114;&#x61;&#110;k&#x66;u&#x72;t&#x2d;&#101;&#x76;&#97;&#x6e;&#103;&#x65;&#108;i&#x73;c&#x68;&#46;&#x64;&#101;\">E-Mail<\/a><\/p><\/div><\/div><\/div>\n\n\n\n<div class=\"wp-block-erv-id-card\"><div class=\"id-card-content\"><figure class=\"id-card-photo\"><img decoding=\"async\" src=\"https:\/\/evangelische-beratung.com\/wp-content\/uploads\/2020\/01\/Ralf-Hoelzel_Suchtberatung-300x300.jpg\" \/><\/figure><div class=\"id-card-details\"><p class=\"id-card-name\">Ralf H\u00f6lzel<\/p><p class=\"id-card-job\">Fachberater Gl\u00fccksspiel<\/p><p class=\"id-card-location\">Frankfurt<\/p><p class=\"id-card-phone\">069 \/ 53 02 306<\/p><p class=\"id-card-email\"><a href=\"m&#97;&#x69;&#x6c;t&#111;&#x3a;&#x72;a&#108;&#102;&#x2e;&#x68;o&#101;&#x6c;&#x7a;e&#108;&#x40;&#x66;r&#97;&#110;&#x6b;&#x66;u&#114;&#x74;&#x2d;e&#118;&#x61;&#x6e;g&#101;&#108;&#x69;&#x73;c&#104;&#x2e;&#x64;e\">E-Mail<\/a><\/p><\/div><\/div><\/div>\n<\/div>\n\n\n\n<div class=\"wp-block-column is-layout-flow wp-block-column-is-layout-flow\">\n<div class=\"wp-block-erv-id-card\"><div class=\"id-card-content\"><figure class=\"id-card-photo\"><img decoding=\"async\" src=\"https:\/\/evangelische-beratung.com\/wp-content\/uploads\/2020\/01\/portrait_platzhalter-1-300x300.jpg\"\/><\/figure><div class=\"id-card-details\"><p class=\"id-card-name\">Anzhelina Blum<\/p><p class=\"id-card-job\">Beratung &amp; Therapie<\/p><p class=\"id-card-location\">Frankfurt<\/p><p class=\"id-card-phone\">069 \/ 53 02 303<\/p><p class=\"id-card-email\"><a href=\"m&#97;&#105;&#x6c;&#x74;&#x6f;:a&#110;&#122;&#x68;&#x65;&#x6c;i&#110;&#97;&#46;&#x62;&#x6c;&#x75;m&#64;&#102;&#x72;&#x61;&#x6e;kf&#117;&#114;&#x74;&#x2d;&#x65;v&#97;&#110;&#103;&#x65;&#x6c;&#x69;s&#99;&#104;&#x2e;&#x64;&#x65;\">E-Mail<\/a><\/p><\/div><\/div><\/div>\n\n\n\n<div class=\"wp-block-erv-id-card\"><div class=\"id-card-content\"><figure class=\"id-card-photo\"><img decoding=\"async\" src=\"https:\/\/evangelische-beratung.com\/wp-content\/uploads\/2020\/02\/Veit-Wennhak_2-300x200.jpg\" \/><\/figure><div class=\"id-card-details\"><p class=\"id-card-name\">Veit Wennhak <\/p><p class=\"id-card-job\">Fachberater Gl\u00fccksspiel<\/p><p class=\"id-card-location\">Frankfurt<\/p><p class=\"id-card-phone\">069 \/ 53 02 307<\/p><p class=\"id-card-email\"><a href=\"m&#97;&#105;&#x6c;&#x74;&#x6f;&#x3a;v&#101;&#105;&#116;&#x2e;&#x77;&#x65;nn&#104;&#97;&#x6b;&#x40;&#x66;ra&#110;&#107;&#x66;&#x75;&#x72;t-&#101;&#118;&#x61;&#x6e;&#x67;el&#105;&#115;&#x63;&#x68;&#x2e;de\">E-Mail<\/a><\/p><\/div><\/div><\/div>\n<\/div>\n<\/div>\n","protected":false},"excerpt":{"rendered":"<p>Ba\u011f\u0131ml\u0131l\u0131k, ayn\u0131 zamanda ba\u011f\u0131ml\u0131n\u0131n sosyal \u00e7evresini de etkiler. Ba\u011f\u0131ml\u0131 yak\u0131nlar\u0131na, ba\u011f\u0131ml\u0131l\u0131k ile ilgili konularda, de\u011ferli Bilgilendirici ve y\u00f6nlendirici dan\u0131\u015fmanl\u0131k hizmet ve yard\u0131mlar\u0131 sunuyoruz. A\u015fa\u011f\u0131da sunulan \u00f6rnek Konularda bize ula\u015f\u0131n: Ailenizde Ba\u011f\u0131ml\u0131 olan biri var m\u0131? Ya\u015fam\u0131n\u0131z \u00e7\u0131\u011f\u0131r\u0131ndan \u00e7\u0131km\u0131s gibi g\u00f6r\u00fcn\u00fcyorsa? Ba\u011f\u0131ml\u0131n\u0131n ailesi olarak, Ba\u011f\u0131ml\u0131ya yard\u0131m etmek icin, elinizden gelecek her\u015feyi yapt\u0131n\u0131z? Konu hakk\u0131nda, ona Yalvar\u0131p [&hellip;]<\/p>\n","protected":false},"author":3,"featured_media":0,"parent":37,"menu_order":0,"comment_status":"closed","ping_status":"closed","template":"","meta":{"footnotes":""},"class_list":["post-246","page","type-page","status-publish","hentry"],"yoast_head":"<!-- This site is optimized with the Yoast SEO plugin v27.5 - https:\/\/yoast.com\/product\/yoast-seo-wordpress\/ -->\n<title>Angeh\u00f6rigenberatung rund um das Thema Sucht in Frankfurt<\/title>\n<meta name=\"description\" content=\"Wir bieten Angeh\u00f6rigen wertvolle Beratung und Hilfe zum Thema Umgang mit Sucht. Aktuelle Termine geben Ihnen unsere Fachberater gerne bekannt.\" \/>\n<meta name=\"robots\" content=\"index, follow, max-snippet:-1, max-image-preview:large, max-video-preview:-1\" \/>\n<link rel=\"canonical\" href=\"https:\/\/evangelische-beratung.com\/tr\/sucht\/angehoerigenberatung\/\" \/>\n<meta property=\"og:locale\" content=\"tr_TR\" \/>\n<meta property=\"og:type\" content=\"article\" \/>\n<meta property=\"og:title\" content=\"Angeh\u00f6rigenberatung rund um das Thema Sucht in Frankfurt\" \/>\n<meta property=\"og:description\" content=\"Wir bieten Angeh\u00f6rigen wertvolle Beratung und Hilfe zum Thema Umgang mit Sucht. Aktuelle Termine geben Ihnen unsere Fachberater gerne bekannt.\" \/>\n<meta property=\"og:url\" content=\"https:\/\/evangelische-beratung.com\/tr\/sucht\/angehoerigenberatung\/\" \/>\n<meta property=\"og:site_name\" content=\"Evangelischer Regionalverband\" \/>\n<meta property=\"article:modified_time\" content=\"2020-03-27T08:41:06+00:00\" \/>\n<meta name=\"twitter:card\" content=\"summary_large_image\" \/>\n<meta name=\"twitter:label1\" content=\"Tahmini okuma s\u00fcresi\" \/>\n\t<meta name=\"twitter:data1\" content=\"2 dakika\" \/>\n<script type=\"application\/ld+json\" class=\"yoast-schema-graph\">{\"@context\":\"https:\\\/\\\/schema.org\",\"@graph\":[{\"@type\":\"WebPage\",\"@id\":\"https:\\\/\\\/evangelische-beratung.com\\\/tr\\\/sucht\\\/angehoerigenberatung\\\/\",\"url\":\"https:\\\/\\\/evangelische-beratung.com\\\/tr\\\/sucht\\\/angehoerigenberatung\\\/\",\"name\":\"Angeh\u00f6rigenberatung rund um das Thema Sucht in Frankfurt\",\"isPartOf\":{\"@id\":\"https:\\\/\\\/evangelische-beratung.com\\\/tr\\\/#website\"},\"datePublished\":\"2019-08-16T10:58:04+00:00\",\"dateModified\":\"2020-03-27T08:41:06+00:00\",\"description\":\"Wir bieten Angeh\u00f6rigen wertvolle Beratung und Hilfe zum Thema Umgang mit Sucht. Aktuelle Termine geben Ihnen unsere Fachberater gerne bekannt.\",\"breadcrumb\":{\"@id\":\"https:\\\/\\\/evangelische-beratung.com\\\/tr\\\/sucht\\\/angehoerigenberatung\\\/#breadcrumb\"},\"inLanguage\":\"tr\",\"potentialAction\":[{\"@type\":\"ReadAction\",\"target\":[\"https:\\\/\\\/evangelische-beratung.com\\\/tr\\\/sucht\\\/angehoerigenberatung\\\/\"]}]},{\"@type\":\"BreadcrumbList\",\"@id\":\"https:\\\/\\\/evangelische-beratung.com\\\/tr\\\/sucht\\\/angehoerigenberatung\\\/#breadcrumb\",\"itemListElement\":[{\"@type\":\"ListItem\",\"position\":1,\"name\":\"Startseite\",\"item\":\"https:\\\/\\\/evangelische-beratung.com\\\/tr\\\/\"},{\"@type\":\"ListItem\",\"position\":2,\"name\":\"Ba\u011f\u0131ml\u0131l\u0131k\",\"item\":\"https:\\\/\\\/evangelische-beratung.com\\\/tr\\\/sucht\\\/\"},{\"@type\":\"ListItem\",\"position\":3,\"name\":\"Ba\u011f\u0131ml\u0131 ki\u015fi ailelerine dan\u0131\u015fmanl\u0131k hizmeti\"}]},{\"@type\":\"WebSite\",\"@id\":\"https:\\\/\\\/evangelische-beratung.com\\\/tr\\\/#website\",\"url\":\"https:\\\/\\\/evangelische-beratung.com\\\/tr\\\/\",\"name\":\"Evangelischer Regionalverband\",\"description\":\"\",\"publisher\":{\"@id\":\"https:\\\/\\\/evangelische-beratung.com\\\/tr\\\/#organization\"},\"potentialAction\":[{\"@type\":\"SearchAction\",\"target\":{\"@type\":\"EntryPoint\",\"urlTemplate\":\"https:\\\/\\\/evangelische-beratung.com\\\/tr\\\/?s={search_term_string}\"},\"query-input\":{\"@type\":\"PropertyValueSpecification\",\"valueRequired\":true,\"valueName\":\"search_term_string\"}}],\"inLanguage\":\"tr\"},{\"@type\":\"Organization\",\"@id\":\"https:\\\/\\\/evangelische-beratung.com\\\/tr\\\/#organization\",\"name\":\"Evangelischer Regionalverband Frankfurt und Offenbach\",\"url\":\"https:\\\/\\\/evangelische-beratung.com\\\/tr\\\/\",\"logo\":{\"@type\":\"ImageObject\",\"inLanguage\":\"tr\",\"@id\":\"https:\\\/\\\/evangelische-beratung.com\\\/tr\\\/#\\\/schema\\\/logo\\\/image\\\/\",\"url\":\"https:\\\/\\\/evangelische-beratung.com\\\/tr\\\/wp-content\\\/uploads\\\/sites\\\/8\\\/2019\\\/10\\\/erv-logo.png\",\"contentUrl\":\"https:\\\/\\\/evangelische-beratung.com\\\/tr\\\/wp-content\\\/uploads\\\/sites\\\/8\\\/2019\\\/10\\\/erv-logo.png\",\"width\":1127,\"height\":595,\"caption\":\"Evangelischer Regionalverband Frankfurt und Offenbach\"},\"image\":{\"@id\":\"https:\\\/\\\/evangelische-beratung.com\\\/tr\\\/#\\\/schema\\\/logo\\\/image\\\/\"}}]}<\/script>\n<!-- \/ Yoast SEO plugin. -->","yoast_head_json":{"title":"Angeh\u00f6rigenberatung rund um das Thema Sucht in Frankfurt","description":"Wir bieten Angeh\u00f6rigen wertvolle Beratung und Hilfe zum Thema Umgang mit Sucht. Aktuelle Termine geben Ihnen unsere Fachberater gerne bekannt.","robots":{"index":"index","follow":"follow","max-snippet":"max-snippet:-1","max-image-preview":"max-image-preview:large","max-video-preview":"max-video-preview:-1"},"canonical":"https:\/\/evangelische-beratung.com\/tr\/sucht\/angehoerigenberatung\/","og_locale":"tr_TR","og_type":"article","og_title":"Angeh\u00f6rigenberatung rund um das Thema Sucht in Frankfurt","og_description":"Wir bieten Angeh\u00f6rigen wertvolle Beratung und Hilfe zum Thema Umgang mit Sucht. Aktuelle Termine geben Ihnen unsere Fachberater gerne bekannt.","og_url":"https:\/\/evangelische-beratung.com\/tr\/sucht\/angehoerigenberatung\/","og_site_name":"Evangelischer Regionalverband","article_modified_time":"2020-03-27T08:41:06+00:00","twitter_card":"summary_large_image","twitter_misc":{"Tahmini okuma s\u00fcresi":"2 dakika"},"schema":{"@context":"https:\/\/schema.org","@graph":[{"@type":"WebPage","@id":"https:\/\/evangelische-beratung.com\/tr\/sucht\/angehoerigenberatung\/","url":"https:\/\/evangelische-beratung.com\/tr\/sucht\/angehoerigenberatung\/","name":"Angeh\u00f6rigenberatung rund um das Thema Sucht in Frankfurt","isPartOf":{"@id":"https:\/\/evangelische-beratung.com\/tr\/#website"},"datePublished":"2019-08-16T10:58:04+00:00","dateModified":"2020-03-27T08:41:06+00:00","description":"Wir bieten Angeh\u00f6rigen wertvolle Beratung und Hilfe zum Thema Umgang mit Sucht. Aktuelle Termine geben Ihnen unsere Fachberater gerne bekannt.","breadcrumb":{"@id":"https:\/\/evangelische-beratung.com\/tr\/sucht\/angehoerigenberatung\/#breadcrumb"},"inLanguage":"tr","potentialAction":[{"@type":"ReadAction","target":["https:\/\/evangelische-beratung.com\/tr\/sucht\/angehoerigenberatung\/"]}]},{"@type":"BreadcrumbList","@id":"https:\/\/evangelische-beratung.com\/tr\/sucht\/angehoerigenberatung\/#breadcrumb","itemListElement":[{"@type":"ListItem","position":1,"name":"Startseite","item":"https:\/\/evangelische-beratung.com\/tr\/"},{"@type":"ListItem","position":2,"name":"Ba\u011f\u0131ml\u0131l\u0131k","item":"https:\/\/evangelische-beratung.com\/tr\/sucht\/"},{"@type":"ListItem","position":3,"name":"Ba\u011f\u0131ml\u0131 ki\u015fi ailelerine dan\u0131\u015fmanl\u0131k hizmeti"}]},{"@type":"WebSite","@id":"https:\/\/evangelische-beratung.com\/tr\/#website","url":"https:\/\/evangelische-beratung.com\/tr\/","name":"Evangelischer Regionalverband","description":"","publisher":{"@id":"https:\/\/evangelische-beratung.com\/tr\/#organization"},"potentialAction":[{"@type":"SearchAction","target":{"@type":"EntryPoint","urlTemplate":"https:\/\/evangelische-beratung.com\/tr\/?s={search_term_string}"},"query-input":{"@type":"PropertyValueSpecification","valueRequired":true,"valueName":"search_term_string"}}],"inLanguage":"tr"},{"@type":"Organization","@id":"https:\/\/evangelische-beratung.com\/tr\/#organization","name":"Evangelischer Regionalverband Frankfurt und Offenbach","url":"https:\/\/evangelische-beratung.com\/tr\/","logo":{"@type":"ImageObject","inLanguage":"tr","@id":"https:\/\/evangelische-beratung.com\/tr\/#\/schema\/logo\/image\/","url":"https:\/\/evangelische-beratung.com\/tr\/wp-content\/uploads\/sites\/8\/2019\/10\/erv-logo.png","contentUrl":"https:\/\/evangelische-beratung.com\/tr\/wp-content\/uploads\/sites\/8\/2019\/10\/erv-logo.png","width":1127,"height":595,"caption":"Evangelischer Regionalverband Frankfurt und Offenbach"},"image":{"@id":"https:\/\/evangelische-beratung.com\/tr\/#\/schema\/logo\/image\/"}}]}},"_links":{"self":[{"href":"https:\/\/evangelische-beratung.com\/tr\/wp-json\/wp\/v2\/pages\/246","targetHints":{"allow":["GET"]}}],"collection":[{"href":"https:\/\/evangelische-beratung.com\/tr\/wp-json\/wp\/v2\/pages"}],"about":[{"href":"https:\/\/evangelische-beratung.com\/tr\/wp-json\/wp\/v2\/types\/page"}],"author":[{"embeddable":true,"href":"https:\/\/evangelische-beratung.com\/tr\/wp-json\/wp\/v2\/users\/3"}],"replies":[{"embeddable":true,"href":"https:\/\/evangelische-beratung.com\/tr\/wp-json\/wp\/v2\/comments?post=246"}],"version-history":[{"count":1,"href":"https:\/\/evangelische-beratung.com\/tr\/wp-json\/wp\/v2\/pages\/246\/revisions"}],"predecessor-version":[{"id":1073,"href":"https:\/\/evangelische-beratung.com\/tr\/wp-json\/wp\/v2\/pages\/246\/revisions\/1073"}],"up":[{"embeddable":true,"href":"https:\/\/evangelische-beratung.com\/tr\/wp-json\/wp\/v2\/pages\/37"}],"wp:attachment":[{"href":"https:\/\/evangelische-beratung.com\/tr\/wp-json\/wp\/v2\/media?parent=246"}],"curies":[{"name":"wp","href":"https:\/\/api.w.org\/{rel}","templated":true}]}}