{"id":234,"date":"2019-08-16T11:17:24","date_gmt":"2019-08-16T09:17:24","guid":{"rendered":"https:\/\/evangelische-beratung.com\/tr\/?page_id=234"},"modified":"2020-03-27T08:54:56","modified_gmt":"2020-03-27T07:54:56","slug":"elternkurs-kinder-im-blick","status":"publish","type":"page","link":"https:\/\/evangelische-beratung.com\/tr\/aile-cocuk-gencler\/familie-erziehung\/elternkurs-kinder-im-blick\/","title":{"rendered":"Ebeveynkursu \u201eKinder im Blick\u201c"},"content":{"rendered":"\n<ul class=\"wp-block-list\"><li>E\u015finizden Ayr\u0131lma veya Bo\u015fanma sonras\u0131nda, \u00e7ocuklar\u0131n\u0131z\u0131n e\u011fitimini ve sa\u011fl\u0131kl\u0131 geli\u015fimini yak\u0131ndan takip etmek istiyorsan\u0131z?<\/li><li>\u00c7ocuklar\u0131n\u0131za destek verme konusunda, yard\u0131m ar\u0131yorsan\u0131z?<\/li><li>So\u011fukkanl\u0131 davranmay\u0131 ve stres gidermek istiyorsan\u0131z?<\/li><\/ul>\n\n\n\n<p><strong>\u201e<\/strong>Kinder im Blick \u201c program\u0131n hedefi, ayr\u0131lm\u0131\u015f Anne ve Babalara, ayr\u0131l\u0131k\/ bo\u015fanma sonras\u0131 m\u00fcmk\u00fcn oldu\u011funca, aile hayat\u0131n\u0131 olumlu hale getirmelerinde destek vermektir. Anne ve babalar bu zor durumda g\u00fc\u00e7lendirilip, \u00e7ocuklar\u0131n\u0131 desteklemelerini, onlara yard\u0131mc\u0131 olmay\u0131 ve ayn\u0131 zamanda, kendilerinin de stres at\u0131p rahatlatmalar\u0131n da yard\u0131mc\u0131 olacakt\u0131r. <\/p>\n\n\n\n<p>&nbsp;\u201eKinder im Blick \u201c Program\u0131, Familien-Notruf M\u00fcnchen e.V. ve Ludwig-Maximilians-Universit\u00e4t M\u00fcnchen (LMU, Prof. Dr. Sabine Walper und Team)  taraf\u0131ndan haz\u0131rlanm\u0131\u015f ve geli\u015ftirilmi\u015ftir. &#8220;www.kinderimblick.de&#8221;<\/p>\n\n\n<div class=\"wp-block-erv-tile \">\n\t\t\t<div>\n\t\t\t<a href=\"https:\/\/www.kinder-im-blick.de\/\" tabindex=\"-1\" aria-hidden=\"true\"  target=\"_blank\"><\/a>\n\t\t\t<h2 class=\"tile-title\"><a href=\"https:\/\/www.kinder-im-blick.de\/\"  target=\"_blank\">Kinder im Blick<\/a><\/h2>\n\t\t\t\n\t\t\t<p aria-hidden=\"true\" class=\"-is-micro\">Go to website<svg xmlns=\"http:\/\/www.w3.org\/2000\/svg\" viewBox=\"0 0 13 10\"><path d=\"M1.5 5H12M8 1l4 4-4 4\" fill=\"none\" stroke=\"#a22a45\" stroke-width=\"1.2\" stroke-linecap=\"round\" stroke-linejoin=\"round\"\/><\/svg><\/p>\n\t\t\t<\/div>\n\t\t<\/div>\n\n\n<p>Evangelisches Beratungszentrum H\u00f6chst , Psikolojik Dan\u0131\u015fma Merkezi \u00a0\u201eKinder im Blick \u201c kursunu, Ebeveynlere y\u00f6nelik sunmaktad\u0131r. Bu \u00fc\u00e7 saat s\u00fcren ve yakla\u015f\u0131k yedi grup oturumundan olu\u015fan Kurs, on kat\u0131l\u0131mc\u0131yla ger\u00e7ekle\u015fir. Ebeveynler bu programa, farkl\u0131 gruplarla da kat\u0131labilirler. Bu Kurs, iki ki\u015filik profesyonel bir ekip taraf\u0131ndan y\u00f6netilecektir. Evinizde, \u00f6\u011frendiklerinizi derinle\u015ftirmek i\u00e7in, Bir Ebeveyn-Klas\u00f6r\u00fc de haz\u0131rlanm\u0131\u015ft\u0131r.<\/p>\n\n\n\n<p>Kurs-\u00dccreti: 100 Euro (ALG yard\u0131m alanlar\u0131 \/d\u00fc\u015f\u00fck gelirli Ebeveynler Kurs-\u00fccretinden muaf tutulur) <\/p>\n\n\n\n<p style=\"text-align:center\" class=\"is-style-roof-line\">Kay\u0131tlar<\/p>\n\n\n\n<div class=\"wp-block-erv-id-card -hidden-image\"><div class=\"id-card-content\"><div class=\"id-card-details\"><p class=\"id-card-name\">Andrea Schare<\/p><p class=\"id-card-job\">Sekretariat<\/p><p class=\"id-card-location\">H\u00f6chst<\/p><p class=\"id-card-phone\">069 \/ 75 93 672 10<\/p><p class=\"id-card-email\"><a href=\"&#x6d;&#x61;&#x69;&#108;&#116;&#111;:p&#x73;&#x79;&#x63;&#x68;&#111;&#108;og&#x69;&#x73;&#x63;&#x68;&#101;&#98;er&#x61;&#x74;&#x75;&#x6e;&#103;&#46;&#104;oe&#x63;&#x68;&#x73;&#x74;&#64;&#102;ra&#x6e;&#x6b;&#x66;&#x75;&#114;&#116;-e&#x76;&#x61;&#x6e;&#x67;&#101;&#108;&#105;sc&#x68;&#x2e;&#x64;&#x65;\">E-Mail<\/a><\/p><\/div><\/div><\/div>\n","protected":false},"excerpt":{"rendered":"<p>E\u015finizden Ayr\u0131lma veya Bo\u015fanma sonras\u0131nda, \u00e7ocuklar\u0131n\u0131z\u0131n e\u011fitimini ve sa\u011fl\u0131kl\u0131 geli\u015fimini yak\u0131ndan takip etmek istiyorsan\u0131z? \u00c7ocuklar\u0131n\u0131za destek verme konusunda, yard\u0131m ar\u0131yorsan\u0131z? So\u011fukkanl\u0131 davranmay\u0131 ve stres gidermek istiyorsan\u0131z? \u201eKinder im Blick \u201c program\u0131n hedefi, ayr\u0131lm\u0131\u015f Anne ve Babalara, ayr\u0131l\u0131k\/ bo\u015fanma sonras\u0131 m\u00fcmk\u00fcn oldu\u011funca, aile hayat\u0131n\u0131 olumlu hale getirmelerinde destek vermektir. Anne ve babalar bu zor durumda g\u00fc\u00e7lendirilip, [&hellip;]<\/p>\n","protected":false},"author":3,"featured_media":0,"parent":193,"menu_order":0,"comment_status":"closed","ping_status":"closed","template":"","meta":{"footnotes":""},"class_list":["post-234","page","type-page","status-publish","hentry"],"yoast_head":"<!-- This site is optimized with the Yoast SEO plugin v27.5 - https:\/\/yoast.com\/product\/yoast-seo-wordpress\/ -->\n<title>Kursangebot f\u00fcr Eltern &quot;Kinder im Blick&quot; in Frankfurt H\u00f6chst vom Ev. Regionalverband<\/title>\n<meta name=\"description\" content=\"Unters\u00fctzung f\u00fcr getrennt lebende Eltern. Ein Kurs mit sieben Sitzungen im Evangelischen Zentrum H\u00f6chst\" \/>\n<meta name=\"robots\" content=\"index, follow, max-snippet:-1, max-image-preview:large, max-video-preview:-1\" \/>\n<link rel=\"canonical\" href=\"https:\/\/evangelische-beratung.com\/tr\/aile-cocuk-gencler\/familie-erziehung\/elternkurs-kinder-im-blick\/\" \/>\n<meta property=\"og:locale\" content=\"tr_TR\" \/>\n<meta property=\"og:type\" content=\"article\" \/>\n<meta property=\"og:title\" content=\"Kursangebot f\u00fcr Eltern &quot;Kinder im Blick&quot; in Frankfurt H\u00f6chst vom Ev. Regionalverband\" \/>\n<meta property=\"og:description\" content=\"Unters\u00fctzung f\u00fcr getrennt lebende Eltern. Ein Kurs mit sieben Sitzungen im Evangelischen Zentrum H\u00f6chst\" \/>\n<meta property=\"og:url\" content=\"https:\/\/evangelische-beratung.com\/tr\/aile-cocuk-gencler\/familie-erziehung\/elternkurs-kinder-im-blick\/\" \/>\n<meta property=\"og:site_name\" content=\"Evangelischer Regionalverband\" \/>\n<meta property=\"article:modified_time\" content=\"2020-03-27T07:54:56+00:00\" \/>\n<meta name=\"twitter:card\" content=\"summary_large_image\" \/>\n<meta name=\"twitter:label1\" content=\"Tahmini okuma s\u00fcresi\" \/>\n\t<meta name=\"twitter:data1\" content=\"1 dakika\" \/>\n<script type=\"application\/ld+json\" class=\"yoast-schema-graph\">{\"@context\":\"https:\\\/\\\/schema.org\",\"@graph\":[{\"@type\":\"WebPage\",\"@id\":\"https:\\\/\\\/evangelische-beratung.com\\\/tr\\\/aile-cocuk-gencler\\\/familie-erziehung\\\/elternkurs-kinder-im-blick\\\/\",\"url\":\"https:\\\/\\\/evangelische-beratung.com\\\/tr\\\/aile-cocuk-gencler\\\/familie-erziehung\\\/elternkurs-kinder-im-blick\\\/\",\"name\":\"Kursangebot f\u00fcr Eltern \\\"Kinder im Blick\\\" in Frankfurt H\u00f6chst vom Ev. Regionalverband\",\"isPartOf\":{\"@id\":\"https:\\\/\\\/evangelische-beratung.com\\\/tr\\\/#website\"},\"datePublished\":\"2019-08-16T09:17:24+00:00\",\"dateModified\":\"2020-03-27T07:54:56+00:00\",\"description\":\"Unters\u00fctzung f\u00fcr getrennt lebende Eltern. Ein Kurs mit sieben Sitzungen im Evangelischen Zentrum H\u00f6chst\",\"breadcrumb\":{\"@id\":\"https:\\\/\\\/evangelische-beratung.com\\\/tr\\\/aile-cocuk-gencler\\\/familie-erziehung\\\/elternkurs-kinder-im-blick\\\/#breadcrumb\"},\"inLanguage\":\"tr\",\"potentialAction\":[{\"@type\":\"ReadAction\",\"target\":[\"https:\\\/\\\/evangelische-beratung.com\\\/tr\\\/aile-cocuk-gencler\\\/familie-erziehung\\\/elternkurs-kinder-im-blick\\\/\"]}]},{\"@type\":\"BreadcrumbList\",\"@id\":\"https:\\\/\\\/evangelische-beratung.com\\\/tr\\\/aile-cocuk-gencler\\\/familie-erziehung\\\/elternkurs-kinder-im-blick\\\/#breadcrumb\",\"itemListElement\":[{\"@type\":\"ListItem\",\"position\":1,\"name\":\"Startseite\",\"item\":\"https:\\\/\\\/evangelische-beratung.com\\\/tr\\\/\"},{\"@type\":\"ListItem\",\"position\":2,\"name\":\"Aile- \u00c7ocuklar -Ergenler\",\"item\":\"https:\\\/\\\/evangelische-beratung.com\\\/tr\\\/aile-cocuk-gencler\\\/\"},{\"@type\":\"ListItem\",\"position\":3,\"name\":\"Aile ve E\u011fitim\",\"item\":\"https:\\\/\\\/evangelische-beratung.com\\\/tr\\\/aile-cocuk-gencler\\\/familie-erziehung\\\/\"},{\"@type\":\"ListItem\",\"position\":4,\"name\":\"Ebeveynkursu \u201eKinder im Blick\u201c\"}]},{\"@type\":\"WebSite\",\"@id\":\"https:\\\/\\\/evangelische-beratung.com\\\/tr\\\/#website\",\"url\":\"https:\\\/\\\/evangelische-beratung.com\\\/tr\\\/\",\"name\":\"Evangelischer Regionalverband\",\"description\":\"\",\"publisher\":{\"@id\":\"https:\\\/\\\/evangelische-beratung.com\\\/tr\\\/#organization\"},\"potentialAction\":[{\"@type\":\"SearchAction\",\"target\":{\"@type\":\"EntryPoint\",\"urlTemplate\":\"https:\\\/\\\/evangelische-beratung.com\\\/tr\\\/?s={search_term_string}\"},\"query-input\":{\"@type\":\"PropertyValueSpecification\",\"valueRequired\":true,\"valueName\":\"search_term_string\"}}],\"inLanguage\":\"tr\"},{\"@type\":\"Organization\",\"@id\":\"https:\\\/\\\/evangelische-beratung.com\\\/tr\\\/#organization\",\"name\":\"Evangelischer Regionalverband Frankfurt und Offenbach\",\"url\":\"https:\\\/\\\/evangelische-beratung.com\\\/tr\\\/\",\"logo\":{\"@type\":\"ImageObject\",\"inLanguage\":\"tr\",\"@id\":\"https:\\\/\\\/evangelische-beratung.com\\\/tr\\\/#\\\/schema\\\/logo\\\/image\\\/\",\"url\":\"https:\\\/\\\/evangelische-beratung.com\\\/tr\\\/wp-content\\\/uploads\\\/sites\\\/8\\\/2019\\\/10\\\/erv-logo.png\",\"contentUrl\":\"https:\\\/\\\/evangelische-beratung.com\\\/tr\\\/wp-content\\\/uploads\\\/sites\\\/8\\\/2019\\\/10\\\/erv-logo.png\",\"width\":1127,\"height\":595,\"caption\":\"Evangelischer Regionalverband Frankfurt und Offenbach\"},\"image\":{\"@id\":\"https:\\\/\\\/evangelische-beratung.com\\\/tr\\\/#\\\/schema\\\/logo\\\/image\\\/\"}}]}<\/script>\n<!-- \/ Yoast SEO plugin. -->","yoast_head_json":{"title":"Kursangebot f\u00fcr Eltern \"Kinder im Blick\" in Frankfurt H\u00f6chst vom Ev. Regionalverband","description":"Unters\u00fctzung f\u00fcr getrennt lebende Eltern. Ein Kurs mit sieben Sitzungen im Evangelischen Zentrum H\u00f6chst","robots":{"index":"index","follow":"follow","max-snippet":"max-snippet:-1","max-image-preview":"max-image-preview:large","max-video-preview":"max-video-preview:-1"},"canonical":"https:\/\/evangelische-beratung.com\/tr\/aile-cocuk-gencler\/familie-erziehung\/elternkurs-kinder-im-blick\/","og_locale":"tr_TR","og_type":"article","og_title":"Kursangebot f\u00fcr Eltern \"Kinder im Blick\" in Frankfurt H\u00f6chst vom Ev. Regionalverband","og_description":"Unters\u00fctzung f\u00fcr getrennt lebende Eltern. Ein Kurs mit sieben Sitzungen im Evangelischen Zentrum H\u00f6chst","og_url":"https:\/\/evangelische-beratung.com\/tr\/aile-cocuk-gencler\/familie-erziehung\/elternkurs-kinder-im-blick\/","og_site_name":"Evangelischer Regionalverband","article_modified_time":"2020-03-27T07:54:56+00:00","twitter_card":"summary_large_image","twitter_misc":{"Tahmini okuma s\u00fcresi":"1 dakika"},"schema":{"@context":"https:\/\/schema.org","@graph":[{"@type":"WebPage","@id":"https:\/\/evangelische-beratung.com\/tr\/aile-cocuk-gencler\/familie-erziehung\/elternkurs-kinder-im-blick\/","url":"https:\/\/evangelische-beratung.com\/tr\/aile-cocuk-gencler\/familie-erziehung\/elternkurs-kinder-im-blick\/","name":"Kursangebot f\u00fcr Eltern \"Kinder im Blick\" in Frankfurt H\u00f6chst vom Ev. Regionalverband","isPartOf":{"@id":"https:\/\/evangelische-beratung.com\/tr\/#website"},"datePublished":"2019-08-16T09:17:24+00:00","dateModified":"2020-03-27T07:54:56+00:00","description":"Unters\u00fctzung f\u00fcr getrennt lebende Eltern. Ein Kurs mit sieben Sitzungen im Evangelischen Zentrum H\u00f6chst","breadcrumb":{"@id":"https:\/\/evangelische-beratung.com\/tr\/aile-cocuk-gencler\/familie-erziehung\/elternkurs-kinder-im-blick\/#breadcrumb"},"inLanguage":"tr","potentialAction":[{"@type":"ReadAction","target":["https:\/\/evangelische-beratung.com\/tr\/aile-cocuk-gencler\/familie-erziehung\/elternkurs-kinder-im-blick\/"]}]},{"@type":"BreadcrumbList","@id":"https:\/\/evangelische-beratung.com\/tr\/aile-cocuk-gencler\/familie-erziehung\/elternkurs-kinder-im-blick\/#breadcrumb","itemListElement":[{"@type":"ListItem","position":1,"name":"Startseite","item":"https:\/\/evangelische-beratung.com\/tr\/"},{"@type":"ListItem","position":2,"name":"Aile- \u00c7ocuklar -Ergenler","item":"https:\/\/evangelische-beratung.com\/tr\/aile-cocuk-gencler\/"},{"@type":"ListItem","position":3,"name":"Aile ve E\u011fitim","item":"https:\/\/evangelische-beratung.com\/tr\/aile-cocuk-gencler\/familie-erziehung\/"},{"@type":"ListItem","position":4,"name":"Ebeveynkursu \u201eKinder im Blick\u201c"}]},{"@type":"WebSite","@id":"https:\/\/evangelische-beratung.com\/tr\/#website","url":"https:\/\/evangelische-beratung.com\/tr\/","name":"Evangelischer Regionalverband","description":"","publisher":{"@id":"https:\/\/evangelische-beratung.com\/tr\/#organization"},"potentialAction":[{"@type":"SearchAction","target":{"@type":"EntryPoint","urlTemplate":"https:\/\/evangelische-beratung.com\/tr\/?s={search_term_string}"},"query-input":{"@type":"PropertyValueSpecification","valueRequired":true,"valueName":"search_term_string"}}],"inLanguage":"tr"},{"@type":"Organization","@id":"https:\/\/evangelische-beratung.com\/tr\/#organization","name":"Evangelischer Regionalverband Frankfurt und Offenbach","url":"https:\/\/evangelische-beratung.com\/tr\/","logo":{"@type":"ImageObject","inLanguage":"tr","@id":"https:\/\/evangelische-beratung.com\/tr\/#\/schema\/logo\/image\/","url":"https:\/\/evangelische-beratung.com\/tr\/wp-content\/uploads\/sites\/8\/2019\/10\/erv-logo.png","contentUrl":"https:\/\/evangelische-beratung.com\/tr\/wp-content\/uploads\/sites\/8\/2019\/10\/erv-logo.png","width":1127,"height":595,"caption":"Evangelischer Regionalverband Frankfurt und Offenbach"},"image":{"@id":"https:\/\/evangelische-beratung.com\/tr\/#\/schema\/logo\/image\/"}}]}},"_links":{"self":[{"href":"https:\/\/evangelische-beratung.com\/tr\/wp-json\/wp\/v2\/pages\/234","targetHints":{"allow":["GET"]}}],"collection":[{"href":"https:\/\/evangelische-beratung.com\/tr\/wp-json\/wp\/v2\/pages"}],"about":[{"href":"https:\/\/evangelische-beratung.com\/tr\/wp-json\/wp\/v2\/types\/page"}],"author":[{"embeddable":true,"href":"https:\/\/evangelische-beratung.com\/tr\/wp-json\/wp\/v2\/users\/3"}],"replies":[{"embeddable":true,"href":"https:\/\/evangelische-beratung.com\/tr\/wp-json\/wp\/v2\/comments?post=234"}],"version-history":[{"count":5,"href":"https:\/\/evangelische-beratung.com\/tr\/wp-json\/wp\/v2\/pages\/234\/revisions"}],"predecessor-version":[{"id":1450,"href":"https:\/\/evangelische-beratung.com\/tr\/wp-json\/wp\/v2\/pages\/234\/revisions\/1450"}],"up":[{"embeddable":true,"href":"https:\/\/evangelische-beratung.com\/tr\/wp-json\/wp\/v2\/pages\/193"}],"wp:attachment":[{"href":"https:\/\/evangelische-beratung.com\/tr\/wp-json\/wp\/v2\/media?parent=234"}],"curies":[{"name":"wp","href":"https:\/\/api.w.org\/{rel}","templated":true}]}}