{"id":216,"date":"2019-08-15T19:17:22","date_gmt":"2019-08-15T17:17:22","guid":{"rendered":"https:\/\/evangelische-beratung.com\/tr\/?page_id=216"},"modified":"2020-03-27T08:51:58","modified_gmt":"2020-03-27T07:51:58","slug":"gruppenangebot-fuer-trennungskinder","status":"publish","type":"page","link":"https:\/\/evangelische-beratung.com\/tr\/aile-cocuk-gencler\/familie-erziehung\/gruppenangebot-fuer-trennungskinder\/","title":{"rendered":"Ayr\u0131l\u0131k \u00e7ocuklar\u0131 i\u00e7in grup teklifi"},"content":{"rendered":"\n<p class=\"is-style-teaser\"> Anne ve Baban\u0131n bo\u015fanma ve ayr\u0131l\u0131\u011f\u0131n\u0131 ya\u015fayan \u00e7ocuklar i\u00e7in, b\u00f6ylesi deneyimler \u00e7ocuk hayat\u0131n\u0131 bi\u00e7imlendirir.   <\/p>\n\n\n\n<p>Genellikle, \u00e7ocuk bu d\u00fc\u015f\u00fcnce ve duy\u011fular\u0131 ile yaln\u0131z kal\u0131r. Stresli deneyimlerin etkisi de, ayr\u0131l\u0131ktan \u00e7ok sonra da \u00e7ocuklarda\u00a0 devam edebilir.  Ebeveynler, genellikle, ayr\u0131lma nedenlerini \u00c7ocuklar\u0131na, anlayacaklar\u0131 \u015fekilde a\u00e7\u0131klayabilmek i\u00e7in, yard\u0131m ararlar. <\/p>\n\n\n\n<ul class=\"wp-block-list\"><li> \u00c7ocu\u011funuz, kendi  anne ve baba ayr\u0131l\u0131\u011f\u0131n\u0131 ya\u015fad\u0131 m\u0131? <\/li><li>\u00c7ocuklar\u0131n\u0131za yard\u0131m etmek i\u00e7in destek ar\u0131yorsan\u0131z?<\/li><\/ul>\n\n\n\n<p>Biz, d\u00fczenli olarak ayr\u0131l\u0131k ailelerin (8 ile 11 ya\u015f grubu) \u00e7ocuklar\u0131na, bir \u00e7ocuklar-grubu sunuyoruz. Bu grupta, ayr\u0131l\u0131k \u00e7ocuklar\u0131, deneyimlerini ve izlenimlerini konu\u015fabilirler. <\/p>\n\n\n\n<p>Grup \u00e7al\u0131\u015fmas\u0131nda ki temel hedef, \u00e7ocuklara, Ayr\u0131l\u0131k durumla daha iyi ba\u015fa \u00e7\u0131kmalar\u0131na yard\u0131mc\u0131 olmakt\u0131r. Gruptaki fikir al\u0131\u015f veri\u015fi, \u00e7ocu\u011fun \u00f6zbenli\u011finin g\u00fc\u00e7lendirilmesi, ki\u015finin kendi deneyimleri tart\u0131\u015f\u0131lmas\u0131 ve \u00e7\u00f6z\u00fcm aray\u0131\u015f\u0131n\u0131 \u00f6ng\u00f6r\u00fcyor. <\/p>\n\n\n\n<p>Bu \u00c7ocuk-grubu 10-12 seansl\u0131d\u0131r. \u00a0Velilere y\u00f6nelik, dan\u0131\u015fman e\u015flikli veli g\u00f6r\u00fc\u015fmeleri de yer al\u0131yor. <\/p>\n\n\n\n<div class=\"wp-block-erv-download -show-file-extension\"><span aria-hidden=\"true\"><span class=\"file-extension\">pdf<\/span><\/span><div class=\"title-and-description\"><p class=\"download-title -inverted-link-style\"><a href=\"https:\/\/evangelische-beratung.com\/tr\/wp-content\/uploads\/sites\/8\/2019\/08\/Flyer-Gruppe-06-webversion.pdf\" target=\"_blank\" rel=\"noopener noreferrer\">Gruppenangebot<\/a><\/p><p class=\"download-description\">weitere Informationen<\/p><\/div><\/div>\n\n\n\n<p style=\"text-align:center\" class=\"is-style-roof-line\"><strong>Randevu almak i<\/strong>\u00e7<strong>in ilte<\/strong>\u015f<strong>imler <\/strong><\/p>\n\n\n\n<div class=\"wp-block-columns alignwide has-3-columns is-layout-flex wp-container-core-columns-is-layout-9d6595d7 wp-block-columns-is-layout-flex\">\n<div class=\"wp-block-column is-layout-flow wp-block-column-is-layout-flow\"><\/div>\n\n\n\n<div class=\"wp-block-column is-layout-flow wp-block-column-is-layout-flow\">\n<div class=\"wp-block-erv-id-card\"><div class=\"id-card-content\"><figure class=\"id-card-photo\"><img decoding=\"async\" src=\"https:\/\/evangelische-beratung.com\/wp-content\/uploads\/2020\/01\/portrait_platzhalter-1-300x300.jpg\" \/><\/figure><div class=\"id-card-details\"><p class=\"id-card-name\">Claudia Hauer<\/p><p class=\"id-card-job\">Sekretariat<\/p><p class=\"id-card-location\">Frankfurt<\/p><p class=\"id-card-phone\">069 \/ 53 02 220<\/p><p class=\"id-card-email\"><a href=\"m&#97;&#x69;&#x6c;t&#111;&#x3a;&#x66;a&#109;&#105;&#x6c;&#x69;e&#110;&#x62;&#x65;r&#97;&#x74;&#x75;n&#103;&#64;&#x66;&#x72;a&#110;&#x6b;&#x66;u&#114;&#x74;&#x2d;e&#118;&#97;&#x6e;&#x67;e&#108;&#x69;&#x73;c&#104;&#x2e;&#x64;e\">E-Mail<\/a><\/p><\/div><\/div><\/div>\n<\/div>\n\n\n\n<div class=\"wp-block-column is-layout-flow wp-block-column-is-layout-flow\">\n<div class=\"wp-block-erv-id-card -hidden-image\"><div class=\"id-card-content\"><div class=\"id-card-details\"><p class=\"id-card-name\">Andrea Schare<\/p><p class=\"id-card-job\">Sekretariat<\/p><p class=\"id-card-location\">H\u00f6chst<\/p><p class=\"id-card-phone\">069 \/ 75 93 672 10<\/p><p class=\"id-card-email\"><a href=\"&#x6d;a&#x69;&#108;&#x74;&#111;:&#x70;&#115;&#x79;&#99;h&#x6f;&#108;&#x6f;&#103;i&#x73;c&#x68;&#101;&#x62;&#x65;r&#x61;&#116;&#x75;&#110;g&#x2e;&#104;&#x6f;&#101;c&#x68;s&#x74;&#64;f&#x72;a&#x6e;&#107;&#x66;&#117;r&#x74;&#45;&#x65;&#118;a&#x6e;&#103;&#x65;&#108;i&#x73;c&#x68;&#46;&#x64;&#x65;\">E-Mail<\/a><\/p><\/div><\/div><\/div>\n<\/div>\n<\/div>\n","protected":false},"excerpt":{"rendered":"<p>Anne ve Baban\u0131n bo\u015fanma ve ayr\u0131l\u0131\u011f\u0131n\u0131 ya\u015fayan \u00e7ocuklar i\u00e7in, b\u00f6ylesi deneyimler \u00e7ocuk hayat\u0131n\u0131 bi\u00e7imlendirir. Genellikle, \u00e7ocuk bu d\u00fc\u015f\u00fcnce ve duy\u011fular\u0131 ile yaln\u0131z kal\u0131r. Stresli deneyimlerin etkisi de, ayr\u0131l\u0131ktan \u00e7ok sonra da \u00e7ocuklarda\u00a0 devam edebilir. Ebeveynler, genellikle, ayr\u0131lma nedenlerini \u00c7ocuklar\u0131na, anlayacaklar\u0131 \u015fekilde a\u00e7\u0131klayabilmek i\u00e7in, yard\u0131m ararlar. \u00c7ocu\u011funuz, kendi anne ve baba ayr\u0131l\u0131\u011f\u0131n\u0131 ya\u015fad\u0131 m\u0131? \u00c7ocuklar\u0131n\u0131za yard\u0131m [&hellip;]<\/p>\n","protected":false},"author":3,"featured_media":0,"parent":193,"menu_order":0,"comment_status":"closed","ping_status":"closed","template":"","meta":{"footnotes":""},"class_list":["post-216","page","type-page","status-publish","hentry"],"yoast_head":"<!-- This site is optimized with the Yoast SEO plugin v27.5 - https:\/\/yoast.com\/product\/yoast-seo-wordpress\/ -->\n<title>Gruppenangebot f\u00fcr Trennungskinder vom Ev. Regionalverband Frankfurt u. Offenbach<\/title>\n<meta name=\"description\" content=\"Wir bieten regelm\u00e4\u00dfig eine Gruppe f\u00fcr Kinder aus Trennungsfamilien (8-11 Jahre) an. In dieser Gruppe k\u00f6nnen Kinder ihre Erfahrungen u. Erlebnisse besprechen.\" \/>\n<meta name=\"robots\" content=\"index, follow, max-snippet:-1, max-image-preview:large, max-video-preview:-1\" \/>\n<link rel=\"canonical\" href=\"https:\/\/evangelische-beratung.com\/tr\/aile-cocuk-gencler\/familie-erziehung\/gruppenangebot-fuer-trennungskinder\/\" \/>\n<meta property=\"og:locale\" content=\"tr_TR\" \/>\n<meta property=\"og:type\" content=\"article\" \/>\n<meta property=\"og:title\" content=\"Gruppenangebot f\u00fcr Trennungskinder vom Ev. Regionalverband Frankfurt u. Offenbach\" \/>\n<meta property=\"og:description\" content=\"Wir bieten regelm\u00e4\u00dfig eine Gruppe f\u00fcr Kinder aus Trennungsfamilien (8-11 Jahre) an. In dieser Gruppe k\u00f6nnen Kinder ihre Erfahrungen u. Erlebnisse besprechen.\" \/>\n<meta property=\"og:url\" content=\"https:\/\/evangelische-beratung.com\/tr\/aile-cocuk-gencler\/familie-erziehung\/gruppenangebot-fuer-trennungskinder\/\" \/>\n<meta property=\"og:site_name\" content=\"Evangelischer Regionalverband\" \/>\n<meta property=\"article:modified_time\" content=\"2020-03-27T07:51:58+00:00\" \/>\n<meta name=\"twitter:card\" content=\"summary_large_image\" \/>\n<meta name=\"twitter:label1\" content=\"Tahmini okuma s\u00fcresi\" \/>\n\t<meta name=\"twitter:data1\" content=\"1 dakika\" \/>\n<script type=\"application\/ld+json\" class=\"yoast-schema-graph\">{\"@context\":\"https:\\\/\\\/schema.org\",\"@graph\":[{\"@type\":\"WebPage\",\"@id\":\"https:\\\/\\\/evangelische-beratung.com\\\/tr\\\/aile-cocuk-gencler\\\/familie-erziehung\\\/gruppenangebot-fuer-trennungskinder\\\/\",\"url\":\"https:\\\/\\\/evangelische-beratung.com\\\/tr\\\/aile-cocuk-gencler\\\/familie-erziehung\\\/gruppenangebot-fuer-trennungskinder\\\/\",\"name\":\"Gruppenangebot f\u00fcr Trennungskinder vom Ev. Regionalverband Frankfurt u. Offenbach\",\"isPartOf\":{\"@id\":\"https:\\\/\\\/evangelische-beratung.com\\\/tr\\\/#website\"},\"datePublished\":\"2019-08-15T17:17:22+00:00\",\"dateModified\":\"2020-03-27T07:51:58+00:00\",\"description\":\"Wir bieten regelm\u00e4\u00dfig eine Gruppe f\u00fcr Kinder aus Trennungsfamilien (8-11 Jahre) an. In dieser Gruppe k\u00f6nnen Kinder ihre Erfahrungen u. Erlebnisse besprechen.\",\"breadcrumb\":{\"@id\":\"https:\\\/\\\/evangelische-beratung.com\\\/tr\\\/aile-cocuk-gencler\\\/familie-erziehung\\\/gruppenangebot-fuer-trennungskinder\\\/#breadcrumb\"},\"inLanguage\":\"tr\",\"potentialAction\":[{\"@type\":\"ReadAction\",\"target\":[\"https:\\\/\\\/evangelische-beratung.com\\\/tr\\\/aile-cocuk-gencler\\\/familie-erziehung\\\/gruppenangebot-fuer-trennungskinder\\\/\"]}]},{\"@type\":\"BreadcrumbList\",\"@id\":\"https:\\\/\\\/evangelische-beratung.com\\\/tr\\\/aile-cocuk-gencler\\\/familie-erziehung\\\/gruppenangebot-fuer-trennungskinder\\\/#breadcrumb\",\"itemListElement\":[{\"@type\":\"ListItem\",\"position\":1,\"name\":\"Startseite\",\"item\":\"https:\\\/\\\/evangelische-beratung.com\\\/tr\\\/\"},{\"@type\":\"ListItem\",\"position\":2,\"name\":\"Aile- \u00c7ocuklar -Ergenler\",\"item\":\"https:\\\/\\\/evangelische-beratung.com\\\/tr\\\/aile-cocuk-gencler\\\/\"},{\"@type\":\"ListItem\",\"position\":3,\"name\":\"Aile ve E\u011fitim\",\"item\":\"https:\\\/\\\/evangelische-beratung.com\\\/tr\\\/aile-cocuk-gencler\\\/familie-erziehung\\\/\"},{\"@type\":\"ListItem\",\"position\":4,\"name\":\"Ayr\u0131l\u0131k \u00e7ocuklar\u0131 i\u00e7in grup teklifi\"}]},{\"@type\":\"WebSite\",\"@id\":\"https:\\\/\\\/evangelische-beratung.com\\\/tr\\\/#website\",\"url\":\"https:\\\/\\\/evangelische-beratung.com\\\/tr\\\/\",\"name\":\"Evangelischer Regionalverband\",\"description\":\"\",\"publisher\":{\"@id\":\"https:\\\/\\\/evangelische-beratung.com\\\/tr\\\/#organization\"},\"potentialAction\":[{\"@type\":\"SearchAction\",\"target\":{\"@type\":\"EntryPoint\",\"urlTemplate\":\"https:\\\/\\\/evangelische-beratung.com\\\/tr\\\/?s={search_term_string}\"},\"query-input\":{\"@type\":\"PropertyValueSpecification\",\"valueRequired\":true,\"valueName\":\"search_term_string\"}}],\"inLanguage\":\"tr\"},{\"@type\":\"Organization\",\"@id\":\"https:\\\/\\\/evangelische-beratung.com\\\/tr\\\/#organization\",\"name\":\"Evangelischer Regionalverband Frankfurt und Offenbach\",\"url\":\"https:\\\/\\\/evangelische-beratung.com\\\/tr\\\/\",\"logo\":{\"@type\":\"ImageObject\",\"inLanguage\":\"tr\",\"@id\":\"https:\\\/\\\/evangelische-beratung.com\\\/tr\\\/#\\\/schema\\\/logo\\\/image\\\/\",\"url\":\"https:\\\/\\\/evangelische-beratung.com\\\/tr\\\/wp-content\\\/uploads\\\/sites\\\/8\\\/2019\\\/10\\\/erv-logo.png\",\"contentUrl\":\"https:\\\/\\\/evangelische-beratung.com\\\/tr\\\/wp-content\\\/uploads\\\/sites\\\/8\\\/2019\\\/10\\\/erv-logo.png\",\"width\":1127,\"height\":595,\"caption\":\"Evangelischer Regionalverband Frankfurt und Offenbach\"},\"image\":{\"@id\":\"https:\\\/\\\/evangelische-beratung.com\\\/tr\\\/#\\\/schema\\\/logo\\\/image\\\/\"}}]}<\/script>\n<!-- \/ Yoast SEO plugin. -->","yoast_head_json":{"title":"Gruppenangebot f\u00fcr Trennungskinder vom Ev. Regionalverband Frankfurt u. Offenbach","description":"Wir bieten regelm\u00e4\u00dfig eine Gruppe f\u00fcr Kinder aus Trennungsfamilien (8-11 Jahre) an. In dieser Gruppe k\u00f6nnen Kinder ihre Erfahrungen u. Erlebnisse besprechen.","robots":{"index":"index","follow":"follow","max-snippet":"max-snippet:-1","max-image-preview":"max-image-preview:large","max-video-preview":"max-video-preview:-1"},"canonical":"https:\/\/evangelische-beratung.com\/tr\/aile-cocuk-gencler\/familie-erziehung\/gruppenangebot-fuer-trennungskinder\/","og_locale":"tr_TR","og_type":"article","og_title":"Gruppenangebot f\u00fcr Trennungskinder vom Ev. Regionalverband Frankfurt u. Offenbach","og_description":"Wir bieten regelm\u00e4\u00dfig eine Gruppe f\u00fcr Kinder aus Trennungsfamilien (8-11 Jahre) an. In dieser Gruppe k\u00f6nnen Kinder ihre Erfahrungen u. Erlebnisse besprechen.","og_url":"https:\/\/evangelische-beratung.com\/tr\/aile-cocuk-gencler\/familie-erziehung\/gruppenangebot-fuer-trennungskinder\/","og_site_name":"Evangelischer Regionalverband","article_modified_time":"2020-03-27T07:51:58+00:00","twitter_card":"summary_large_image","twitter_misc":{"Tahmini okuma s\u00fcresi":"1 dakika"},"schema":{"@context":"https:\/\/schema.org","@graph":[{"@type":"WebPage","@id":"https:\/\/evangelische-beratung.com\/tr\/aile-cocuk-gencler\/familie-erziehung\/gruppenangebot-fuer-trennungskinder\/","url":"https:\/\/evangelische-beratung.com\/tr\/aile-cocuk-gencler\/familie-erziehung\/gruppenangebot-fuer-trennungskinder\/","name":"Gruppenangebot f\u00fcr Trennungskinder vom Ev. Regionalverband Frankfurt u. Offenbach","isPartOf":{"@id":"https:\/\/evangelische-beratung.com\/tr\/#website"},"datePublished":"2019-08-15T17:17:22+00:00","dateModified":"2020-03-27T07:51:58+00:00","description":"Wir bieten regelm\u00e4\u00dfig eine Gruppe f\u00fcr Kinder aus Trennungsfamilien (8-11 Jahre) an. In dieser Gruppe k\u00f6nnen Kinder ihre Erfahrungen u. Erlebnisse besprechen.","breadcrumb":{"@id":"https:\/\/evangelische-beratung.com\/tr\/aile-cocuk-gencler\/familie-erziehung\/gruppenangebot-fuer-trennungskinder\/#breadcrumb"},"inLanguage":"tr","potentialAction":[{"@type":"ReadAction","target":["https:\/\/evangelische-beratung.com\/tr\/aile-cocuk-gencler\/familie-erziehung\/gruppenangebot-fuer-trennungskinder\/"]}]},{"@type":"BreadcrumbList","@id":"https:\/\/evangelische-beratung.com\/tr\/aile-cocuk-gencler\/familie-erziehung\/gruppenangebot-fuer-trennungskinder\/#breadcrumb","itemListElement":[{"@type":"ListItem","position":1,"name":"Startseite","item":"https:\/\/evangelische-beratung.com\/tr\/"},{"@type":"ListItem","position":2,"name":"Aile- \u00c7ocuklar -Ergenler","item":"https:\/\/evangelische-beratung.com\/tr\/aile-cocuk-gencler\/"},{"@type":"ListItem","position":3,"name":"Aile ve E\u011fitim","item":"https:\/\/evangelische-beratung.com\/tr\/aile-cocuk-gencler\/familie-erziehung\/"},{"@type":"ListItem","position":4,"name":"Ayr\u0131l\u0131k \u00e7ocuklar\u0131 i\u00e7in grup teklifi"}]},{"@type":"WebSite","@id":"https:\/\/evangelische-beratung.com\/tr\/#website","url":"https:\/\/evangelische-beratung.com\/tr\/","name":"Evangelischer Regionalverband","description":"","publisher":{"@id":"https:\/\/evangelische-beratung.com\/tr\/#organization"},"potentialAction":[{"@type":"SearchAction","target":{"@type":"EntryPoint","urlTemplate":"https:\/\/evangelische-beratung.com\/tr\/?s={search_term_string}"},"query-input":{"@type":"PropertyValueSpecification","valueRequired":true,"valueName":"search_term_string"}}],"inLanguage":"tr"},{"@type":"Organization","@id":"https:\/\/evangelische-beratung.com\/tr\/#organization","name":"Evangelischer Regionalverband Frankfurt und Offenbach","url":"https:\/\/evangelische-beratung.com\/tr\/","logo":{"@type":"ImageObject","inLanguage":"tr","@id":"https:\/\/evangelische-beratung.com\/tr\/#\/schema\/logo\/image\/","url":"https:\/\/evangelische-beratung.com\/tr\/wp-content\/uploads\/sites\/8\/2019\/10\/erv-logo.png","contentUrl":"https:\/\/evangelische-beratung.com\/tr\/wp-content\/uploads\/sites\/8\/2019\/10\/erv-logo.png","width":1127,"height":595,"caption":"Evangelischer Regionalverband Frankfurt und Offenbach"},"image":{"@id":"https:\/\/evangelische-beratung.com\/tr\/#\/schema\/logo\/image\/"}}]}},"_links":{"self":[{"href":"https:\/\/evangelische-beratung.com\/tr\/wp-json\/wp\/v2\/pages\/216","targetHints":{"allow":["GET"]}}],"collection":[{"href":"https:\/\/evangelische-beratung.com\/tr\/wp-json\/wp\/v2\/pages"}],"about":[{"href":"https:\/\/evangelische-beratung.com\/tr\/wp-json\/wp\/v2\/types\/page"}],"author":[{"embeddable":true,"href":"https:\/\/evangelische-beratung.com\/tr\/wp-json\/wp\/v2\/users\/3"}],"replies":[{"embeddable":true,"href":"https:\/\/evangelische-beratung.com\/tr\/wp-json\/wp\/v2\/comments?post=216"}],"version-history":[{"count":4,"href":"https:\/\/evangelische-beratung.com\/tr\/wp-json\/wp\/v2\/pages\/216\/revisions"}],"predecessor-version":[{"id":1448,"href":"https:\/\/evangelische-beratung.com\/tr\/wp-json\/wp\/v2\/pages\/216\/revisions\/1448"}],"up":[{"embeddable":true,"href":"https:\/\/evangelische-beratung.com\/tr\/wp-json\/wp\/v2\/pages\/193"}],"wp:attachment":[{"href":"https:\/\/evangelische-beratung.com\/tr\/wp-json\/wp\/v2\/media?parent=216"}],"curies":[{"name":"wp","href":"https:\/\/api.w.org\/{rel}","templated":true}]}}