{"id":193,"date":"2019-08-15T17:04:28","date_gmt":"2019-08-15T15:04:28","guid":{"rendered":"https:\/\/evangelische-beratung.com\/tr\/?page_id=193"},"modified":"2020-04-16T12:31:05","modified_gmt":"2020-04-16T10:31:05","slug":"familie-erziehung","status":"publish","type":"page","link":"https:\/\/evangelische-beratung.com\/tr\/aile-cocuk-gencler\/familie-erziehung\/","title":{"rendered":"Aile ve E\u011fitim"},"content":{"rendered":"\n<p class=\"is-style-teaser\"> Aile ya\u015fam\u0131 ve \u00e7ocuk e\u011fitimi alanlar\u0131ndaki k\u00fc\u00e7\u00fck ve b\u00fcy\u00fck t\u00fcm&nbsp; sorunlarla kar\u015f\u0131 kar\u015f\u0131ya kalan biri olarak, bize gelmekle do\u011fruyu yapm\u0131\u015f olursunuz <\/p>\n\n\n\n<figure class=\"wp-block-image alignwide\"><img loading=\"lazy\" decoding=\"async\" width=\"1024\" height=\"512\" src=\"https:\/\/evangelische-beratung.com\/tr\/wp-content\/uploads\/sites\/8\/2019\/08\/Familien-Erziehungs-und-Jugendberatung-15_HERO2_MS-1-1024x512.jpg\" alt=\"\" class=\"wp-image-539\" srcset=\"https:\/\/evangelische-beratung.com\/tr\/wp-content\/uploads\/sites\/8\/2019\/08\/Familien-Erziehungs-und-Jugendberatung-15_HERO2_MS-1-1024x512.jpg 1024w, https:\/\/evangelische-beratung.com\/tr\/wp-content\/uploads\/sites\/8\/2019\/08\/Familien-Erziehungs-und-Jugendberatung-15_HERO2_MS-1-300x150.jpg 300w, https:\/\/evangelische-beratung.com\/tr\/wp-content\/uploads\/sites\/8\/2019\/08\/Familien-Erziehungs-und-Jugendberatung-15_HERO2_MS-1-768x384.jpg 768w, https:\/\/evangelische-beratung.com\/tr\/wp-content\/uploads\/sites\/8\/2019\/08\/Familien-Erziehungs-und-Jugendberatung-15_HERO2_MS-1.jpg 1840w\" sizes=\"auto, 100vw\" \/><\/figure>\n\n\n\n<p> Burada, \u00f6rne\u011fin a\u015fa\u011f\u0131daki konularla ilgili yard\u0131m ve bilgi al\u0131nabilir: <\/p>\n\n\n\n<ul class=\"wp-block-list\"><li>\u00c7ocu\u011funuzla ba\u015f edemiyor ve kendinizi t\u00fckenmi\u015f hissediyorsan\u0131z.<\/li><li>\u00c7ocu\u011funuz arkada\u015flar\u0131yla, anaokulunda, okulda veya meslek e\u011fitiminde de s\u0131k\u0131nt\u0131 ya\u015f\u0131yorsa<\/li><li>Ebeveynlik konular\u0131nda emin ve hemfikir de\u011filseniz<\/li><li>\u00c7ocu\u011funuz ergenlik \u00e7a\u011f\u0131na girdi\u011finden dolay\u0131 sorunlar varsa<\/li><li>E\u015fler aras\u0131nda veya aile ya\u015fam\u0131nda anla\u015fmazl\u0131k varsa<\/li><li>Bo\u015fand\u0131ysan\u0131z veya bo\u015fanma ya da ayr\u0131lmay\u0131 d\u00fc\u015f\u00fcn\u00fcyorsunuz ve bundan sonra ne yapaca\u011f\u0131n\u0131z\u0131      bilmiyorsan\u0131z<\/li><li>Yeni bir bebe\u011finiz oldu ve her \u015feyi do\u011fru yapmak istiyorsan\u0131z<\/li><li>Hamile iseniz ve bu konuda sormak istedi\u011finiz daha \u00e7ok \u015fey varsa<\/li><\/ul>\n\n\n\n<ul class=\"wp-block-list\"><li><\/li><\/ul>\n\n\n\n<div class=\"wp-block-columns has-2-columns -right-outside-content is-layout-flow wp-block-columns-is-layout-flow\">\n<div class=\"wp-block-column is-layout-flow wp-block-column-is-layout-flow\">\n<p>Dan\u0131\u015fmanl\u0131k hizmetine&nbsp; kat\u0131l\u0131m g\u00f6n\u00fcll\u00fc ve \u00fccretsizdir. Yap\u0131lan t\u00fcm dan\u0131\u015fma  g\u00f6r\u00fc\u015fmeleri gizlilik esas\u0131na dayan\u0131r. Gerekirse bay veya bayan terc\u00fcmanlar \u00e7a\u011fr\u0131l\u0131r. <\/p>\n\n\n\n<p>Sertifikal\u0131 bay ve bayan dan\u0131\u015fmanlar\u0131m\u0131z, Sosyal hizmetler, psikologlar ve Pedagoglardan olu\u015fur.  &#8220;Federal E\u011fitim Dan\u0131\u015fmanl\u0131\u011f\u0131 Konferans\u0131&#8221; n\u0131n &#8220;Kalite standard\u0131na sahiptir&#8221; &nbsp;Sertifikas\u0131na sahibiz.  <\/p>\n\n\n\n<div class=\"wp-block-erv-download -show-file-extension\"><span aria-hidden=\"true\"><span class=\"file-extension\">pdf<\/span><\/span><div class=\"title-and-description\"><p class=\"download-title -inverted-link-style\"><a href=\"https:\/\/evangelische-beratung.com\/tr\/wp-content\/uploads\/sites\/8\/2020\/01\/Download-zu-Text-Familie-und-Erziehung-Infos-und-Datenschutzerklaerung-07_2019.pdf\" target=\"_blank\" rel=\"noopener noreferrer\">Infoblatt Datenschutz<\/a><\/p><\/div><\/div>\n<\/div>\n\n\n\n<div class=\"wp-block-column is-layout-flow wp-block-column-is-layout-flow\">\n<figure class=\"wp-block-image is-resized\"><img loading=\"lazy\" decoding=\"async\" src=\"https:\/\/evangelische-beratung.com\/tr\/wp-content\/uploads\/sites\/8\/2019\/08\/BKE_SIEGEL.svg\" alt=\"\" class=\"wp-image-133\" width=\"184\" height=\"184\" \/><\/figure>\n<\/div>\n<\/div>\n\n\n\n<div class=\"wp-block-columns alignwide has-3-columns is-layout-flex wp-container-core-columns-is-layout-9d6595d7 wp-block-columns-is-layout-flex\">\n<div class=\"wp-block-column is-layout-flow wp-block-column-is-layout-flow\"><div class=\"wp-block-erv-tile \">\n\t\t\t<div>\n\t\t\t<a href=\"https:\/\/evangelische-beratung.com\/tr\/aile-cocuk-gencler\/familie-erziehung\/gruppenangebot-fuer-trennungskinder\/\" tabindex=\"-1\" aria-hidden=\"true\" ><\/a>\n\t\t\t<h2 class=\"tile-title\"><a href=\"https:\/\/evangelische-beratung.com\/tr\/aile-cocuk-gencler\/familie-erziehung\/gruppenangebot-fuer-trennungskinder\/\" >Ayr\u0131l\u0131k \u00e7ocuklar\u0131 i\u00e7in grup teklifi<\/a><\/h2>\n\t\t\t\n\t\t\t<p aria-hidden=\"true\" class=\"-is-micro\"><svg xmlns=\"http:\/\/www.w3.org\/2000\/svg\" viewBox=\"0 0 13 10\"><path d=\"M1.5 5H12M8 1l4 4-4 4\" fill=\"none\" stroke=\"#a22a45\" stroke-width=\"1.2\" stroke-linecap=\"round\" stroke-linejoin=\"round\"\/><\/svg><\/p>\n\t\t\t<\/div>\n\t\t<\/div><\/div>\n\n\n\n<div class=\"wp-block-column is-layout-flow wp-block-column-is-layout-flow\"><div class=\"wp-block-erv-tile \">\n\t\t\t<div>\n\t\t\t<a href=\"https:\/\/evangelische-beratung.com\/tr\/aile-cocuk-gencler\/familie-erziehung\/onlineberatung-fuer-eltern\/\" tabindex=\"-1\" aria-hidden=\"true\" ><\/a>\n\t\t\t<h2 class=\"tile-title\"><a href=\"https:\/\/evangelische-beratung.com\/tr\/aile-cocuk-gencler\/familie-erziehung\/onlineberatung-fuer-eltern\/\" >Ebeveynlere online- Dan\u0131\u015fma hizmeti<\/a><\/h2>\n\t\t\t\n\t\t\t<p aria-hidden=\"true\" class=\"-is-micro\"><svg xmlns=\"http:\/\/www.w3.org\/2000\/svg\" viewBox=\"0 0 13 10\"><path d=\"M1.5 5H12M8 1l4 4-4 4\" fill=\"none\" stroke=\"#a22a45\" stroke-width=\"1.2\" stroke-linecap=\"round\" stroke-linejoin=\"round\"\/><\/svg><\/p>\n\t\t\t<\/div>\n\t\t<\/div><\/div>\n\n\n\n<div class=\"wp-block-column is-layout-flow wp-block-column-is-layout-flow\"><div class=\"wp-block-erv-tile \">\n\t\t\t<div>\n\t\t\t<a href=\"https:\/\/evangelische-beratung.com\/tr\/aile-cocuk-gencler\/familie-erziehung\/elternkurs-kinder-im-blick\/\" tabindex=\"-1\" aria-hidden=\"true\" ><\/a>\n\t\t\t<h2 class=\"tile-title\"><a href=\"https:\/\/evangelische-beratung.com\/tr\/aile-cocuk-gencler\/familie-erziehung\/elternkurs-kinder-im-blick\/\" >Ebeveynkursu \u201eKinder im Blick\u201c<\/a><\/h2>\n\t\t\t\n\t\t\t<p aria-hidden=\"true\" class=\"-is-micro\"><svg xmlns=\"http:\/\/www.w3.org\/2000\/svg\" viewBox=\"0 0 13 10\"><path d=\"M1.5 5H12M8 1l4 4-4 4\" fill=\"none\" stroke=\"#a22a45\" stroke-width=\"1.2\" stroke-linecap=\"round\" stroke-linejoin=\"round\"\/><\/svg><\/p>\n\t\t\t<\/div>\n\t\t<\/div><\/div>\n<\/div>\n","protected":false},"excerpt":{"rendered":"<p>Aile ya\u015fam\u0131 ve \u00e7ocuk e\u011fitimi alanlar\u0131ndaki k\u00fc\u00e7\u00fck ve b\u00fcy\u00fck t\u00fcm&nbsp; sorunlarla kar\u015f\u0131 kar\u015f\u0131ya kalan biri olarak, bize gelmekle do\u011fruyu yapm\u0131\u015f olursunuz Burada, \u00f6rne\u011fin a\u015fa\u011f\u0131daki konularla ilgili yard\u0131m ve bilgi al\u0131nabilir: \u00c7ocu\u011funuzla ba\u015f edemiyor ve kendinizi t\u00fckenmi\u015f hissediyorsan\u0131z. \u00c7ocu\u011funuz arkada\u015flar\u0131yla, anaokulunda, okulda veya meslek e\u011fitiminde de s\u0131k\u0131nt\u0131 ya\u015f\u0131yorsa Ebeveynlik konular\u0131nda emin ve hemfikir de\u011filseniz \u00c7ocu\u011funuz ergenlik [&hellip;]<\/p>\n","protected":false},"author":3,"featured_media":97,"parent":15,"menu_order":0,"comment_status":"closed","ping_status":"closed","template":"","meta":{"footnotes":""},"class_list":["post-193","page","type-page","status-publish","has-post-thumbnail","hentry"],"yoast_head":"<!-- This site is optimized with the Yoast SEO plugin v27.4 - https:\/\/yoast.com\/product\/yoast-seo-wordpress\/ -->\n<title>Beratung Aile ve E\u011fitim in Frankfurt und Offenbach<\/title>\n<meta name=\"description\" content=\"Wir bieten Ihnen Beratung rund um das Familienleben u. die Erziehung Ihrer Kinder. Die Beratungsgespr\u00e4che sind vertraulich u. kostenlos.\" \/>\n<meta name=\"robots\" content=\"index, follow, max-snippet:-1, max-image-preview:large, max-video-preview:-1\" \/>\n<link rel=\"canonical\" href=\"https:\/\/evangelische-beratung.com\/tr\/aile-cocuk-gencler\/familie-erziehung\/\" \/>\n<meta property=\"og:locale\" content=\"tr_TR\" \/>\n<meta property=\"og:type\" content=\"article\" \/>\n<meta property=\"og:title\" content=\"Beratung Aile ve E\u011fitim in Frankfurt und Offenbach\" \/>\n<meta property=\"og:description\" content=\"Wir bieten Ihnen Beratung rund um das Familienleben u. die Erziehung Ihrer Kinder. Die Beratungsgespr\u00e4che sind vertraulich u. kostenlos.\" \/>\n<meta property=\"og:url\" content=\"https:\/\/evangelische-beratung.com\/tr\/aile-cocuk-gencler\/familie-erziehung\/\" \/>\n<meta property=\"og:site_name\" content=\"Evangelischer Regionalverband\" \/>\n<meta property=\"article:modified_time\" content=\"2020-04-16T10:31:05+00:00\" \/>\n<meta property=\"og:image\" content=\"https:\/\/evangelische-beratung.com\/tr\/wp-content\/uploads\/sites\/8\/2019\/07\/sai-de-silva-httxBNGKapo-unsplash.jpg\" \/>\n\t<meta property=\"og:image:width\" content=\"1365\" \/>\n\t<meta property=\"og:image:height\" content=\"2048\" \/>\n\t<meta property=\"og:image:type\" content=\"image\/jpeg\" \/>\n<meta name=\"twitter:card\" content=\"summary_large_image\" \/>\n<meta name=\"twitter:label1\" content=\"Tahmini okuma s\u00fcresi\" \/>\n\t<meta name=\"twitter:data1\" content=\"1 dakika\" \/>\n<script type=\"application\/ld+json\" class=\"yoast-schema-graph\">{\"@context\":\"https:\\\/\\\/schema.org\",\"@graph\":[{\"@type\":\"WebPage\",\"@id\":\"https:\\\/\\\/evangelische-beratung.com\\\/tr\\\/aile-cocuk-gencler\\\/familie-erziehung\\\/\",\"url\":\"https:\\\/\\\/evangelische-beratung.com\\\/tr\\\/aile-cocuk-gencler\\\/familie-erziehung\\\/\",\"name\":\"Beratung Aile ve E\u011fitim in Frankfurt und Offenbach\",\"isPartOf\":{\"@id\":\"https:\\\/\\\/evangelische-beratung.com\\\/tr\\\/#website\"},\"primaryImageOfPage\":{\"@id\":\"https:\\\/\\\/evangelische-beratung.com\\\/tr\\\/aile-cocuk-gencler\\\/familie-erziehung\\\/#primaryimage\"},\"image\":{\"@id\":\"https:\\\/\\\/evangelische-beratung.com\\\/tr\\\/aile-cocuk-gencler\\\/familie-erziehung\\\/#primaryimage\"},\"thumbnailUrl\":\"https:\\\/\\\/evangelische-beratung.com\\\/tr\\\/wp-content\\\/uploads\\\/sites\\\/8\\\/2019\\\/07\\\/sai-de-silva-httxBNGKapo-unsplash.jpg\",\"datePublished\":\"2019-08-15T15:04:28+00:00\",\"dateModified\":\"2020-04-16T10:31:05+00:00\",\"description\":\"Wir bieten Ihnen Beratung rund um das Familienleben u. die Erziehung Ihrer Kinder. Die Beratungsgespr\u00e4che sind vertraulich u. kostenlos.\",\"breadcrumb\":{\"@id\":\"https:\\\/\\\/evangelische-beratung.com\\\/tr\\\/aile-cocuk-gencler\\\/familie-erziehung\\\/#breadcrumb\"},\"inLanguage\":\"tr\",\"potentialAction\":[{\"@type\":\"ReadAction\",\"target\":[\"https:\\\/\\\/evangelische-beratung.com\\\/tr\\\/aile-cocuk-gencler\\\/familie-erziehung\\\/\"]}]},{\"@type\":\"ImageObject\",\"inLanguage\":\"tr\",\"@id\":\"https:\\\/\\\/evangelische-beratung.com\\\/tr\\\/aile-cocuk-gencler\\\/familie-erziehung\\\/#primaryimage\",\"url\":\"https:\\\/\\\/evangelische-beratung.com\\\/tr\\\/wp-content\\\/uploads\\\/sites\\\/8\\\/2019\\\/07\\\/sai-de-silva-httxBNGKapo-unsplash.jpg\",\"contentUrl\":\"https:\\\/\\\/evangelische-beratung.com\\\/tr\\\/wp-content\\\/uploads\\\/sites\\\/8\\\/2019\\\/07\\\/sai-de-silva-httxBNGKapo-unsplash.jpg\",\"width\":1365,\"height\":2048,\"caption\":\"Photo by Sai De Silva on Unsplash\"},{\"@type\":\"BreadcrumbList\",\"@id\":\"https:\\\/\\\/evangelische-beratung.com\\\/tr\\\/aile-cocuk-gencler\\\/familie-erziehung\\\/#breadcrumb\",\"itemListElement\":[{\"@type\":\"ListItem\",\"position\":1,\"name\":\"Startseite\",\"item\":\"https:\\\/\\\/evangelische-beratung.com\\\/tr\\\/\"},{\"@type\":\"ListItem\",\"position\":2,\"name\":\"Aile- \u00c7ocuklar -Ergenler\",\"item\":\"https:\\\/\\\/evangelische-beratung.com\\\/tr\\\/aile-cocuk-gencler\\\/\"},{\"@type\":\"ListItem\",\"position\":3,\"name\":\"Aile ve E\u011fitim\"}]},{\"@type\":\"WebSite\",\"@id\":\"https:\\\/\\\/evangelische-beratung.com\\\/tr\\\/#website\",\"url\":\"https:\\\/\\\/evangelische-beratung.com\\\/tr\\\/\",\"name\":\"Evangelischer Regionalverband\",\"description\":\"\",\"publisher\":{\"@id\":\"https:\\\/\\\/evangelische-beratung.com\\\/tr\\\/#organization\"},\"potentialAction\":[{\"@type\":\"SearchAction\",\"target\":{\"@type\":\"EntryPoint\",\"urlTemplate\":\"https:\\\/\\\/evangelische-beratung.com\\\/tr\\\/?s={search_term_string}\"},\"query-input\":{\"@type\":\"PropertyValueSpecification\",\"valueRequired\":true,\"valueName\":\"search_term_string\"}}],\"inLanguage\":\"tr\"},{\"@type\":\"Organization\",\"@id\":\"https:\\\/\\\/evangelische-beratung.com\\\/tr\\\/#organization\",\"name\":\"Evangelischer Regionalverband Frankfurt und Offenbach\",\"url\":\"https:\\\/\\\/evangelische-beratung.com\\\/tr\\\/\",\"logo\":{\"@type\":\"ImageObject\",\"inLanguage\":\"tr\",\"@id\":\"https:\\\/\\\/evangelische-beratung.com\\\/tr\\\/#\\\/schema\\\/logo\\\/image\\\/\",\"url\":\"https:\\\/\\\/evangelische-beratung.com\\\/tr\\\/wp-content\\\/uploads\\\/sites\\\/8\\\/2019\\\/10\\\/erv-logo.png\",\"contentUrl\":\"https:\\\/\\\/evangelische-beratung.com\\\/tr\\\/wp-content\\\/uploads\\\/sites\\\/8\\\/2019\\\/10\\\/erv-logo.png\",\"width\":1127,\"height\":595,\"caption\":\"Evangelischer Regionalverband Frankfurt und Offenbach\"},\"image\":{\"@id\":\"https:\\\/\\\/evangelische-beratung.com\\\/tr\\\/#\\\/schema\\\/logo\\\/image\\\/\"}}]}<\/script>\n<!-- \/ Yoast SEO plugin. -->","yoast_head_json":{"title":"Beratung Aile ve E\u011fitim in Frankfurt und Offenbach","description":"Wir bieten Ihnen Beratung rund um das Familienleben u. die Erziehung Ihrer Kinder. Die Beratungsgespr\u00e4che sind vertraulich u. kostenlos.","robots":{"index":"index","follow":"follow","max-snippet":"max-snippet:-1","max-image-preview":"max-image-preview:large","max-video-preview":"max-video-preview:-1"},"canonical":"https:\/\/evangelische-beratung.com\/tr\/aile-cocuk-gencler\/familie-erziehung\/","og_locale":"tr_TR","og_type":"article","og_title":"Beratung Aile ve E\u011fitim in Frankfurt und Offenbach","og_description":"Wir bieten Ihnen Beratung rund um das Familienleben u. die Erziehung Ihrer Kinder. Die Beratungsgespr\u00e4che sind vertraulich u. kostenlos.","og_url":"https:\/\/evangelische-beratung.com\/tr\/aile-cocuk-gencler\/familie-erziehung\/","og_site_name":"Evangelischer Regionalverband","article_modified_time":"2020-04-16T10:31:05+00:00","og_image":[{"width":1365,"height":2048,"url":"https:\/\/evangelische-beratung.com\/tr\/wp-content\/uploads\/sites\/8\/2019\/07\/sai-de-silva-httxBNGKapo-unsplash.jpg","type":"image\/jpeg"}],"twitter_card":"summary_large_image","twitter_misc":{"Tahmini okuma s\u00fcresi":"1 dakika"},"schema":{"@context":"https:\/\/schema.org","@graph":[{"@type":"WebPage","@id":"https:\/\/evangelische-beratung.com\/tr\/aile-cocuk-gencler\/familie-erziehung\/","url":"https:\/\/evangelische-beratung.com\/tr\/aile-cocuk-gencler\/familie-erziehung\/","name":"Beratung Aile ve E\u011fitim in Frankfurt und Offenbach","isPartOf":{"@id":"https:\/\/evangelische-beratung.com\/tr\/#website"},"primaryImageOfPage":{"@id":"https:\/\/evangelische-beratung.com\/tr\/aile-cocuk-gencler\/familie-erziehung\/#primaryimage"},"image":{"@id":"https:\/\/evangelische-beratung.com\/tr\/aile-cocuk-gencler\/familie-erziehung\/#primaryimage"},"thumbnailUrl":"https:\/\/evangelische-beratung.com\/tr\/wp-content\/uploads\/sites\/8\/2019\/07\/sai-de-silva-httxBNGKapo-unsplash.jpg","datePublished":"2019-08-15T15:04:28+00:00","dateModified":"2020-04-16T10:31:05+00:00","description":"Wir bieten Ihnen Beratung rund um das Familienleben u. die Erziehung Ihrer Kinder. Die Beratungsgespr\u00e4che sind vertraulich u. kostenlos.","breadcrumb":{"@id":"https:\/\/evangelische-beratung.com\/tr\/aile-cocuk-gencler\/familie-erziehung\/#breadcrumb"},"inLanguage":"tr","potentialAction":[{"@type":"ReadAction","target":["https:\/\/evangelische-beratung.com\/tr\/aile-cocuk-gencler\/familie-erziehung\/"]}]},{"@type":"ImageObject","inLanguage":"tr","@id":"https:\/\/evangelische-beratung.com\/tr\/aile-cocuk-gencler\/familie-erziehung\/#primaryimage","url":"https:\/\/evangelische-beratung.com\/tr\/wp-content\/uploads\/sites\/8\/2019\/07\/sai-de-silva-httxBNGKapo-unsplash.jpg","contentUrl":"https:\/\/evangelische-beratung.com\/tr\/wp-content\/uploads\/sites\/8\/2019\/07\/sai-de-silva-httxBNGKapo-unsplash.jpg","width":1365,"height":2048,"caption":"Photo by Sai De Silva on Unsplash"},{"@type":"BreadcrumbList","@id":"https:\/\/evangelische-beratung.com\/tr\/aile-cocuk-gencler\/familie-erziehung\/#breadcrumb","itemListElement":[{"@type":"ListItem","position":1,"name":"Startseite","item":"https:\/\/evangelische-beratung.com\/tr\/"},{"@type":"ListItem","position":2,"name":"Aile- \u00c7ocuklar -Ergenler","item":"https:\/\/evangelische-beratung.com\/tr\/aile-cocuk-gencler\/"},{"@type":"ListItem","position":3,"name":"Aile ve E\u011fitim"}]},{"@type":"WebSite","@id":"https:\/\/evangelische-beratung.com\/tr\/#website","url":"https:\/\/evangelische-beratung.com\/tr\/","name":"Evangelischer Regionalverband","description":"","publisher":{"@id":"https:\/\/evangelische-beratung.com\/tr\/#organization"},"potentialAction":[{"@type":"SearchAction","target":{"@type":"EntryPoint","urlTemplate":"https:\/\/evangelische-beratung.com\/tr\/?s={search_term_string}"},"query-input":{"@type":"PropertyValueSpecification","valueRequired":true,"valueName":"search_term_string"}}],"inLanguage":"tr"},{"@type":"Organization","@id":"https:\/\/evangelische-beratung.com\/tr\/#organization","name":"Evangelischer Regionalverband Frankfurt und Offenbach","url":"https:\/\/evangelische-beratung.com\/tr\/","logo":{"@type":"ImageObject","inLanguage":"tr","@id":"https:\/\/evangelische-beratung.com\/tr\/#\/schema\/logo\/image\/","url":"https:\/\/evangelische-beratung.com\/tr\/wp-content\/uploads\/sites\/8\/2019\/10\/erv-logo.png","contentUrl":"https:\/\/evangelische-beratung.com\/tr\/wp-content\/uploads\/sites\/8\/2019\/10\/erv-logo.png","width":1127,"height":595,"caption":"Evangelischer Regionalverband Frankfurt und Offenbach"},"image":{"@id":"https:\/\/evangelische-beratung.com\/tr\/#\/schema\/logo\/image\/"}}]}},"_links":{"self":[{"href":"https:\/\/evangelische-beratung.com\/tr\/wp-json\/wp\/v2\/pages\/193","targetHints":{"allow":["GET"]}}],"collection":[{"href":"https:\/\/evangelische-beratung.com\/tr\/wp-json\/wp\/v2\/pages"}],"about":[{"href":"https:\/\/evangelische-beratung.com\/tr\/wp-json\/wp\/v2\/types\/page"}],"author":[{"embeddable":true,"href":"https:\/\/evangelische-beratung.com\/tr\/wp-json\/wp\/v2\/users\/3"}],"replies":[{"embeddable":true,"href":"https:\/\/evangelische-beratung.com\/tr\/wp-json\/wp\/v2\/comments?post=193"}],"version-history":[{"count":3,"href":"https:\/\/evangelische-beratung.com\/tr\/wp-json\/wp\/v2\/pages\/193\/revisions"}],"predecessor-version":[{"id":1539,"href":"https:\/\/evangelische-beratung.com\/tr\/wp-json\/wp\/v2\/pages\/193\/revisions\/1539"}],"up":[{"embeddable":true,"href":"https:\/\/evangelische-beratung.com\/tr\/wp-json\/wp\/v2\/pages\/15"}],"wp:featuredmedia":[{"embeddable":true,"href":"https:\/\/evangelische-beratung.com\/tr\/wp-json\/wp\/v2\/media\/97"}],"wp:attachment":[{"href":"https:\/\/evangelische-beratung.com\/tr\/wp-json\/wp\/v2\/media?parent=193"}],"curies":[{"name":"wp","href":"https:\/\/api.w.org\/{rel}","templated":true}]}}