{"id":12,"date":"2019-07-12T11:06:38","date_gmt":"2019-07-12T09:06:38","guid":{"rendered":"https:\/\/erv.test\/?page_id=11"},"modified":"2026-04-14T09:41:24","modified_gmt":"2026-04-14T07:41:24","slug":"ehrenamt","status":"publish","type":"page","link":"https:\/\/evangelische-beratung.com\/tr\/ehrenamt\/","title":{"rendered":"Fahri G\u00f6rev"},"content":{"rendered":"\n<h2 class=\"wp-block-heading\">Fahri olarak \u00c7al\u0131\u015fman\u0131n \u00e7ok t\u00fcrl\u00fc sebepleri vard\u0131r<\/h2>\n\n\n\n<ul class=\"wp-block-list\"><li>Emekli olupta, fahri olarak kendinize bir Me\u015fgale ar\u0131yorsan\u0131z.<\/li><li>Deneyimlerinizi, becerilerinizi, bilgilerinizi ve zaman\u0131n\u0131z\u0131  di\u011fer insanlar\u0131n yarar\u0131  i\u00e7in kullanmak istermisiniz?<\/li><li>G\u00fcnl\u00fck i\u015f hayat\u0131n\u0131za e\u015fit bir denge ar\u0131yorsan\u0131z?<\/li><\/ul>\n\n\n\n<p>Size, Fahri i\u015fe al\u0131\u015ft\u0131rmak i\u00e7in, \u00e7al\u0131\u015fman\u0131zda refaket\u00e7ilik eder ve ileri e\u011fitim konular\u0131nda, geni\u015f kapsaml\u0131 destek sunar\u0131z <\/p>\n\n\n\n<h2 class=\"wp-block-heading\">Ne kadar zaman\u0131n\u0131z var?<\/h2>\n\n\n\n<p> G\u00f6n\u00fcll\u00fc olarak yapmak istedi\u011finiz i\u015fin kapsam\u0131n\u0131, bireysel olarak bay, bayan dan\u0131\u015fmanlar\u0131m\u0131zla ayarlar\u0131z. Genellikle, fahri olarak yapmak istedi\u011finiz i\u015f ve \u00e7al\u0131\u015fma Alan\u0131 arzunuza ve ki\u015fisel imkanlar\u0131n\u0131za g\u00f6re y\u00f6neliktir. <\/p>\n\n\n\n<h2 class=\"wp-block-heading\">G\u00f6n\u00fcll\u00fc olarak yapmak istenilen i\u015f  imkanlar\u0131<\/h2>\n\n\n\n<p>Kurumlar\u0131m\u0131zda,  G\u00f6n\u00fcll\u00fc olarak \u00e7ok \u00e7e\u015fitli,  i\u015f ve \u00e7al\u0131\u015fma Alanlar\u0131 mevcuttur.  Kurum elemanlar\u0131m\u0131z, ba\u011flay\u0131c\u0131 olmaks\u0131z\u0131n, sizi bu konuda, ilk G\u00f6r\u00fc\u015fme de bilgilendirirler. Daha fazla bilgi Burada mevcuttur:<\/p>\n\n\n\n<h2 class=\"wp-block-heading\"><strong>Suchtselbsthilfe\n\u201eFreundeskreis Frankfurt und Offenbach\u201c <\/strong><\/h2>\n\n\n\n<p>Menschen, die selbst einen Weg aus der Sucht gefunden haben, spielen eine wichtige Rolle bei der Unterst\u00fctzung von Menschen mit Alkoholproblemen und anderen Suchterkrankungen. Sie engagieren sich als ehrenamtliche Mitarbeiter*innen und stellen ihre Kenntnisse und Erfahrungen zur Verf\u00fcgung. Sie wissen, wovon sie sprechen. Schlie\u00dflich waren sie selbst abh\u00e4ngig und haben sich dar\u00fcber hinaus im Rahmen einer Schulung f\u00fcr ehrenamtliche Suchthelfer f\u00fcr ihre Aufgabe qualifiziert. <\/p>\n\n\n\n<p><strong>Erfahren Sie hier mehr \u00fcber die ehrenamtlichen Freundeskreise der evangelischen Suchtselbsthilfe Frankfurt und Offenbach<\/strong>:<\/p>\n\n\n<div class=\"wp-block-erv-tile \">\n\t\t\t<div>\n\t\t\t<a href=\"https:\/\/evangelische-beratung.com\/tr\/sucht\/alkohol\/suchtselbsthilfe-freundeskreis-frankfurt-und-offenbach\/\" tabindex=\"-1\" aria-hidden=\"true\"  target=\"_blank\"><\/a>\n\t\t\t<h2 class=\"tile-title\"><a href=\"https:\/\/evangelische-beratung.com\/tr\/sucht\/alkohol\/suchtselbsthilfe-freundeskreis-frankfurt-und-offenbach\/\"  target=\"_blank\"><\/a><\/h2>\n\t\t\t\n\t\t\t<p aria-hidden=\"true\" class=\"-is-micro\">Go to website<svg xmlns=\"http:\/\/www.w3.org\/2000\/svg\" viewBox=\"0 0 13 10\"><path d=\"M1.5 5H12M8 1l4 4-4 4\" fill=\"none\" stroke=\"#a22a45\" stroke-width=\"1.2\" stroke-linecap=\"round\" stroke-linejoin=\"round\"\/><\/svg><\/p>\n\t\t\t<\/div>\n\t\t<\/div>\n\n\n<h2 class=\"wp-block-heading\"><strong>Socius\nMentorenprogramm<\/strong><\/h2>\n\n\n\n<p>Seit 2012 bilden wir im SOCIUS Mentorenprogramm Ehrenamtliche zu Mentor*innen aus. Die Ehrenamtlichen unterst\u00fctzen Migrant*innen sowie Gefl\u00fcchtete, allesamt Klient*innen der Migrations- und Fl\u00fcchtlingsberatung des Evangelischen Regionalverbandes Frankfurt und Offenbach, in ihrem Alltag. Auf diese Aufgabe werden sie in mehreren Abend-, Tages- und Wochenendseminaren \u00fcber ein Jahr hinweg intensiv vorbereitet. <\/p>\n\n\n\n<p><strong>Erfahren Sie mehr \u00fcber das Ausbildungsprogramm<\/strong>:<\/p>\n\n\n\n<div class=\"wp-block-columns has-2-columns is-layout-flex wp-container-core-columns-is-layout-9d6595d7 wp-block-columns-is-layout-flex\">\n<div class=\"wp-block-column is-layout-flow wp-block-column-is-layout-flow\"><div class=\"wp-block-erv-tile \">\n\t\t\t<div>\n\t\t\t<a href=\"https:\/\/evangelische-beratung.com\/tr\/migration-flucht\/mentorenprogramm-socius\/\" tabindex=\"-1\" aria-hidden=\"true\" ><\/a>\n\t\t\t<h2 class=\"tile-title\"><a href=\"https:\/\/evangelische-beratung.com\/tr\/migration-flucht\/mentorenprogramm-socius\/\" >Ment\u00f6r program\u0131 SOCIUS<\/a><\/h2>\n\t\t\t\n\t\t\t<p aria-hidden=\"true\" class=\"-is-micro\"><svg xmlns=\"http:\/\/www.w3.org\/2000\/svg\" viewBox=\"0 0 13 10\"><path d=\"M1.5 5H12M8 1l4 4-4 4\" fill=\"none\" stroke=\"#a22a45\" stroke-width=\"1.2\" stroke-linecap=\"round\" stroke-linejoin=\"round\"\/><\/svg><\/p>\n\t\t\t<\/div>\n\t\t<\/div><\/div>\n\n\n\n<div class=\"wp-block-column is-layout-flow wp-block-column-is-layout-flow\"><div class=\"wp-block-erv-tile \">\n\t\t\t<div>\n\t\t\t<a href=\"https:\/\/www.efo-magazin.de\/kirche\/wer-wir-sind\/ev-regionalverband\/fachbereich-i-beratung-bildung-jugend\/die-arbeitsbereiche-und-einrichtungen\/socius\/\" tabindex=\"-1\" aria-hidden=\"true\"  target=\"_blank\"><\/a>\n\t\t\t<h2 class=\"tile-title\"><a href=\"https:\/\/www.efo-magazin.de\/kirche\/wer-wir-sind\/ev-regionalverband\/fachbereich-i-beratung-bildung-jugend\/die-arbeitsbereiche-und-einrichtungen\/socius\/\"  target=\"_blank\">SOCIUS im EFO MAGAZIN<\/a><\/h2>\n\t\t\t\n\t\t\t<p aria-hidden=\"true\" class=\"-is-micro\">Go to website<svg xmlns=\"http:\/\/www.w3.org\/2000\/svg\" viewBox=\"0 0 13 10\"><path d=\"M1.5 5H12M8 1l4 4-4 4\" fill=\"none\" stroke=\"#a22a45\" stroke-width=\"1.2\" stroke-linecap=\"round\" stroke-linejoin=\"round\"\/><\/svg><\/p>\n\t\t\t<\/div>\n\t\t<\/div><\/div>\n<\/div>\n","protected":false},"excerpt":{"rendered":"<p>Fahri olarak \u00c7al\u0131\u015fman\u0131n \u00e7ok t\u00fcrl\u00fc sebepleri vard\u0131r Emekli olupta, fahri olarak kendinize bir Me\u015fgale ar\u0131yorsan\u0131z. Deneyimlerinizi, becerilerinizi, bilgilerinizi ve zaman\u0131n\u0131z\u0131 di\u011fer insanlar\u0131n yarar\u0131 i\u00e7in kullanmak istermisiniz? G\u00fcnl\u00fck i\u015f hayat\u0131n\u0131za e\u015fit bir denge ar\u0131yorsan\u0131z? Size, Fahri i\u015fe al\u0131\u015ft\u0131rmak i\u00e7in, \u00e7al\u0131\u015fman\u0131zda refaket\u00e7ilik eder ve ileri e\u011fitim konular\u0131nda, geni\u015f kapsaml\u0131 destek sunar\u0131z Ne kadar zaman\u0131n\u0131z var? G\u00f6n\u00fcll\u00fc olarak [&hellip;]<\/p>\n","protected":false},"author":36,"featured_media":0,"parent":0,"menu_order":0,"comment_status":"closed","ping_status":"closed","template":"","meta":{"footnotes":""},"class_list":["post-12","page","type-page","status-publish","hentry"],"yoast_head":"<!-- This site is optimized with the Yoast SEO plugin v27.5 - https:\/\/yoast.com\/product\/yoast-seo-wordpress\/ -->\n<title>Ehrenamtliches Engagement<\/title>\n<meta name=\"description\" content=\"Wir bieten Ihnen in unseren Einrichtungen verschiedene M\u00f6glichkeiten, sich ehrenamtlich zu engagieren. Wir freuen uns auf Ihren Kontakt!\" \/>\n<meta name=\"robots\" content=\"index, follow, max-snippet:-1, max-image-preview:large, max-video-preview:-1\" \/>\n<link rel=\"canonical\" href=\"https:\/\/evangelische-beratung.com\/tr\/ehrenamt\/\" \/>\n<meta property=\"og:locale\" content=\"tr_TR\" \/>\n<meta property=\"og:type\" content=\"article\" \/>\n<meta property=\"og:title\" content=\"Ehrenamtliches Engagement\" \/>\n<meta property=\"og:description\" content=\"Wir bieten Ihnen in unseren Einrichtungen verschiedene M\u00f6glichkeiten, sich ehrenamtlich zu engagieren. Wir freuen uns auf Ihren Kontakt!\" \/>\n<meta property=\"og:url\" content=\"https:\/\/evangelische-beratung.com\/tr\/ehrenamt\/\" \/>\n<meta property=\"og:site_name\" content=\"Evangelischer Regionalverband\" \/>\n<meta property=\"article:modified_time\" content=\"2026-04-14T07:41:24+00:00\" \/>\n<meta name=\"twitter:card\" content=\"summary_large_image\" \/>\n<meta name=\"twitter:label1\" content=\"Tahmini okuma s\u00fcresi\" \/>\n\t<meta name=\"twitter:data1\" content=\"2 dakika\" \/>\n<script type=\"application\/ld+json\" class=\"yoast-schema-graph\">{\"@context\":\"https:\\\/\\\/schema.org\",\"@graph\":[{\"@type\":\"WebPage\",\"@id\":\"https:\\\/\\\/evangelische-beratung.com\\\/tr\\\/ehrenamt\\\/\",\"url\":\"https:\\\/\\\/evangelische-beratung.com\\\/tr\\\/ehrenamt\\\/\",\"name\":\"Ehrenamtliches Engagement\",\"isPartOf\":{\"@id\":\"https:\\\/\\\/evangelische-beratung.com\\\/tr\\\/#website\"},\"datePublished\":\"2019-07-12T09:06:38+00:00\",\"dateModified\":\"2026-04-14T07:41:24+00:00\",\"description\":\"Wir bieten Ihnen in unseren Einrichtungen verschiedene M\u00f6glichkeiten, sich ehrenamtlich zu engagieren. Wir freuen uns auf Ihren Kontakt!\",\"breadcrumb\":{\"@id\":\"https:\\\/\\\/evangelische-beratung.com\\\/tr\\\/ehrenamt\\\/#breadcrumb\"},\"inLanguage\":\"tr\",\"potentialAction\":[{\"@type\":\"ReadAction\",\"target\":[\"https:\\\/\\\/evangelische-beratung.com\\\/tr\\\/ehrenamt\\\/\"]}]},{\"@type\":\"BreadcrumbList\",\"@id\":\"https:\\\/\\\/evangelische-beratung.com\\\/tr\\\/ehrenamt\\\/#breadcrumb\",\"itemListElement\":[{\"@type\":\"ListItem\",\"position\":1,\"name\":\"Startseite\",\"item\":\"https:\\\/\\\/evangelische-beratung.com\\\/tr\\\/\"},{\"@type\":\"ListItem\",\"position\":2,\"name\":\"Fahri G\u00f6rev\"}]},{\"@type\":\"WebSite\",\"@id\":\"https:\\\/\\\/evangelische-beratung.com\\\/tr\\\/#website\",\"url\":\"https:\\\/\\\/evangelische-beratung.com\\\/tr\\\/\",\"name\":\"Evangelischer Regionalverband\",\"description\":\"\",\"publisher\":{\"@id\":\"https:\\\/\\\/evangelische-beratung.com\\\/tr\\\/#organization\"},\"potentialAction\":[{\"@type\":\"SearchAction\",\"target\":{\"@type\":\"EntryPoint\",\"urlTemplate\":\"https:\\\/\\\/evangelische-beratung.com\\\/tr\\\/?s={search_term_string}\"},\"query-input\":{\"@type\":\"PropertyValueSpecification\",\"valueRequired\":true,\"valueName\":\"search_term_string\"}}],\"inLanguage\":\"tr\"},{\"@type\":\"Organization\",\"@id\":\"https:\\\/\\\/evangelische-beratung.com\\\/tr\\\/#organization\",\"name\":\"Evangelischer Regionalverband Frankfurt und Offenbach\",\"url\":\"https:\\\/\\\/evangelische-beratung.com\\\/tr\\\/\",\"logo\":{\"@type\":\"ImageObject\",\"inLanguage\":\"tr\",\"@id\":\"https:\\\/\\\/evangelische-beratung.com\\\/tr\\\/#\\\/schema\\\/logo\\\/image\\\/\",\"url\":\"https:\\\/\\\/evangelische-beratung.com\\\/tr\\\/wp-content\\\/uploads\\\/sites\\\/8\\\/2019\\\/10\\\/erv-logo.png\",\"contentUrl\":\"https:\\\/\\\/evangelische-beratung.com\\\/tr\\\/wp-content\\\/uploads\\\/sites\\\/8\\\/2019\\\/10\\\/erv-logo.png\",\"width\":1127,\"height\":595,\"caption\":\"Evangelischer Regionalverband Frankfurt und Offenbach\"},\"image\":{\"@id\":\"https:\\\/\\\/evangelische-beratung.com\\\/tr\\\/#\\\/schema\\\/logo\\\/image\\\/\"}}]}<\/script>\n<!-- \/ Yoast SEO plugin. -->","yoast_head_json":{"title":"Ehrenamtliches Engagement","description":"Wir bieten Ihnen in unseren Einrichtungen verschiedene M\u00f6glichkeiten, sich ehrenamtlich zu engagieren. Wir freuen uns auf Ihren Kontakt!","robots":{"index":"index","follow":"follow","max-snippet":"max-snippet:-1","max-image-preview":"max-image-preview:large","max-video-preview":"max-video-preview:-1"},"canonical":"https:\/\/evangelische-beratung.com\/tr\/ehrenamt\/","og_locale":"tr_TR","og_type":"article","og_title":"Ehrenamtliches Engagement","og_description":"Wir bieten Ihnen in unseren Einrichtungen verschiedene M\u00f6glichkeiten, sich ehrenamtlich zu engagieren. Wir freuen uns auf Ihren Kontakt!","og_url":"https:\/\/evangelische-beratung.com\/tr\/ehrenamt\/","og_site_name":"Evangelischer Regionalverband","article_modified_time":"2026-04-14T07:41:24+00:00","twitter_card":"summary_large_image","twitter_misc":{"Tahmini okuma s\u00fcresi":"2 dakika"},"schema":{"@context":"https:\/\/schema.org","@graph":[{"@type":"WebPage","@id":"https:\/\/evangelische-beratung.com\/tr\/ehrenamt\/","url":"https:\/\/evangelische-beratung.com\/tr\/ehrenamt\/","name":"Ehrenamtliches Engagement","isPartOf":{"@id":"https:\/\/evangelische-beratung.com\/tr\/#website"},"datePublished":"2019-07-12T09:06:38+00:00","dateModified":"2026-04-14T07:41:24+00:00","description":"Wir bieten Ihnen in unseren Einrichtungen verschiedene M\u00f6glichkeiten, sich ehrenamtlich zu engagieren. Wir freuen uns auf Ihren Kontakt!","breadcrumb":{"@id":"https:\/\/evangelische-beratung.com\/tr\/ehrenamt\/#breadcrumb"},"inLanguage":"tr","potentialAction":[{"@type":"ReadAction","target":["https:\/\/evangelische-beratung.com\/tr\/ehrenamt\/"]}]},{"@type":"BreadcrumbList","@id":"https:\/\/evangelische-beratung.com\/tr\/ehrenamt\/#breadcrumb","itemListElement":[{"@type":"ListItem","position":1,"name":"Startseite","item":"https:\/\/evangelische-beratung.com\/tr\/"},{"@type":"ListItem","position":2,"name":"Fahri G\u00f6rev"}]},{"@type":"WebSite","@id":"https:\/\/evangelische-beratung.com\/tr\/#website","url":"https:\/\/evangelische-beratung.com\/tr\/","name":"Evangelischer Regionalverband","description":"","publisher":{"@id":"https:\/\/evangelische-beratung.com\/tr\/#organization"},"potentialAction":[{"@type":"SearchAction","target":{"@type":"EntryPoint","urlTemplate":"https:\/\/evangelische-beratung.com\/tr\/?s={search_term_string}"},"query-input":{"@type":"PropertyValueSpecification","valueRequired":true,"valueName":"search_term_string"}}],"inLanguage":"tr"},{"@type":"Organization","@id":"https:\/\/evangelische-beratung.com\/tr\/#organization","name":"Evangelischer Regionalverband Frankfurt und Offenbach","url":"https:\/\/evangelische-beratung.com\/tr\/","logo":{"@type":"ImageObject","inLanguage":"tr","@id":"https:\/\/evangelische-beratung.com\/tr\/#\/schema\/logo\/image\/","url":"https:\/\/evangelische-beratung.com\/tr\/wp-content\/uploads\/sites\/8\/2019\/10\/erv-logo.png","contentUrl":"https:\/\/evangelische-beratung.com\/tr\/wp-content\/uploads\/sites\/8\/2019\/10\/erv-logo.png","width":1127,"height":595,"caption":"Evangelischer Regionalverband Frankfurt und Offenbach"},"image":{"@id":"https:\/\/evangelische-beratung.com\/tr\/#\/schema\/logo\/image\/"}}]}},"_links":{"self":[{"href":"https:\/\/evangelische-beratung.com\/tr\/wp-json\/wp\/v2\/pages\/12","targetHints":{"allow":["GET"]}}],"collection":[{"href":"https:\/\/evangelische-beratung.com\/tr\/wp-json\/wp\/v2\/pages"}],"about":[{"href":"https:\/\/evangelische-beratung.com\/tr\/wp-json\/wp\/v2\/types\/page"}],"author":[{"embeddable":true,"href":"https:\/\/evangelische-beratung.com\/tr\/wp-json\/wp\/v2\/users\/36"}],"replies":[{"embeddable":true,"href":"https:\/\/evangelische-beratung.com\/tr\/wp-json\/wp\/v2\/comments?post=12"}],"version-history":[{"count":2,"href":"https:\/\/evangelische-beratung.com\/tr\/wp-json\/wp\/v2\/pages\/12\/revisions"}],"predecessor-version":[{"id":1576,"href":"https:\/\/evangelische-beratung.com\/tr\/wp-json\/wp\/v2\/pages\/12\/revisions\/1576"}],"wp:attachment":[{"href":"https:\/\/evangelische-beratung.com\/tr\/wp-json\/wp\/v2\/media?parent=12"}],"curies":[{"name":"wp","href":"https:\/\/api.w.org\/{rel}","templated":true}]}}