{"id":11,"date":"2019-07-12T11:06:30","date_gmt":"2019-07-12T09:06:30","guid":{"rendered":"https:\/\/erv.test\/?page_id=10"},"modified":"2026-04-14T09:41:23","modified_gmt":"2026-04-14T07:41:23","slug":"offene-stellen","status":"publish","type":"page","link":"https:\/\/evangelische-beratung.com\/tr\/offene-stellen\/","title":{"rendered":"A\u00e7\u0131k Pozisyonlar"},"content":{"rendered":"\n<p style=\"text-align:center\" class=\"is-style-teaser\">Bizde, \u0130\u015f ba\u015fvurusunda bulunmak istiyorsan\u0131z? Burada, A\u00e7\u0131k Pozisyonlar.  Ba\u015fvurunuza seviniriz. <\/p>\n\n\n\n<p><\/p>\n\n\n\n<p><\/p>\n\n\n\n<div class=\"wp-block-image\"><figure class=\"aligncenter is-resized\"><img loading=\"lazy\" decoding=\"async\" src=\"https:\/\/evangelische-beratung.com\/tr\/wp-content\/uploads\/sites\/8\/2019\/09\/jobs-1024x680.jpg\" alt=\"\" class=\"wp-image-599\" width=\"337\" height=\"224\" srcset=\"https:\/\/evangelische-beratung.com\/tr\/wp-content\/uploads\/sites\/8\/2019\/09\/jobs-1024x680.jpg 1024w, https:\/\/evangelische-beratung.com\/tr\/wp-content\/uploads\/sites\/8\/2019\/09\/jobs-300x199.jpg 300w, https:\/\/evangelische-beratung.com\/tr\/wp-content\/uploads\/sites\/8\/2019\/09\/jobs-768x510.jpg 768w, https:\/\/evangelische-beratung.com\/tr\/wp-content\/uploads\/sites\/8\/2019\/09\/jobs-720x480.jpg 720w, https:\/\/evangelische-beratung.com\/tr\/wp-content\/uploads\/sites\/8\/2019\/09\/jobs.jpg 1920w\" sizes=\"auto, (max-width: 337px) 100vw, 337px\" \/><\/figure><\/div>\n\n\n\n<p>E\u011fitimli personeli ve sundu\u011fu kaliteli hizmet anlay\u0131\u015f\u0131 yan\u0131 s\u0131ra, mesleki \u00f6zverileriyle, 50&#8217;den fazla, tam zamanl\u0131 \u00e7al\u0131\u015fan Kadromuz, her y\u0131l, acil Kriz- ve ge\u00e7ici Krizdurumlarda bulunan 6.000&#8217;den fazla ki\u015fiye, profesyonel- ve ya\u015fam boyu refaket\u00e7i dan\u0131\u015fmanl\u0131k hizmeti vermektedir. <\/p>\n\n\n\n<p>\u00c7al\u0131\u015fan Kadromuza, D\u00fczenli olarak s\u00fcpervizyonlar, bireysel ileri e\u011fitim ve Hizmeti\u00e7i E\u011fitim deste\u011finin yan\u0131 s\u0131ra, i\u015fveren taraf\u0131ndan finanse edilen, ek emekli ayl\u0131klar\u0131 ve Aile te\u015fvik Ek yard\u0131mlar\u0131 da sunuyoruz.<\/p>\n\n\n\n<p>Evangelisches Zentrum f\u00fcr Beratung &#8211; H\u00f6chst i\u00e7in,  yak\u0131n bir zamanda a\u015fa\u011f\u0131da niteli\u011f\u0131i  belirtilen Eleman al\u0131nacakt\u0131r,<\/p>\n\n\n\n<p><strong>Sozialarbeiter\/Sozialp\u00e4dagogen im Anerkennungsjahr (m\/w\/d) (100%)<\/strong><\/p>\n\n\n\n<p><strong>f\u00fcr\ndie Sozialberatung f\u00fcr Migranten und Fl\u00fcchtlinge in Frankfurt-H\u00f6chst<\/strong><\/p>\n\n\n\n<p>Die\nSozialberatung f\u00fcr Migranten und Fl\u00fcchtlinge ist ein Fachdienst mit 300%\nBerater*innenstellen und einer 50% Verwaltungsstelle im Evangelischen Zentrum\nf\u00fcr Beratung in H\u00f6chst. Das Fachteam ber\u00e4t Migrant*innen und Gefl\u00fcchtete bei\nFragen der Sicherung der sozialen Existenz und des aufenthaltsrechtlichen\nStatus. Ziele der Beratung sind Krisen und Notlagen zu \u00fcberwinden, die\nIntegration zu f\u00f6rdern und Ratsuchende in der Selbsthilfe zu st\u00e4rken.<\/p>\n\n\n\n<p><strong>Ihre Aufgaben<\/strong><\/p>\n\n\n\n<ul class=\"wp-block-list\"><li>Unterst\u00fctzung\n     des Teams bei der Beratung f\u00fcr Migrant*innen und Gefl\u00fcchtete<\/li><li>Unterst\u00fctzung\n     des Teams bei Verwaltungsaufgaben und Dokumentation<\/li><li>telefonische\n     und pers\u00f6nliche Annahme der Anmeldungen von Ratsuchenden<\/li><li>Erfassung\n     und Aufbereitung anonymisierter statistischer Daten<\/li><li>Planung\n     und Durchf\u00fchrung von Gruppenangeboten<\/li><li>Netzwerkarbeit\n     und Kooperation mit sozialen Einrichtungen und Beh\u00f6rden<\/li><\/ul>\n\n\n\n<p><strong>Ihr Profil<\/strong><\/p>\n\n\n\n<ul class=\"wp-block-list\"><li>Abgeschlossenes\n     Studium der Sozialen Arbeit\/Sozialp\u00e4dagogik <\/li><li>Engagiertes\n     und kooperatives Arbeiten<\/li><li>ausgepr\u00e4gte\n     Kommunikations- und Vermittlungsf\u00e4higkeiten<\/li><li>Sensibilit\u00e4t\n     im Umgang mit Menschen in Krisen<\/li><li>kommunikative\n     und interkulturelle Kompetenz<\/li><li>Gute\n     EDV-Kenntnisse<\/li><\/ul>\n\n\n\n<p><strong>Wir bieten<\/strong><\/p>\n\n\n\n<ul class=\"wp-block-list\"><li>Zusammenarbeit mit engagierten und an\nchristlichen Werten orientierten Kolleg*innen<\/li><li>regelm\u00e4\u00dfige Supervision, Fort- und\nWeiterbildung<\/li><li>Verg\u00fctung nach Kirchlicher\nDienstvertragsordnung (KDO) und eine arbeitgeberfinanzierte zus\u00e4tzliche\nAltersversorgung sowie weitere familienf\u00f6rdernde Zusatzleistungen<\/li><\/ul>\n\n\n\n<p>Bewerbungen\nvon Menschen aller Nationalit\u00e4ten sind ausdr\u00fccklich erw\u00fcnscht.<\/p>\n\n\n\n<p>Schwerbehinderte Bewerberinnen und Bewerber werden bei\ngleicher Eignung besonders ber\u00fccksichtigt. Diskriminierungsfreie\nBewerbungsverfahren nach dem AGG sind in der Evangelischen Kirche in Hessen und\nNassau (EKHN) Standard.<\/p>\n\n\n\n<p>F\u00fcr\nweitere Informationen wenden Sie sich bitte an das Evangelische Zentrum f\u00fcr\nBeratung in H\u00f6chst, Frau Melanie Vogel, Fachdienstleitung, Tel.: 069 759367240,\n<br>\nE-Mail: <a href=\"&#109;&#97;&#x69;&#x6c;&#116;&#111;&#x3a;&#x4d;&#101;&#108;&#x61;&#x6e;&#105;&#101;&#x2e;&#x56;&#111;&#103;&#x65;&#x6c;&#64;&#102;&#x72;&#x61;&#110;&#107;&#x66;&#x75;&#114;&#116;&#x2d;&#x65;&#118;&#97;&#x6e;&#x67;&#101;&#108;&#x69;&#x73;&#99;&#104;&#x2e;&#x64;&#101;\">&#77;&#x65;&#108;&#x61;&#110;&#x69;&#101;&#x2e;&#86;&#x6f;&#103;&#x65;&#108;&#x40;&#102;&#x72;&#97;&#x6e;&#107;&#x66;&#117;&#x72;&#116;&#x2d;&#101;&#x76;&#97;&#x6e;&#103;&#x65;&#108;&#x69;&#115;&#x63;&#104;&#x2e;&#100;&#x65;<\/a><\/p>\n\n\n\n<p><strong>Ihre Bewerbungen richten Sie\nbitte schriftlich bis zum 15.03.2020 an:<\/strong><\/p>\n\n\n\n<p>Evangelischer Regionalverband Frankfurt\nund Offenbach, Fachbereich I: Beratung, Bildung, Jugend, Fachbereichsb\u00fcro,\nRechneigrabenstra\u00dfe 10, 60311 Frankfurt am Main<\/p>\n\n\n\n<p>E-Mail: <a href=\"&#109;&#x61;&#105;&#x6c;&#116;&#x6f;&#58;&#x66;a&#x63;h&#x62;e&#x72;e&#105;&#x63;&#104;&#x73;&#98;&#x75;&#101;&#x72;&#111;&#x40;f&#x72;a&#x6e;k&#x66;u&#114;&#x74;&#45;&#x65;&#118;&#x61;&#110;&#x67;&#101;&#x6c;i&#x73;c&#x68;&#46;&#x64;e\">&#x66;a&#x63;&#104;b&#x65;&#114;&#x65;&#x69;c&#x68;&#115;b&#x75;&#101;&#x72;&#111;&#64;&#x66;&#114;a&#x6e;&#107;&#x66;&#117;r&#x74;&#45;&#x65;&#x76;a&#x6e;&#103;e&#x6c;&#105;&#x73;&#x63;h&#x2e;&#100;e<\/a><\/p>\n\n\n\n<p><strong>Digitale Bewerbungen senden Sie bitte in einer PDF zusammengefasst.<\/strong><\/p>\n\n\n\n<div class=\"wp-block-file\"><a href=\"https:\/\/evangelische-beratung.com\/tr\/wp-content\/uploads\/sites\/8\/2020\/02\/hoechst1.pdf\">Sozialarbeiter\/Sozialp\u00e4dagogen im Anerkennungsjahr<\/a><a href=\"https:\/\/evangelische-beratung.com\/tr\/wp-content\/uploads\/sites\/8\/2020\/02\/hoechst1.pdf\" class=\"wp-block-file__button\" download>Herunterladen<\/a><\/div>\n\n\n\n<p><\/p>\n\n\n\n<p><\/p>\n\n\n\n<p>Wir\nsuchen f\u00fcr unser Evangelisches Zentrum f\u00fcr Beratung in H\u00f6chst zum\nn\u00e4chstm\u00f6glichen Zeitpunkt eine<\/p>\n\n\n\n<p><strong>Verwaltungsfachkraft\n(m\/w\/d) (50%)<\/strong><\/p>\n\n\n\n<p><strong>f\u00fcr\ndie Sozialberatung f\u00fcr Migranten und Fl\u00fcchtlinge in Frankfurt-H\u00f6chst<\/strong><\/p>\n\n\n\n<p>Die\nSozialberatung f\u00fcr Migranten und Fl\u00fcchtlinge ist ein Fachdienst mit 300%\nBeraterstellen und einer 50% Verwaltungsstelle im Evangelischen Zentrum f\u00fcr\nBeratung in H\u00f6chst. <\/p>\n\n\n\n<p>Die\nVerwaltungsfachkraft bildet hierbei die Schnittstelle zwischen internen und\nexternen Akteuren und ist mit verantwortlich f\u00fcr den reibungslosen\nInformationsfluss innerhalb der Beratungsstelle sowie nach au\u00dfen.<\/p>\n\n\n\n<p><strong>Ihre Aufgaben<\/strong><\/p>\n\n\n\n<ul class=\"wp-block-list\"><li>Organisation des Sekretariats<\/li><li>telefonische  und pers\u00f6nliche Annahme der Anmeldungen von Ratsuchenden<\/li><li>Unterst\u00fctzung  des Teams bei Verwaltungsaufgaben und Dokumentation<\/li><li>Kooperation  und Schriftverkehr mit anderen internen und externen Fachdiensten <\/li><li>Erfassung und Aufbereitung anonymisierter statistischer Daten<\/li><li>Buchhaltungsaufgaben  und Mitwirkung im Finanzcontrolling<\/li><\/ul>\n\n\n\n<p><strong>Ihr Profil<\/strong><\/p>\n\n\n\n<ul class=\"wp-block-list\"><li>abgeschlossene  Verwaltungs-\/Sekretariatsausbildung oder vergleichbare Berufserfahrung<\/li><li>eigenst\u00e4ndiges  und engagiertes, kooperatives Arbeiten<\/li><li>ausgepr\u00e4gte  Kommunikations- und Vermittlungsf\u00e4higkeiten<\/li><li>Sensibilit\u00e4t  im Umgang mit Menschen in Krisen<\/li><li>kommunikative  und interkulturelle Kompetenz<\/li><li>sehr gute EDV-Kenntnisse<\/li><li>Bereitschaft flexibel zu arbeiten<\/li><\/ul>\n\n\n\n<p><strong>Wir bieten<\/strong><\/p>\n\n\n\n<ul class=\"wp-block-list\"><li>Zusammenarbeit mit engagierten und an\nchristlichen Werten orientierten Kollegen\/innen<\/li><li>regelm\u00e4\u00dfige Supervision, Fort- und\nWeiterbildung<\/li><li>Verg\u00fctung nach Kirchlicher\nDienstvertragsordnung (KDO) und eine arbeitgeberfinanzierte zus\u00e4tzliche\nAltersversorgung sowie weitere familienf\u00f6rdernde Zusatzleistungen<\/li><\/ul>\n\n\n\n<p>Bewerbungen\nvon Menschen aller Nationalit\u00e4ten sind ausdr\u00fccklich erw\u00fcnscht.<\/p>\n\n\n\n<p>Schwerbehinderte Bewerberinnen und Bewerber werden bei\ngleicher Eignung besonders ber\u00fccksichtigt. Diskriminierungsfreie\nBewerbungsverfahren nach dem AGG sind in der Evangelischen Kirche in Hessen und\nNassau (EKHN) Standard.<\/p>\n\n\n\n<p>F\u00fcr\nweitere Informationen wenden Sie sich bitte an das Evangelische Zentrum f\u00fcr\nBeratung in H\u00f6chst, Frau Melanie Vogel, Fachdienstleitung, Tel.: 069 759367240,\n<br>\nE-Mail: <a href=\"&#x6d;&#97;i&#x6c;&#x74;&#111;:&#x4d;&#x65;&#108;a&#x6e;&#105;e&#x2e;&#x56;&#111;g&#x65;&#x6c;&#64;f&#x72;&#97;&#110;&#x6b;&#x66;&#117;r&#x74;&#x2d;&#101;v&#x61;&#110;&#103;e&#x6c;&#105;s&#x63;&#x68;&#46;d&#x65;\">&#x4d;&#x65;&#108;a&#x6e;&#x69;&#101;&#46;V&#x6f;&#x67;&#101;&#108;&#64;&#x66;&#x72;&#97;nk&#x66;&#x75;&#114;t&#x2d;&#x65;&#118;&#97;n&#x67;&#x65;&#108;&#105;s&#x63;&#x68;&#46;de<\/a><\/p>\n\n\n\n<p><strong>Ihre Bewerbungen richten Sie\nbitte schriftlich bis zum 01.03.2020 an:<\/strong><\/p>\n\n\n\n<p>Evangelischer Regionalverband Frankfurt\nund Offenbach, Fachbereich I: Beratung, Bildung, Jugend, Fachbereichsb\u00fcro,\nRechneigrabenstra\u00dfe 10, 60311 Frankfurt am Main<\/p>\n\n\n\n<p>E-Mail: <a href=\"&#x6d;&#x61;&#x69;&#x6c;&#x74;&#x6f;&#x3a;&#x66;&#x61;&#x63;&#x68;&#x62;&#x65;&#x72;&#101;&#105;&#99;&#104;&#115;&#98;&#117;&#101;&#114;&#111;&#64;frankfur&#x74;&#x2d;&#x65;&#x76;&#x61;&#x6e;&#x67;&#x65;&#x6c;&#x69;&#x73;&#x63;&#x68;&#x2e;&#x64;&#101;\">&#x66;&#x61;&#x63;&#x68;&#x62;&#x65;&#x72;&#x65;&#x69;&#x63;&#x68;&#115;&#98;&#117;&#101;&#114;&#111;&#64;frankf&#x75;&#x72;&#x74;&#x2d;&#x65;&#x76;&#x61;&#x6e;&#x67;&#x65;&#x6c;&#x69;&#115;&#99;&#104;&#46;&#100;&#101;<\/a><\/p>\n\n\n\n<p><strong>Digitale\nBewerbungen senden Sie bitte in einer PDF zusammengefasst.<\/strong><\/p>\n\n\n\n<div class=\"wp-block-file\"><a href=\"https:\/\/evangelische-beratung.com\/tr\/wp-content\/uploads\/sites\/8\/2020\/02\/3.pdf\">Vewaltungsfachkraft<\/a><a href=\"https:\/\/evangelische-beratung.com\/tr\/wp-content\/uploads\/sites\/8\/2020\/02\/3.pdf\" class=\"wp-block-file__button\" download>Herunterladen<\/a><\/div>\n\n\n\n\n\n<p>F\u00fcr unser Evangelisches Zentrum f\u00fcr\nBeratung in Offenbach suchen wir zum n\u00e4chstm\u00f6glichen Zeitpunkt eine\/n<\/p>\n\n\n\n<p><strong>Sozialarbeiter\/ Sozialp\u00e4dagogen (m\/w\/d) <br>f\u00fcr die Schuldnerberatung (100%)<\/strong><\/p>\n\n\n\n<p>Die\nStelle ist zun\u00e4chst befristet bis zum 31.12.2020.<\/p>\n\n\n\n<p>Die Schuldner- und Insolvenzberatung des\nEvangelischen Zentrums f\u00fcr Beratung in Offenbach unterst\u00fctzt \u00fcberschuldete\nsowie von \u00dcberschuldung bedrohte Menschen im Auftrag der MainArbeit, kommunales\nJobcenter der Stadt Offenbach. Vorrangige Zielsetzung der Schuldner- und\nInsolvenzberatung ist die pers\u00f6nliche und wirtschaftliche Stabilisierung der\nRatsuchenden sowie die Entwicklung und Umsetzung geeigneter Strategien zur\nSchuldenregulierung.<\/p>\n\n\n\n<p><strong>Schwerpunkte der Arbeit sind u.a.:<\/strong><\/p>\n\n\n\n<ul class=\"wp-block-list\"><li>Sicherung des Lebensunterhaltes, des Wohnraums\nund der Energieversorgung<\/li><li>Schuldnerschutz<\/li><\/ul>\n\n\n\n<ul class=\"wp-block-list\"><li>Kontosicherung und Kontobeschaffung<\/li><li>Budgetberatung<\/li><li>Schuldenbestandsaufnahme<\/li><li>Strategieplanung und Sanierung<\/li><li>Kontakt zu Gl\u00e4ubigern<\/li><li>Vorbereitung und Begleitung von Insolvenzverfahren<\/li><li>Zusammenarbeit mit anderen Berufsfeldern<\/li><li>Weitervermittlung an Facheinrichtungen<\/li><li>Kooperation mit den pers\u00f6nlichen Berater*innen der MainArbeit \u2013 kommunales Jobcenter der Stadt Offenbach<\/li><\/ul>\n\n\n\n<p><strong>Ihr\nProfil:<\/strong><\/p>\n\n\n\n<ul class=\"wp-block-list\"><li>Ein abgeschlossenes Studium der Sozialarbeit\/Sozialp\u00e4dagogik oder eine vergleichbare Ausbildung<\/li><li>Eine Zusatzausbildung im Bereich Schuldnerberatung ist w\u00fcnschenswert <\/li><li>qualifizierte Fachkenntnisse der einschl\u00e4gigen Rechtsvorschriften <\/li><li>hohe soziale Kompetenz insbesondere in Bezug auf den zu betreuenden und zu beratenden Personenkreis<\/li><\/ul>\n\n\n\n<ul class=\"wp-block-list\"><li>Die F\u00e4higkeit zu selbst\u00e4ndigen und eigenverantwortlichen Handeln<\/li><li>fundierte MS-Office-Kenntnisse<\/li><\/ul>\n\n\n\n<p><strong>Wir bieten:<\/strong><\/p>\n\n\n\n<ul class=\"wp-block-list\"><li>Eine interessante und abwechslungsreiche\nT\u00e4tigkeit in einem vielseitigen Berufsfeld<\/li><\/ul>\n\n\n\n<ul class=\"wp-block-list\"><li>Mitarbeit in einem engagierten und aufgeschlossenen Team<\/li><li>Regelm\u00e4\u00dfige Supervision, Fort- und Weiterbildung<\/li><li>Verg\u00fctung nach Kirchlicher Dienstvertragsordnung (KDO, E9) und eine arbeitgeberfinanzierte      zus\u00e4tzliche Altersversorgung sowie weitere familienf\u00f6rdernde Zusatzleistungen <\/li><\/ul>\n\n\n\n<p>Bewerbungen von Menschen aller Nationalit\u00e4ten\nsind ausdr\u00fccklich erw\u00fcnscht.<\/p>\n\n\n\n<p>Schwerbehinderte Bewerberinnen und\nBewerber werden bei gleicher Eignung besonders ber\u00fccksichtigt.\nDiskriminierungsfreie Bewerbungsverfahren nach dem AGG sind in der EKHN\nStandard.<\/p>\n\n\n\n<p>F\u00fcr weitere Informationen wenden Sie sich\nbitte an das Evangelische Beratungszentrum in Offenbach, Herr Michael Franke,\nZentrumsleitung, Tel: 069 82977042, E-Mail: &#x73;&#x63;&#104;ul&#x64;&#x6e;&#101;&#114;b&#x65;&#x72;&#97;&#116;u&#x6e;&#x67;&#x40;&#111;ff&#x65;&#x6e;&#98;&#97;c&#x68;&#x2d;&#101;&#118;a&#x6e;&#x67;&#101;&#108;i&#x73;&#x63;&#x68;&#46;de<\/p>\n\n\n\n<p><strong>Ihre\nBewerbungen richten Sie bitte schriftlich bis zum 08.03.2020 an:<\/strong><\/p>\n\n\n\n<p>Evangelischer Regionalverband Frankfurt\nund Offenbach, Fachbereich I: Beratung, Bildung, Jugend, Fachbereichsb\u00fcro,\nRechneigrabenstra\u00dfe 10, 60311 Frankfurt am Main<\/p>\n\n\n\n<p>E-Mail: <a href=\"&#x6d;&#97;i&#x6c;&#x74;&#111;:&#x66;&#97;c&#x68;&#x62;&#101;r&#x65;&#105;c&#x68;&#x73;&#98;u&#x65;&#x72;&#111;&#x40;&#x66;&#114;a&#x6e;&#x6b;&#102;u&#x72;&#116;-&#x65;&#x76;&#97;n&#x67;&#101;l&#x69;&#x73;&#99;h&#x2e;&#x64;&#101;\">f&#97;&#x63;&#x68;b&#101;&#114;&#x65;&#x69;c&#104;&#115;&#x62;&#x75;e&#114;&#x6f;&#x40;&#x66;r&#97;&#x6e;&#x6b;f&#117;&#114;&#x74;&#x2d;e&#118;&#97;&#x6e;&#x67;e&#108;&#x69;&#x73;&#x63;h&#46;&#x64;&#x65;<\/a><\/p>\n\n\n\n<p><strong>Digitale\nBewerbungen senden Sie bitte in einer PDF zusammengefasst.<\/strong><\/p>\n\n\n\n<div class=\"wp-block-file\"><a href=\"https:\/\/evangelische-beratung.com\/tr\/wp-content\/uploads\/sites\/8\/2020\/02\/pfstxt353.pdf\">Sozialarbeiter\/Sozialp\u00e4dagogen f\u00fcr die Schuldnerberatung<\/a><a href=\"https:\/\/evangelische-beratung.com\/tr\/wp-content\/uploads\/sites\/8\/2020\/02\/pfstxt353.pdf\" class=\"wp-block-file__button\" download>Herunterladen<\/a><\/div>\n\n\n\n<p><strong>Weitere Stellen in anderen kirchlichen Arbeitsbereichen finden Sie unter den Stellenanzeigen im efo-Magazin.<\/strong><\/p>\n\n\n<div class=\"wp-block-erv-tile \">\n\t\t\t<div>\n\t\t\t<a href=\"https:\/\/www.efo-magazin.de\/kirche\/efoi\/stellenboerse\/\" tabindex=\"-1\" aria-hidden=\"true\"  target=\"_blank\"><\/a>\n\t\t\t<h2 class=\"tile-title\"><a href=\"https:\/\/www.efo-magazin.de\/kirche\/efoi\/stellenboerse\/\"  target=\"_blank\">Stellenb\u00f6rse EFO Magazin<\/a><\/h2>\n\t\t\t\n\t\t\t<p aria-hidden=\"true\" class=\"-is-micro\">Go to website<svg xmlns=\"http:\/\/www.w3.org\/2000\/svg\" viewBox=\"0 0 13 10\"><path d=\"M1.5 5H12M8 1l4 4-4 4\" fill=\"none\" stroke=\"#a22a45\" stroke-width=\"1.2\" stroke-linecap=\"round\" stroke-linejoin=\"round\"\/><\/svg><\/p>\n\t\t\t<\/div>\n\t\t<\/div>\n\n\n<p><strong>In der Kirchlichen Dienstvertragsordnung (KDO) finden Sie alle wichtigen Informationen zu Gehaltstarifen, Arbeitszeiten u.v.m.<\/strong><\/p>\n\n\n<div class=\"wp-block-erv-tile \">\n\t\t\t<div>\n\t\t\t<a href=\"https:\/\/www.kirchenrecht-ekhn.de\/document\/20497\" tabindex=\"-1\" aria-hidden=\"true\"  target=\"_blank\"><\/a>\n\t\t\t<h2 class=\"tile-title\"><a href=\"https:\/\/www.kirchenrecht-ekhn.de\/document\/20497\"  target=\"_blank\">Kirchliche Dienst\u00ad&shy;vertrags\u00adordn\u00adung (KDO)<\/a><\/h2>\n\t\t\t\n\t\t\t<p aria-hidden=\"true\" class=\"-is-micro\">Go to website<svg xmlns=\"http:\/\/www.w3.org\/2000\/svg\" viewBox=\"0 0 13 10\"><path d=\"M1.5 5H12M8 1l4 4-4 4\" fill=\"none\" stroke=\"#a22a45\" stroke-width=\"1.2\" stroke-linecap=\"round\" stroke-linejoin=\"round\"\/><\/svg><\/p>\n\t\t\t<\/div>\n\t\t<\/div>\n\n\n<p><\/p>\n\n\n\n<p><\/p>\n","protected":false},"excerpt":{"rendered":"<p>Bizde, \u0130\u015f ba\u015fvurusunda bulunmak istiyorsan\u0131z? Burada, A\u00e7\u0131k Pozisyonlar. Ba\u015fvurunuza seviniriz. E\u011fitimli personeli ve sundu\u011fu kaliteli hizmet anlay\u0131\u015f\u0131 yan\u0131 s\u0131ra, mesleki \u00f6zverileriyle, 50&#8217;den fazla, tam zamanl\u0131 \u00e7al\u0131\u015fan Kadromuz, her y\u0131l, acil Kriz- ve ge\u00e7ici Krizdurumlarda bulunan 6.000&#8217;den fazla ki\u015fiye, profesyonel- ve ya\u015fam boyu refaket\u00e7i dan\u0131\u015fmanl\u0131k hizmeti vermektedir. \u00c7al\u0131\u015fan Kadromuza, D\u00fczenli olarak s\u00fcpervizyonlar, bireysel ileri e\u011fitim ve [&hellip;]<\/p>\n","protected":false},"author":36,"featured_media":0,"parent":0,"menu_order":0,"comment_status":"closed","ping_status":"closed","template":"","meta":{"footnotes":""},"class_list":["post-11","page","type-page","status-publish","hentry"],"yoast_head":"<!-- This site is optimized with the Yoast SEO plugin v27.5 - https:\/\/yoast.com\/product\/yoast-seo-wordpress\/ -->\n<title>Offene Stellen im Evangelischen Regionalverband Frankfurt u. Offenbach<\/title>\n<meta name=\"description\" content=\"Hier finden Sie unsere offenen Stellen. Wir freuen uns auf Ihre Bewerbung.\" \/>\n<meta name=\"robots\" content=\"index, follow, max-snippet:-1, max-image-preview:large, max-video-preview:-1\" \/>\n<link rel=\"canonical\" href=\"https:\/\/evangelische-beratung.com\/tr\/offene-stellen\/\" \/>\n<meta property=\"og:locale\" content=\"tr_TR\" \/>\n<meta property=\"og:type\" content=\"article\" \/>\n<meta property=\"og:title\" content=\"Offene Stellen im Evangelischen Regionalverband Frankfurt u. Offenbach\" \/>\n<meta property=\"og:description\" content=\"Hier finden Sie unsere offenen Stellen. Wir freuen uns auf Ihre Bewerbung.\" \/>\n<meta property=\"og:url\" content=\"https:\/\/evangelische-beratung.com\/tr\/offene-stellen\/\" \/>\n<meta property=\"og:site_name\" content=\"Evangelischer Regionalverband\" \/>\n<meta property=\"article:modified_time\" content=\"2026-04-14T07:41:23+00:00\" \/>\n<meta property=\"og:image\" content=\"https:\/\/evangelische-beratung.com\/tr\/wp-content\/uploads\/sites\/8\/2019\/09\/jobs.jpg\" \/>\n\t<meta property=\"og:image:width\" content=\"1920\" \/>\n\t<meta property=\"og:image:height\" content=\"1275\" \/>\n\t<meta property=\"og:image:type\" content=\"image\/jpeg\" \/>\n<meta name=\"twitter:card\" content=\"summary_large_image\" \/>\n<meta name=\"twitter:label1\" content=\"Tahmini okuma s\u00fcresi\" \/>\n\t<meta name=\"twitter:data1\" content=\"5 dakika\" \/>\n<script type=\"application\/ld+json\" class=\"yoast-schema-graph\">{\"@context\":\"https:\\\/\\\/schema.org\",\"@graph\":[{\"@type\":\"WebPage\",\"@id\":\"https:\\\/\\\/evangelische-beratung.com\\\/tr\\\/offene-stellen\\\/\",\"url\":\"https:\\\/\\\/evangelische-beratung.com\\\/tr\\\/offene-stellen\\\/\",\"name\":\"Offene Stellen im Evangelischen Regionalverband Frankfurt u. Offenbach\",\"isPartOf\":{\"@id\":\"https:\\\/\\\/evangelische-beratung.com\\\/tr\\\/#website\"},\"primaryImageOfPage\":{\"@id\":\"https:\\\/\\\/evangelische-beratung.com\\\/tr\\\/offene-stellen\\\/#primaryimage\"},\"image\":{\"@id\":\"https:\\\/\\\/evangelische-beratung.com\\\/tr\\\/offene-stellen\\\/#primaryimage\"},\"thumbnailUrl\":\"https:\\\/\\\/evangelische-beratung.com\\\/tr\\\/wp-content\\\/uploads\\\/sites\\\/8\\\/2019\\\/09\\\/jobs-1024x680.jpg\",\"datePublished\":\"2019-07-12T09:06:30+00:00\",\"dateModified\":\"2026-04-14T07:41:23+00:00\",\"description\":\"Hier finden Sie unsere offenen Stellen. Wir freuen uns auf Ihre Bewerbung.\",\"breadcrumb\":{\"@id\":\"https:\\\/\\\/evangelische-beratung.com\\\/tr\\\/offene-stellen\\\/#breadcrumb\"},\"inLanguage\":\"tr\",\"potentialAction\":[{\"@type\":\"ReadAction\",\"target\":[\"https:\\\/\\\/evangelische-beratung.com\\\/tr\\\/offene-stellen\\\/\"]}]},{\"@type\":\"ImageObject\",\"inLanguage\":\"tr\",\"@id\":\"https:\\\/\\\/evangelische-beratung.com\\\/tr\\\/offene-stellen\\\/#primaryimage\",\"url\":\"https:\\\/\\\/evangelische-beratung.com\\\/tr\\\/wp-content\\\/uploads\\\/sites\\\/8\\\/2019\\\/09\\\/jobs.jpg\",\"contentUrl\":\"https:\\\/\\\/evangelische-beratung.com\\\/tr\\\/wp-content\\\/uploads\\\/sites\\\/8\\\/2019\\\/09\\\/jobs.jpg\",\"width\":1920,\"height\":1275},{\"@type\":\"BreadcrumbList\",\"@id\":\"https:\\\/\\\/evangelische-beratung.com\\\/tr\\\/offene-stellen\\\/#breadcrumb\",\"itemListElement\":[{\"@type\":\"ListItem\",\"position\":1,\"name\":\"Startseite\",\"item\":\"https:\\\/\\\/evangelische-beratung.com\\\/tr\\\/\"},{\"@type\":\"ListItem\",\"position\":2,\"name\":\"A\u00e7\u0131k Pozisyonlar\"}]},{\"@type\":\"WebSite\",\"@id\":\"https:\\\/\\\/evangelische-beratung.com\\\/tr\\\/#website\",\"url\":\"https:\\\/\\\/evangelische-beratung.com\\\/tr\\\/\",\"name\":\"Evangelischer Regionalverband\",\"description\":\"\",\"publisher\":{\"@id\":\"https:\\\/\\\/evangelische-beratung.com\\\/tr\\\/#organization\"},\"potentialAction\":[{\"@type\":\"SearchAction\",\"target\":{\"@type\":\"EntryPoint\",\"urlTemplate\":\"https:\\\/\\\/evangelische-beratung.com\\\/tr\\\/?s={search_term_string}\"},\"query-input\":{\"@type\":\"PropertyValueSpecification\",\"valueRequired\":true,\"valueName\":\"search_term_string\"}}],\"inLanguage\":\"tr\"},{\"@type\":\"Organization\",\"@id\":\"https:\\\/\\\/evangelische-beratung.com\\\/tr\\\/#organization\",\"name\":\"Evangelischer Regionalverband Frankfurt und Offenbach\",\"url\":\"https:\\\/\\\/evangelische-beratung.com\\\/tr\\\/\",\"logo\":{\"@type\":\"ImageObject\",\"inLanguage\":\"tr\",\"@id\":\"https:\\\/\\\/evangelische-beratung.com\\\/tr\\\/#\\\/schema\\\/logo\\\/image\\\/\",\"url\":\"https:\\\/\\\/evangelische-beratung.com\\\/tr\\\/wp-content\\\/uploads\\\/sites\\\/8\\\/2019\\\/10\\\/erv-logo.png\",\"contentUrl\":\"https:\\\/\\\/evangelische-beratung.com\\\/tr\\\/wp-content\\\/uploads\\\/sites\\\/8\\\/2019\\\/10\\\/erv-logo.png\",\"width\":1127,\"height\":595,\"caption\":\"Evangelischer Regionalverband Frankfurt und Offenbach\"},\"image\":{\"@id\":\"https:\\\/\\\/evangelische-beratung.com\\\/tr\\\/#\\\/schema\\\/logo\\\/image\\\/\"}}]}<\/script>\n<!-- \/ Yoast SEO plugin. -->","yoast_head_json":{"title":"Offene Stellen im Evangelischen Regionalverband Frankfurt u. Offenbach","description":"Hier finden Sie unsere offenen Stellen. Wir freuen uns auf Ihre Bewerbung.","robots":{"index":"index","follow":"follow","max-snippet":"max-snippet:-1","max-image-preview":"max-image-preview:large","max-video-preview":"max-video-preview:-1"},"canonical":"https:\/\/evangelische-beratung.com\/tr\/offene-stellen\/","og_locale":"tr_TR","og_type":"article","og_title":"Offene Stellen im Evangelischen Regionalverband Frankfurt u. Offenbach","og_description":"Hier finden Sie unsere offenen Stellen. Wir freuen uns auf Ihre Bewerbung.","og_url":"https:\/\/evangelische-beratung.com\/tr\/offene-stellen\/","og_site_name":"Evangelischer Regionalverband","article_modified_time":"2026-04-14T07:41:23+00:00","og_image":[{"width":1920,"height":1275,"url":"https:\/\/evangelische-beratung.com\/tr\/wp-content\/uploads\/sites\/8\/2019\/09\/jobs.jpg","type":"image\/jpeg"}],"twitter_card":"summary_large_image","twitter_misc":{"Tahmini okuma s\u00fcresi":"5 dakika"},"schema":{"@context":"https:\/\/schema.org","@graph":[{"@type":"WebPage","@id":"https:\/\/evangelische-beratung.com\/tr\/offene-stellen\/","url":"https:\/\/evangelische-beratung.com\/tr\/offene-stellen\/","name":"Offene Stellen im Evangelischen Regionalverband Frankfurt u. Offenbach","isPartOf":{"@id":"https:\/\/evangelische-beratung.com\/tr\/#website"},"primaryImageOfPage":{"@id":"https:\/\/evangelische-beratung.com\/tr\/offene-stellen\/#primaryimage"},"image":{"@id":"https:\/\/evangelische-beratung.com\/tr\/offene-stellen\/#primaryimage"},"thumbnailUrl":"https:\/\/evangelische-beratung.com\/tr\/wp-content\/uploads\/sites\/8\/2019\/09\/jobs-1024x680.jpg","datePublished":"2019-07-12T09:06:30+00:00","dateModified":"2026-04-14T07:41:23+00:00","description":"Hier finden Sie unsere offenen Stellen. Wir freuen uns auf Ihre Bewerbung.","breadcrumb":{"@id":"https:\/\/evangelische-beratung.com\/tr\/offene-stellen\/#breadcrumb"},"inLanguage":"tr","potentialAction":[{"@type":"ReadAction","target":["https:\/\/evangelische-beratung.com\/tr\/offene-stellen\/"]}]},{"@type":"ImageObject","inLanguage":"tr","@id":"https:\/\/evangelische-beratung.com\/tr\/offene-stellen\/#primaryimage","url":"https:\/\/evangelische-beratung.com\/tr\/wp-content\/uploads\/sites\/8\/2019\/09\/jobs.jpg","contentUrl":"https:\/\/evangelische-beratung.com\/tr\/wp-content\/uploads\/sites\/8\/2019\/09\/jobs.jpg","width":1920,"height":1275},{"@type":"BreadcrumbList","@id":"https:\/\/evangelische-beratung.com\/tr\/offene-stellen\/#breadcrumb","itemListElement":[{"@type":"ListItem","position":1,"name":"Startseite","item":"https:\/\/evangelische-beratung.com\/tr\/"},{"@type":"ListItem","position":2,"name":"A\u00e7\u0131k Pozisyonlar"}]},{"@type":"WebSite","@id":"https:\/\/evangelische-beratung.com\/tr\/#website","url":"https:\/\/evangelische-beratung.com\/tr\/","name":"Evangelischer Regionalverband","description":"","publisher":{"@id":"https:\/\/evangelische-beratung.com\/tr\/#organization"},"potentialAction":[{"@type":"SearchAction","target":{"@type":"EntryPoint","urlTemplate":"https:\/\/evangelische-beratung.com\/tr\/?s={search_term_string}"},"query-input":{"@type":"PropertyValueSpecification","valueRequired":true,"valueName":"search_term_string"}}],"inLanguage":"tr"},{"@type":"Organization","@id":"https:\/\/evangelische-beratung.com\/tr\/#organization","name":"Evangelischer Regionalverband Frankfurt und Offenbach","url":"https:\/\/evangelische-beratung.com\/tr\/","logo":{"@type":"ImageObject","inLanguage":"tr","@id":"https:\/\/evangelische-beratung.com\/tr\/#\/schema\/logo\/image\/","url":"https:\/\/evangelische-beratung.com\/tr\/wp-content\/uploads\/sites\/8\/2019\/10\/erv-logo.png","contentUrl":"https:\/\/evangelische-beratung.com\/tr\/wp-content\/uploads\/sites\/8\/2019\/10\/erv-logo.png","width":1127,"height":595,"caption":"Evangelischer Regionalverband Frankfurt und Offenbach"},"image":{"@id":"https:\/\/evangelische-beratung.com\/tr\/#\/schema\/logo\/image\/"}}]}},"_links":{"self":[{"href":"https:\/\/evangelische-beratung.com\/tr\/wp-json\/wp\/v2\/pages\/11","targetHints":{"allow":["GET"]}}],"collection":[{"href":"https:\/\/evangelische-beratung.com\/tr\/wp-json\/wp\/v2\/pages"}],"about":[{"href":"https:\/\/evangelische-beratung.com\/tr\/wp-json\/wp\/v2\/types\/page"}],"author":[{"embeddable":true,"href":"https:\/\/evangelische-beratung.com\/tr\/wp-json\/wp\/v2\/users\/36"}],"replies":[{"embeddable":true,"href":"https:\/\/evangelische-beratung.com\/tr\/wp-json\/wp\/v2\/comments?post=11"}],"version-history":[{"count":5,"href":"https:\/\/evangelische-beratung.com\/tr\/wp-json\/wp\/v2\/pages\/11\/revisions"}],"predecessor-version":[{"id":1603,"href":"https:\/\/evangelische-beratung.com\/tr\/wp-json\/wp\/v2\/pages\/11\/revisions\/1603"}],"wp:attachment":[{"href":"https:\/\/evangelische-beratung.com\/tr\/wp-json\/wp\/v2\/media?parent=11"}],"curies":[{"name":"wp","href":"https:\/\/api.w.org\/{rel}","templated":true}]}}