{"id":40,"date":"2019-07-21T22:19:34","date_gmt":"2019-07-21T20:19:34","guid":{"rendered":"https:\/\/evangelische-beratung.com\/fr\/?page_id=40"},"modified":"2026-04-14T09:39:59","modified_gmt":"2026-04-14T07:39:59","slug":"sozialberatung","status":"publish","type":"page","link":"https:\/\/evangelische-beratung.com\/fr\/sozialberatung\/","title":{"rendered":"Conseil social"},"content":{"rendered":"\n<p style=\"text-align:center\" class=\"is-style-teaser\">Tout dans la vie ne se passe pas comme pr\u00e9vu. Vous pouvez vous adresser \u00e0 nous \u2013 par exemple pour un conseil g\u00e9n\u00e9ral au sujet de la migration.<\/p>\n\n\n\n<div class=\"wp-block-columns has-2-columns -right-at-edge is-layout-flow wp-block-columns-is-layout-flow\">\n<div class=\"wp-block-column is-layout-flow wp-block-column-is-layout-flow\">\n<div class=\"wp-block-image\"><figure class=\"aligncenter\"><img loading=\"lazy\" decoding=\"async\" width=\"1024\" height=\"684\" src=\"https:\/\/evangelische-beratung.com\/fr\/wp-content\/uploads\/sites\/5\/2019\/09\/ev-am-weissen-stein-2-_-saskya-photography-00790-1024x684.jpg\" alt=\"\" class=\"wp-image-602\" srcset=\"https:\/\/evangelische-beratung.com\/fr\/wp-content\/uploads\/sites\/5\/2019\/09\/ev-am-weissen-stein-2-_-saskya-photography-00790-1024x684.jpg 1024w, https:\/\/evangelische-beratung.com\/fr\/wp-content\/uploads\/sites\/5\/2019\/09\/ev-am-weissen-stein-2-_-saskya-photography-00790-300x200.jpg 300w, https:\/\/evangelische-beratung.com\/fr\/wp-content\/uploads\/sites\/5\/2019\/09\/ev-am-weissen-stein-2-_-saskya-photography-00790-768x513.jpg 768w, https:\/\/evangelische-beratung.com\/fr\/wp-content\/uploads\/sites\/5\/2019\/09\/ev-am-weissen-stein-2-_-saskya-photography-00790-720x480.jpg 720w, https:\/\/evangelische-beratung.com\/fr\/wp-content\/uploads\/sites\/5\/2019\/09\/ev-am-weissen-stein-2-_-saskya-photography-00790.jpg 1920w\" sizes=\"auto, 100vw\" \/><\/figure><\/div>\n<\/div>\n\n\n\n<div class=\"wp-block-column is-layout-flow wp-block-column-is-layout-flow\"><\/div>\n<\/div>\n\n\n\n<h2 class=\"wp-block-heading\"><strong>Aide et soutien pendant la p\u00e9riode du coronavirus \u2013 Nous\nsommes l\u00e0 pour vous&nbsp;!<\/strong><\/h2>\n\n\n\n<p>Les restrictions actuelles\nvisant \u00e0 \u00e9radiquer le coronavirus et l\u2019ins\u00e9curit\u00e9 qu\u2019elles entra\u00eenent placent\nbeaucoup de gens devant de gros d\u00e9fis. Nous ne vous laissons pas seul (e) en\ncette p\u00e9riode difficile.<\/p>\n\n\n\n<h4 class=\"wp-block-heading\"><strong>Nous sommes l\u00e0 pour vous<\/strong><\/h4>\n\n\n\n<ul class=\"wp-block-list\"><li>en cas\nd\u2019urgence et en situations de crise<\/li><li>avec un <strong>soutien confidentiel et gratuit<\/strong> au\nt\u00e9l\u00e9phone et dans un portail en ligne prot\u00e9g\u00e9<\/li><li>\u00e9galement\npersonnellement dans les cas individuels particuliers<\/li><li>le plus\nrapidement possible en cas de crises aigu\u00ebs<\/li><\/ul>\n\n\n\n<h4 class=\"wp-block-heading\"><strong>Voici comment nous joindre<\/strong><\/h4>\n\n\n\n<p><strong>Evangelisches Zentrum Am Wei\u00dfen Stein<\/strong>, <strong>Frankfurt-Eschersheim<\/strong><br><strong>Sozialberatung f\u00fcr Migranten und Fl\u00fcchtlinge<\/strong><br>Telefonsprechzeiten: Mo \u2013 Fr von 9 \u2013 12 Uhr<br>Telefon: 069 \/ 5302-291<br>Email: m&#105;&#x67;&#x72;a&#116;&#105;&#x6f;&#x6e;s&#98;&#x65;&#x72;a&#116;&#117;&#x6e;&#x67;&#64;&#102;&#x72;&#x61;n&#107;&#102;&#x75;&#x72;t&#45;&#x65;&#x76;a&#110;&#103;&#x65;&#x6c;i&#115;&#x63;&#x68;&#46;d&#101;<\/p>\n\n\n\n<p><strong>Evangelisches Zentrum f\u00fcr Beratung in H\u00f6chst<\/strong><br><strong>Sozialberatung f\u00fcr Migranten und Fl\u00fcchtlinge<\/strong><br>Telefonsprechzeiten: Mo \u2013 Do von 8 \u2013 17 Uhr, Fr von 8 \u2013 13 Uhr <br>Telefon:  069 \/ 75 93 672 40  <br>Email: &#109;&#x69;g&#114;&#x61;t&#105;&#x6f;n&#115;&#x62;e&#114;&#x61;&#116;&#x75;&#x6e;&#103;&#x2e;&#x68;&#111;&#x65;c&#104;&#x73;t&#64;&#x66;r&#97;&#x6e;k&#102;&#x75;&#114;&#x74;&#x2d;&#101;&#x76;&#x61;&#110;&#x67;e&#108;&#x69;s&#99;&#x68;&#46;&#100;&#x65; <\/p>\n\n\n\n<p><strong>Evangelisches Zentrum f\u00fcr Beratung in Offenbach<br>Migrationsberatung f\u00fcr erwachsene Zugewanderte<\/strong><br>Mo, Di, Mi und Fr, von 9 \u2013 12 Uhr sowie Mo, Di und Do von 13 \u2013 16 Uhr <br>Telefon:  069 \/ 82 97 70 99 <br>Email: &#109;&#x69;&#x67;r&#97;&#x74;i&#111;&#x6e;&#x73;&#98;&#x65;&#x72;a&#116;&#x75;n&#103;&#x40;&#x6f;&#102;&#x66;&#x65;n&#98;&#x61;c&#104;&#x2d;&#x65;&#118;&#x61;&#x6e;g&#101;&#x6c;i&#115;&#x63;&#x68;&#46;&#x64;&#x65; <\/p>\n\n\n\n<p><strong>Allgemeine Sozial- und Lebensberatung<\/strong><br>Mo, Di, Mi und Fr, von 9 \u2013 12 Uhr sowie Mo, Di und Do von 13 \u2013 16 Uhr <br>Telefon:  069 \/ 82 97 70 99 <br>Email: &#98;&#x65;r&#97;&#x74;&#117;&#x6e;g&#115;&#x7a;e&#x6e;&#x74;&#114;&#x75;m&#64;&#x6f;f&#x66;&#x65;&#110;&#x62;a&#99;&#x68;&#45;&#x65;v&#97;&#x6e;g&#101;&#x6c;&#105;&#x73;c&#104;&#x2e;d&#x65;\n\n<\/p>\n\n\n\n<div class=\"wp-block-columns alignwide has-3-columns is-layout-flex wp-container-core-columns-is-layout-9d6595d7 wp-block-columns-is-layout-flex\">\n<div class=\"wp-block-column is-layout-flow wp-block-column-is-layout-flow\"><div class=\"wp-block-erv-tile \">\n\t\t\t<div>\n\t\t\t<a href=\"https:\/\/evangelische-beratung.com\/fr\/sozialberatung\/sozialberatung-fuer-migranten-und-fluechtlinge\/\" tabindex=\"-1\" aria-hidden=\"true\" ><\/a>\n\t\t\t<h2 class=\"tile-title\"><a href=\"https:\/\/evangelische-beratung.com\/fr\/sozialberatung\/sozialberatung-fuer-migranten-und-fluechtlinge\/\" >Conseil social pour migrants et r\u00e9fugi\u00e9s<\/a><\/h2>\n\t\t\t\n\t\t\t<p aria-hidden=\"true\" class=\"-is-micro\"><svg xmlns=\"http:\/\/www.w3.org\/2000\/svg\" viewBox=\"0 0 13 10\"><path d=\"M1.5 5H12M8 1l4 4-4 4\" fill=\"none\" stroke=\"#a22a45\" stroke-width=\"1.2\" stroke-linecap=\"round\" stroke-linejoin=\"round\"\/><\/svg><\/p>\n\t\t\t<\/div>\n\t\t<\/div><\/div>\n\n\n\n<div class=\"wp-block-column is-layout-flow wp-block-column-is-layout-flow\"><div class=\"wp-block-erv-tile \">\n\t\t\t<div>\n\t\t\t<a href=\"https:\/\/evangelische-beratung.com\/fr\/sozialberatung\/migrationsberatung-fuer-erwachsene-zugewanderte-mbe\/\" tabindex=\"-1\" aria-hidden=\"true\" ><\/a>\n\t\t\t<h2 class=\"tile-title\"><a href=\"https:\/\/evangelische-beratung.com\/fr\/sozialberatung\/migrationsberatung-fuer-erwachsene-zugewanderte-mbe\/\" >Consultation sur les migrations \u00e0 l\u2019attention des adultes migrants (MBE)<\/a><\/h2>\n\t\t\t\n\t\t\t<p aria-hidden=\"true\" class=\"-is-micro\"><svg xmlns=\"http:\/\/www.w3.org\/2000\/svg\" viewBox=\"0 0 13 10\"><path d=\"M1.5 5H12M8 1l4 4-4 4\" fill=\"none\" stroke=\"#a22a45\" stroke-width=\"1.2\" stroke-linecap=\"round\" stroke-linejoin=\"round\"\/><\/svg><\/p>\n\t\t\t<\/div>\n\t\t<\/div><\/div>\n\n\n\n<div class=\"wp-block-column is-layout-flow wp-block-column-is-layout-flow\"><div class=\"wp-block-erv-tile \">\n\t\t\t<div>\n\t\t\t<a href=\"https:\/\/evangelische-beratung.com\/fr\/sozialberatung\/allgemeine-lebensberatung\/\" tabindex=\"-1\" aria-hidden=\"true\" ><\/a>\n\t\t\t<h2 class=\"tile-title\"><a href=\"https:\/\/evangelische-beratung.com\/fr\/sozialberatung\/allgemeine-lebensberatung\/\" >Conseil g\u00e9n\u00e9ral de vie<\/a><\/h2>\n\t\t\t\n\t\t\t<p aria-hidden=\"true\" class=\"-is-micro\"><svg xmlns=\"http:\/\/www.w3.org\/2000\/svg\" viewBox=\"0 0 13 10\"><path d=\"M1.5 5H12M8 1l4 4-4 4\" fill=\"none\" stroke=\"#a22a45\" stroke-width=\"1.2\" stroke-linecap=\"round\" stroke-linejoin=\"round\"\/><\/svg><\/p>\n\t\t\t<\/div>\n\t\t<\/div><\/div>\n<\/div>\n\n\n\n<div class=\"wp-block-erv-container -has-background\">\n<div class=\"wp-block-columns alignwide has-2-columns is-layout-flex wp-container-core-columns-is-layout-9d6595d7 wp-block-columns-is-layout-flex\">\n<div class=\"wp-block-column is-layout-flow wp-block-column-is-layout-flow\">\n<p class=\"is-style-roof-line\">Contact<\/p>\n\n\n\n<h2 class=\"wp-block-heading\">Conseil social <\/h2>\n\n\n\n<p class=\"is-style-teaser phone is-style-teaser phone margin-top-auto margin-bottom-0\">069 \/ 530 2 291 <\/p>\n\n\n\n<p class=\"is-style-micro margin-bottom-2\">Lundi\u2013Vendredi 9h00\u201313h00 <br>Lundi\u2013Jeudi 15h00\u201317h00<br>Il est en outre possible de convenir d\u2019un rendez-vous.<\/p>\n<\/div>\n\n\n\n<div class=\"wp-block-column is-layout-flow wp-block-column-is-layout-flow\"><\/div>\n<\/div>\n<\/div>\n\n\n\n<p style=\"text-align:center\" class=\"is-style-roof-line\"><strong>Vos interlocuteurs \u00e0 l\u2019Evangelisches Zentrum f\u00fcr Beratung &amp; Therapie Am Wei\u00dfen Stein<\/strong><\/p>\n\n\n\n<div class=\"wp-block-columns alignwide has-3-columns is-layout-flex wp-container-core-columns-is-layout-9d6595d7 wp-block-columns-is-layout-flex\">\n<div class=\"wp-block-column is-layout-flow wp-block-column-is-layout-flow\">\n<div class=\"wp-block-erv-id-card\"><div class=\"id-card-content\"><figure class=\"id-card-photo\"><img decoding=\"async\" src=\"https:\/\/evangelische-beratung.com\/wp-content\/uploads\/2020\/01\/Kahraman-Topuz_Sozialberatung-fuer-Migranten-2-300x200.jpg\" \/><\/figure><div class=\"id-card-details\"><p class=\"id-card-name\">Kahraman Topuz<\/p><p class=\"id-card-job\">Beratung<\/p><p class=\"id-card-location\">Ev. Zentrum am Wei\u00dfen Stein<\/p><p class=\"id-card-phone\">069 \/ 53 02 159<\/p><p class=\"id-card-email\"><a href=\"&#x6d;&#x61;&#x69;&#108;&#116;o:&#x6d;&#x69;&#x67;&#x72;&#97;&#116;io&#x6e;&#x73;&#x62;&#101;&#114;&#97;tu&#x6e;&#x67;&#x40;&#102;&#114;an&#x6b;&#x66;&#x75;&#x72;&#116;&#45;ev&#x61;&#x6e;&#x67;&#101;&#108;&#105;sc&#x68;&#x2e;&#x64;&#101;\">E-Mail<\/a><\/p><\/div><\/div><\/div>\n\n\n\n<p><\/p>\n\n\n\n<div class=\"wp-block-erv-id-card\"><div class=\"id-card-content\"><figure class=\"id-card-photo\"><img decoding=\"async\" src=\"https:\/\/evangelische-beratung.com\/wp-content\/uploads\/2020\/01\/portrait_platzhalter-1-300x300.jpg\" \/><\/figure><div class=\"id-card-details\"><p class=\"id-card-name\">Malale Schokory<\/p><p class=\"id-card-job\">Beratung<\/p><p class=\"id-card-location\">Ev. Zentrum am Wei\u00dfen Stein<\/p><p class=\"id-card-phone\">069 \/ 53 02 159<\/p><p class=\"id-card-email\"><a href=\"&#x6d;&#x61;&#x69;&#x6c;&#x74;&#111;&#58;&#109;&#105;gra&#x74;&#x69;&#x6f;&#x6e;&#x73;&#x62;&#101;&#114;&#97;tun&#x67;&#x40;&#x66;&#x72;&#x61;&#x6e;&#107;&#102;&#117;&#114;t-e&#x76;&#x61;&#x6e;&#x67;&#x65;&#x6c;&#105;&#115;&#99;h&#46;d&#x65;\">E-Mail<\/a><\/p><\/div><\/div><\/div>\n<\/div>\n\n\n\n<div class=\"wp-block-column is-layout-flow wp-block-column-is-layout-flow\">\n<div class=\"wp-block-erv-id-card\"><div class=\"id-card-content\"><figure class=\"id-card-photo\"><img decoding=\"async\" src=\"https:\/\/evangelische-beratung.com\/wp-content\/uploads\/2020\/01\/Kahraman-Topuz_Sozialberatung-fuer-Migranten-2-300x200.jpg\" \/><\/figure><div class=\"id-card-details\"><p class=\"id-card-name\">Kahraman Topuz<\/p><p class=\"id-card-job\">Beratung<\/p><p class=\"id-card-location\">Ev. Zentrum am Wei\u00dfen Stein<\/p><p class=\"id-card-phone\">069 \/ 53 02 159<\/p><p class=\"id-card-email\"><a href=\"&#109;&#x61;&#105;&#x6c;&#116;&#x6f;&#58;&#x6d;&#105;&#x67;&#114;&#x61;&#116;&#x69;&#111;&#x6e;&#115;&#x62;&#101;&#x72;&#97;&#x74;&#117;&#x6e;&#103;&#x40;&#102;&#x72;&#97;&#x6e;&#107;&#x66;&#117;&#x72;&#116;&#x2d;&#101;&#x76;&#97;&#x6e;&#103;&#x65;&#108;&#x69;&#115;&#x63;&#104;&#x2e;&#100;&#x65;\">E-Mail<\/a><\/p><\/div><\/div><\/div>\n\n\n\n<p><\/p>\n<\/div>\n\n\n\n<div class=\"wp-block-column is-layout-flow wp-block-column-is-layout-flow\">\n<div class=\"wp-block-erv-id-card\"><div class=\"id-card-content\"><figure class=\"id-card-photo\"><img decoding=\"async\" src=\"https:\/\/evangelische-beratung.com\/wp-content\/uploads\/2023\/09\/EWA-Maksym-Akdogan-212x300.png\" \/><\/figure><div class=\"id-card-details\"><p class=\"id-card-name\">Ewa Maksym-Akdogan<\/p><p class=\"id-card-job\">Sekretariat<\/p><p class=\"id-card-location\">Frankfurt<\/p><p class=\"id-card-phone\">069 \/ 53 02 159<\/p><p class=\"id-card-email\"><a href=\"&#x6d;&#x61;&#x69;&#x6c;&#x74;&#x6f;&#x3a;&#x6d;&#x69;&#x67;&#x72;&#x61;&#x74;&#x69;&#x6f;&#x6e;&#x73;&#x62;&#x65;&#x72;&#x61;&#x74;&#x75;&#x6e;&#x67;&#x40;&#x66;&#x72;&#x61;&#x6e;&#x6b;&#x66;&#x75;&#x72;&#x74;&#x2d;&#x65;&#x76;&#x61;&#x6e;&#x67;&#x65;&#x6c;&#x69;&#115;&#99;&#104;&#46;&#100;&#101;\">E-Mail<\/a><\/p><\/div><\/div><\/div>\n<\/div>\n<\/div>\n\n\n\n<p style=\"text-align:center\" class=\"is-style-roof-line\"><strong>Vos interlocuteurs \u00e0 l\u2019Evangelisches Zentrum f\u00fcr Beratung \u00e0 H\u00f6chst<\/strong><\/p>\n\n\n\n<div class=\"wp-block-columns alignwide has-2-columns -columns-equal-height is-layout-flex wp-container-core-columns-is-layout-9d6595d7 wp-block-columns-is-layout-flex\">\n<div class=\"wp-block-column is-layout-flow wp-block-column-is-layout-flow\">\n<div class=\"wp-block-erv-id-card\"><div class=\"id-card-content\"><figure class=\"id-card-photo\"><img decoding=\"async\" src=\"https:\/\/evangelische-beratung.com\/wp-content\/uploads\/2020\/01\/Leonie-Albert_Sozialberatung-Migranten-Hoechst-300x300.jpg\" \/><\/figure><div class=\"id-card-details\"><p class=\"id-card-name\">Leonie Albert<\/p><p class=\"id-card-job\">Leitung Sozial- und Migrationsberatung<\/p><p class=\"id-card-location\">Frankfurt<\/p><p class=\"id-card-phone\">069 \/ 75 93 672 40<\/p><p class=\"id-card-email\"><a href=\"&#x6d;&#x61;&#x69;&#x6c;&#x74;&#x6f;&#58;&#109;&#105;&#103;rati&#x6f;&#x6e;&#x73;&#x62;&#x65;&#x72;&#97;&#116;&#117;&#110;&#103;&#46;ho&#x65;&#x63;&#x68;&#x73;&#x74;&#x40;&#102;&#114;&#97;&#110;&#107;fur&#x74;&#x2d;&#x65;&#x76;&#x61;&#x6e;&#x67;&#101;&#108;&#105;&#115;ch&#46;d&#x65;\">E-Mail<\/a><\/p><\/div><\/div><\/div>\n<\/div>\n\n\n\n<div class=\"wp-block-column is-layout-flow wp-block-column-is-layout-flow\">\n<div class=\"wp-block-erv-id-card\"><div class=\"id-card-content\"><figure class=\"id-card-photo\"><img decoding=\"async\" src=\"https:\/\/evangelische-beratung.com\/fr\/wp-content\/uploads\/sites\/5\/2020\/01\/Mehari-Dunfu_Sozialberatung-Migranten-Hoechst-300x300.jpg\" \/><\/figure><div class=\"id-card-details\"><p class=\"id-card-name\">Mehari Dunfu<\/p><p class=\"id-card-job\">Beratung<\/p><p class=\"id-card-location\">H\u00f6chst<\/p><p class=\"id-card-phone\">069 \/ 75 93 672 40<\/p><p class=\"id-card-email\"><a href=\"&#x6d;&#x61;&#x69;&#x6c;&#116;&#111;&#58;mi&#x67;&#x72;&#x61;&#x74;&#x69;&#111;&#110;&#115;be&#x72;&#x61;&#x74;&#x75;&#x6e;&#103;&#46;&#104;oe&#x63;&#x68;&#x73;&#x74;&#x40;&#102;&#114;&#97;nk&#x66;&#x75;&#x72;&#x74;&#x2d;&#101;&#118;&#97;ng&#x65;&#x6c;&#x69;&#x73;&#x63;&#104;&#46;&#100;e\">E-Mail<\/a><\/p><\/div><\/div><\/div>\n<\/div>\n<\/div>\n\n\n\n<p style=\"text-align:center\" class=\"is-style-roof-line\"><strong>Vos interlocuteurs \u00e0 l\u2019Evangelisches Zentrum f\u00fcr Beratung <\/strong>\u00e0<strong> Offenbach<\/strong><\/p>\n\n\n\n<div class=\"wp-block-columns alignwide has-3-columns is-layout-flex wp-container-core-columns-is-layout-9d6595d7 wp-block-columns-is-layout-flex\">\n<div class=\"wp-block-column is-layout-flow wp-block-column-is-layout-flow\">\n<div class=\"wp-block-erv-id-card\"><div class=\"id-card-content\"><figure class=\"id-card-photo\"><img decoding=\"async\" src=\"https:\/\/evangelische-beratung.com\/wp-content\/uploads\/2020\/01\/portrait_platzhalter-1-300x300.jpg\" \/><\/figure><div class=\"id-card-details\"><p class=\"id-card-name\">Stephanie Laier<\/p><p class=\"id-card-job\">Verwaltung<\/p><p class=\"id-card-location\">Offenbach<\/p><p class=\"id-card-phone\">069 \/ 82 97 70 99<\/p><p class=\"id-card-email\"><a href=\"m&#97;&#105;&#108;&#x74;&#x6f;&#x3a;mi&#103;&#114;&#x61;&#x74;&#x69;&#x6f;ns&#98;&#101;&#x72;&#x61;&#x74;&#x75;n&#103;&#64;&#111;&#x66;&#x66;&#x65;nb&#97;&#99;&#104;&#x2d;&#x65;&#x76;an&#103;&#101;&#x6c;&#x69;&#x73;&#x63;h&#46;&#100;&#101;\">E-Mail<\/a><\/p><\/div><\/div><\/div>\n\n\n\n<div class=\"wp-block-erv-id-card\"><div class=\"id-card-content\"><figure class=\"id-card-photo\"><img decoding=\"async\" src=\"https:\/\/evangelische-beratung.com\/wp-content\/uploads\/2020\/01\/portrait_platzhalter-1-300x300.jpg\" \/><\/figure><div class=\"id-card-details\"><p class=\"id-card-name\">Anastassia-Tasoula Pentidou <\/p><p class=\"id-card-job\">Beratung<\/p><p class=\"id-card-location\">Ev. Beratungszentrum Offenbach<\/p><p class=\"id-card-phone\">069 \/ 82 97 70 99<\/p><p class=\"id-card-email\"><a href=\"mai&#108;&#116;&#111;&#58;&#x6d;&#x69;&#x67;&#x72;&#x61;&#x74;&#x69;ons&#98;&#101;&#114;&#97;&#116;&#x75;&#x6e;&#x67;&#x40;&#x6f;&#x66;fenb&#97;&#99;&#104;&#45;&#x65;&#x76;&#x61;&#x6e;&#x67;&#x65;lisc&#104;&#46;&#100;&#101;\">E-Mail<\/a><\/p><\/div><\/div><\/div>\n\n\n\n<p><\/p>\n<\/div>\n\n\n\n<div class=\"wp-block-column is-layout-flow wp-block-column-is-layout-flow\"><\/div>\n\n\n\n<div class=\"wp-block-column is-layout-flow wp-block-column-is-layout-flow\">\n<div class=\"wp-block-erv-id-card\"><div class=\"id-card-content\"><figure class=\"id-card-photo\"><img decoding=\"async\" src=\"https:\/\/evangelische-beratung.com\/wp-content\/uploads\/2022\/10\/Bild-Barbara-Schwab-225x300.jpg\" \/><\/figure><div class=\"id-card-details\"><p class=\"id-card-name\">Barbara Schwab<\/p><p class=\"id-card-job\">Lebensberatung<\/p><p class=\"id-card-location\">Offenbach<\/p><p class=\"id-card-phone\">069 \/ 82 97 70 99<\/p><p class=\"id-card-email\"><a href=\"&#x6d;a&#x69;&#108;&#x74;&#x6f;:&#x62;&#101;&#x72;&#x61;t&#x75;&#110;&#x67;&#x73;z&#x65;&#110;&#x74;&#x72;u&#x6d;&#64;&#x6f;&#x66;f&#x65;&#110;&#x62;&#x61;c&#x68;&#45;&#x65;&#x76;a&#x6e;&#103;&#x65;&#x6c;i&#x73;&#99;&#x68;&#x2e;d&#x65;\">E-Mail<\/a><\/p><\/div><\/div><\/div>\n<\/div>\n<\/div>\n\n\n\n<p><\/p>\n","protected":false},"excerpt":{"rendered":"<p>Tout dans la vie ne se passe pas comme pr\u00e9vu. Vous pouvez vous adresser \u00e0 nous \u2013 par exemple pour un conseil g\u00e9n\u00e9ral au sujet de la migration. Aide et soutien pendant la p\u00e9riode du coronavirus \u2013 Nous sommes l\u00e0 pour vous&nbsp;! Les restrictions actuelles visant \u00e0 \u00e9radiquer le coronavirus et l\u2019ins\u00e9curit\u00e9 qu\u2019elles entra\u00eenent placent [&hellip;]<\/p>\n","protected":false},"author":36,"featured_media":602,"parent":0,"menu_order":0,"comment_status":"closed","ping_status":"closed","template":"","meta":{"footnotes":""},"class_list":["post-40","page","type-page","status-publish","has-post-thumbnail","hentry"],"yoast_head":"<!-- This site is optimized with the Yoast SEO plugin v27.4 - https:\/\/yoast.com\/product\/yoast-seo-wordpress\/ -->\n<title>Sozialberatung in Frankfurt, H\u00f6chst und Offenbach vom Ev. Regionalverband<\/title>\n<meta name=\"description\" content=\"Wir sind gerne f\u00fcr Sie da. Wenden Sie sich an uns f\u00fcr eine allgemeine Beratung oder zum Thema Migration.\" \/>\n<meta name=\"robots\" content=\"index, follow, max-snippet:-1, max-image-preview:large, max-video-preview:-1\" \/>\n<link rel=\"canonical\" href=\"https:\/\/evangelische-beratung.com\/fr\/sozialberatung\/\" \/>\n<meta property=\"og:locale\" content=\"fr_FR\" \/>\n<meta property=\"og:type\" content=\"article\" \/>\n<meta property=\"og:title\" content=\"Sozialberatung in Frankfurt, H\u00f6chst und Offenbach vom Ev. Regionalverband\" \/>\n<meta property=\"og:description\" content=\"Wir sind gerne f\u00fcr Sie da. Wenden Sie sich an uns f\u00fcr eine allgemeine Beratung oder zum Thema Migration.\" \/>\n<meta property=\"og:url\" content=\"https:\/\/evangelische-beratung.com\/fr\/sozialberatung\/\" \/>\n<meta property=\"og:site_name\" content=\"Evangelischer Regionalverband\" \/>\n<meta property=\"article:modified_time\" content=\"2026-04-14T07:39:59+00:00\" \/>\n<meta property=\"og:image\" content=\"https:\/\/evangelische-beratung.com\/fr\/wp-content\/uploads\/sites\/5\/2019\/09\/ev-am-weissen-stein-2-_-saskya-photography-00790.jpg\" \/>\n\t<meta property=\"og:image:width\" content=\"1920\" \/>\n\t<meta property=\"og:image:height\" content=\"1282\" \/>\n\t<meta property=\"og:image:type\" content=\"image\/jpeg\" \/>\n<meta name=\"twitter:card\" content=\"summary_large_image\" \/>\n<meta name=\"twitter:label1\" content=\"Dur\u00e9e de lecture estim\u00e9e\" \/>\n\t<meta name=\"twitter:data1\" content=\"1 minute\" \/>\n<script type=\"application\/ld+json\" class=\"yoast-schema-graph\">{\"@context\":\"https:\\\/\\\/schema.org\",\"@graph\":[{\"@type\":\"WebPage\",\"@id\":\"https:\\\/\\\/evangelische-beratung.com\\\/fr\\\/sozialberatung\\\/\",\"url\":\"https:\\\/\\\/evangelische-beratung.com\\\/fr\\\/sozialberatung\\\/\",\"name\":\"Sozialberatung in Frankfurt, H\u00f6chst und Offenbach vom Ev. Regionalverband\",\"isPartOf\":{\"@id\":\"https:\\\/\\\/evangelische-beratung.com\\\/fr\\\/#website\"},\"primaryImageOfPage\":{\"@id\":\"https:\\\/\\\/evangelische-beratung.com\\\/fr\\\/sozialberatung\\\/#primaryimage\"},\"image\":{\"@id\":\"https:\\\/\\\/evangelische-beratung.com\\\/fr\\\/sozialberatung\\\/#primaryimage\"},\"thumbnailUrl\":\"https:\\\/\\\/evangelische-beratung.com\\\/fr\\\/wp-content\\\/uploads\\\/sites\\\/5\\\/2019\\\/09\\\/ev-am-weissen-stein-2-_-saskya-photography-00790.jpg\",\"datePublished\":\"2019-07-21T20:19:34+00:00\",\"dateModified\":\"2026-04-14T07:39:59+00:00\",\"description\":\"Wir sind gerne f\u00fcr Sie da. Wenden Sie sich an uns f\u00fcr eine allgemeine Beratung oder zum Thema Migration.\",\"breadcrumb\":{\"@id\":\"https:\\\/\\\/evangelische-beratung.com\\\/fr\\\/sozialberatung\\\/#breadcrumb\"},\"inLanguage\":\"fr-FR\",\"potentialAction\":[{\"@type\":\"ReadAction\",\"target\":[\"https:\\\/\\\/evangelische-beratung.com\\\/fr\\\/sozialberatung\\\/\"]}]},{\"@type\":\"ImageObject\",\"inLanguage\":\"fr-FR\",\"@id\":\"https:\\\/\\\/evangelische-beratung.com\\\/fr\\\/sozialberatung\\\/#primaryimage\",\"url\":\"https:\\\/\\\/evangelische-beratung.com\\\/fr\\\/wp-content\\\/uploads\\\/sites\\\/5\\\/2019\\\/09\\\/ev-am-weissen-stein-2-_-saskya-photography-00790.jpg\",\"contentUrl\":\"https:\\\/\\\/evangelische-beratung.com\\\/fr\\\/wp-content\\\/uploads\\\/sites\\\/5\\\/2019\\\/09\\\/ev-am-weissen-stein-2-_-saskya-photography-00790.jpg\",\"width\":1920,\"height\":1282},{\"@type\":\"BreadcrumbList\",\"@id\":\"https:\\\/\\\/evangelische-beratung.com\\\/fr\\\/sozialberatung\\\/#breadcrumb\",\"itemListElement\":[{\"@type\":\"ListItem\",\"position\":1,\"name\":\"Startseite\",\"item\":\"https:\\\/\\\/evangelische-beratung.com\\\/fr\\\/\"},{\"@type\":\"ListItem\",\"position\":2,\"name\":\"Conseil social\"}]},{\"@type\":\"WebSite\",\"@id\":\"https:\\\/\\\/evangelische-beratung.com\\\/fr\\\/#website\",\"url\":\"https:\\\/\\\/evangelische-beratung.com\\\/fr\\\/\",\"name\":\"Evangelischer Regionalverband\",\"description\":\"\",\"publisher\":{\"@id\":\"https:\\\/\\\/evangelische-beratung.com\\\/fr\\\/#organization\"},\"potentialAction\":[{\"@type\":\"SearchAction\",\"target\":{\"@type\":\"EntryPoint\",\"urlTemplate\":\"https:\\\/\\\/evangelische-beratung.com\\\/fr\\\/?s={search_term_string}\"},\"query-input\":{\"@type\":\"PropertyValueSpecification\",\"valueRequired\":true,\"valueName\":\"search_term_string\"}}],\"inLanguage\":\"fr-FR\"},{\"@type\":\"Organization\",\"@id\":\"https:\\\/\\\/evangelische-beratung.com\\\/fr\\\/#organization\",\"name\":\"Evangelischer Regionalverband Frankfurt und Offenbach\",\"url\":\"https:\\\/\\\/evangelische-beratung.com\\\/fr\\\/\",\"logo\":{\"@type\":\"ImageObject\",\"inLanguage\":\"fr-FR\",\"@id\":\"https:\\\/\\\/evangelische-beratung.com\\\/fr\\\/#\\\/schema\\\/logo\\\/image\\\/\",\"url\":\"https:\\\/\\\/evangelische-beratung.com\\\/fr\\\/wp-content\\\/uploads\\\/sites\\\/5\\\/2019\\\/10\\\/erv-logo.png\",\"contentUrl\":\"https:\\\/\\\/evangelische-beratung.com\\\/fr\\\/wp-content\\\/uploads\\\/sites\\\/5\\\/2019\\\/10\\\/erv-logo.png\",\"width\":1127,\"height\":595,\"caption\":\"Evangelischer Regionalverband Frankfurt und Offenbach\"},\"image\":{\"@id\":\"https:\\\/\\\/evangelische-beratung.com\\\/fr\\\/#\\\/schema\\\/logo\\\/image\\\/\"}}]}<\/script>\n<!-- \/ Yoast SEO plugin. -->","yoast_head_json":{"title":"Sozialberatung in Frankfurt, H\u00f6chst und Offenbach vom Ev. Regionalverband","description":"Wir sind gerne f\u00fcr Sie da. Wenden Sie sich an uns f\u00fcr eine allgemeine Beratung oder zum Thema Migration.","robots":{"index":"index","follow":"follow","max-snippet":"max-snippet:-1","max-image-preview":"max-image-preview:large","max-video-preview":"max-video-preview:-1"},"canonical":"https:\/\/evangelische-beratung.com\/fr\/sozialberatung\/","og_locale":"fr_FR","og_type":"article","og_title":"Sozialberatung in Frankfurt, H\u00f6chst und Offenbach vom Ev. Regionalverband","og_description":"Wir sind gerne f\u00fcr Sie da. Wenden Sie sich an uns f\u00fcr eine allgemeine Beratung oder zum Thema Migration.","og_url":"https:\/\/evangelische-beratung.com\/fr\/sozialberatung\/","og_site_name":"Evangelischer Regionalverband","article_modified_time":"2026-04-14T07:39:59+00:00","og_image":[{"width":1920,"height":1282,"url":"https:\/\/evangelische-beratung.com\/fr\/wp-content\/uploads\/sites\/5\/2019\/09\/ev-am-weissen-stein-2-_-saskya-photography-00790.jpg","type":"image\/jpeg"}],"twitter_card":"summary_large_image","twitter_misc":{"Dur\u00e9e de lecture estim\u00e9e":"1 minute"},"schema":{"@context":"https:\/\/schema.org","@graph":[{"@type":"WebPage","@id":"https:\/\/evangelische-beratung.com\/fr\/sozialberatung\/","url":"https:\/\/evangelische-beratung.com\/fr\/sozialberatung\/","name":"Sozialberatung in Frankfurt, H\u00f6chst und Offenbach vom Ev. Regionalverband","isPartOf":{"@id":"https:\/\/evangelische-beratung.com\/fr\/#website"},"primaryImageOfPage":{"@id":"https:\/\/evangelische-beratung.com\/fr\/sozialberatung\/#primaryimage"},"image":{"@id":"https:\/\/evangelische-beratung.com\/fr\/sozialberatung\/#primaryimage"},"thumbnailUrl":"https:\/\/evangelische-beratung.com\/fr\/wp-content\/uploads\/sites\/5\/2019\/09\/ev-am-weissen-stein-2-_-saskya-photography-00790.jpg","datePublished":"2019-07-21T20:19:34+00:00","dateModified":"2026-04-14T07:39:59+00:00","description":"Wir sind gerne f\u00fcr Sie da. Wenden Sie sich an uns f\u00fcr eine allgemeine Beratung oder zum Thema Migration.","breadcrumb":{"@id":"https:\/\/evangelische-beratung.com\/fr\/sozialberatung\/#breadcrumb"},"inLanguage":"fr-FR","potentialAction":[{"@type":"ReadAction","target":["https:\/\/evangelische-beratung.com\/fr\/sozialberatung\/"]}]},{"@type":"ImageObject","inLanguage":"fr-FR","@id":"https:\/\/evangelische-beratung.com\/fr\/sozialberatung\/#primaryimage","url":"https:\/\/evangelische-beratung.com\/fr\/wp-content\/uploads\/sites\/5\/2019\/09\/ev-am-weissen-stein-2-_-saskya-photography-00790.jpg","contentUrl":"https:\/\/evangelische-beratung.com\/fr\/wp-content\/uploads\/sites\/5\/2019\/09\/ev-am-weissen-stein-2-_-saskya-photography-00790.jpg","width":1920,"height":1282},{"@type":"BreadcrumbList","@id":"https:\/\/evangelische-beratung.com\/fr\/sozialberatung\/#breadcrumb","itemListElement":[{"@type":"ListItem","position":1,"name":"Startseite","item":"https:\/\/evangelische-beratung.com\/fr\/"},{"@type":"ListItem","position":2,"name":"Conseil social"}]},{"@type":"WebSite","@id":"https:\/\/evangelische-beratung.com\/fr\/#website","url":"https:\/\/evangelische-beratung.com\/fr\/","name":"Evangelischer Regionalverband","description":"","publisher":{"@id":"https:\/\/evangelische-beratung.com\/fr\/#organization"},"potentialAction":[{"@type":"SearchAction","target":{"@type":"EntryPoint","urlTemplate":"https:\/\/evangelische-beratung.com\/fr\/?s={search_term_string}"},"query-input":{"@type":"PropertyValueSpecification","valueRequired":true,"valueName":"search_term_string"}}],"inLanguage":"fr-FR"},{"@type":"Organization","@id":"https:\/\/evangelische-beratung.com\/fr\/#organization","name":"Evangelischer Regionalverband Frankfurt und Offenbach","url":"https:\/\/evangelische-beratung.com\/fr\/","logo":{"@type":"ImageObject","inLanguage":"fr-FR","@id":"https:\/\/evangelische-beratung.com\/fr\/#\/schema\/logo\/image\/","url":"https:\/\/evangelische-beratung.com\/fr\/wp-content\/uploads\/sites\/5\/2019\/10\/erv-logo.png","contentUrl":"https:\/\/evangelische-beratung.com\/fr\/wp-content\/uploads\/sites\/5\/2019\/10\/erv-logo.png","width":1127,"height":595,"caption":"Evangelischer Regionalverband Frankfurt und Offenbach"},"image":{"@id":"https:\/\/evangelische-beratung.com\/fr\/#\/schema\/logo\/image\/"}}]}},"_links":{"self":[{"href":"https:\/\/evangelische-beratung.com\/fr\/wp-json\/wp\/v2\/pages\/40","targetHints":{"allow":["GET"]}}],"collection":[{"href":"https:\/\/evangelische-beratung.com\/fr\/wp-json\/wp\/v2\/pages"}],"about":[{"href":"https:\/\/evangelische-beratung.com\/fr\/wp-json\/wp\/v2\/types\/page"}],"author":[{"embeddable":true,"href":"https:\/\/evangelische-beratung.com\/fr\/wp-json\/wp\/v2\/users\/36"}],"replies":[{"embeddable":true,"href":"https:\/\/evangelische-beratung.com\/fr\/wp-json\/wp\/v2\/comments?post=40"}],"version-history":[{"count":5,"href":"https:\/\/evangelische-beratung.com\/fr\/wp-json\/wp\/v2\/pages\/40\/revisions"}],"predecessor-version":[{"id":1741,"href":"https:\/\/evangelische-beratung.com\/fr\/wp-json\/wp\/v2\/pages\/40\/revisions\/1741"}],"wp:featuredmedia":[{"embeddable":true,"href":"https:\/\/evangelische-beratung.com\/fr\/wp-json\/wp\/v2\/media\/602"}],"wp:attachment":[{"href":"https:\/\/evangelische-beratung.com\/fr\/wp-json\/wp\/v2\/media?parent=40"}],"curies":[{"name":"wp","href":"https:\/\/api.w.org\/{rel}","templated":true}]}}