{"id":324,"date":"2019-08-16T17:27:07","date_gmt":"2019-08-16T15:27:07","guid":{"rendered":"https:\/\/evangelische-beratung.com\/fr\/?page_id=324"},"modified":"2020-03-24T19:47:25","modified_gmt":"2020-03-24T18:47:25","slug":"sozialberatung-fuer-migranten-und-fluechtlinge","status":"publish","type":"page","link":"https:\/\/evangelische-beratung.com\/fr\/sozialberatung\/sozialberatung-fuer-migranten-und-fluechtlinge\/","title":{"rendered":"Conseil social pour migrants et r\u00e9fugi\u00e9s"},"content":{"rendered":"\n<p class=\"is-style-teaser\">Nous vous conseillons dans les questions juridiques, familiales et sociales sur votre vie \u00e0 Francfort.<\/p>\n\n\n\n<figure class=\"wp-block-image alignwide\"><img loading=\"lazy\" decoding=\"async\" width=\"1024\" height=\"512\" src=\"https:\/\/evangelische-beratung.com\/fr\/wp-content\/uploads\/sites\/5\/2020\/01\/Sozialberatung-fuer-Migranten-Zentrum-Am-Weissen-Stein-2_HERO-1-1024x512.jpg\" alt=\"\" class=\"wp-image-826\" srcset=\"https:\/\/evangelische-beratung.com\/fr\/wp-content\/uploads\/sites\/5\/2020\/01\/Sozialberatung-fuer-Migranten-Zentrum-Am-Weissen-Stein-2_HERO-1-1024x512.jpg 1024w, https:\/\/evangelische-beratung.com\/fr\/wp-content\/uploads\/sites\/5\/2020\/01\/Sozialberatung-fuer-Migranten-Zentrum-Am-Weissen-Stein-2_HERO-1-300x150.jpg 300w, https:\/\/evangelische-beratung.com\/fr\/wp-content\/uploads\/sites\/5\/2020\/01\/Sozialberatung-fuer-Migranten-Zentrum-Am-Weissen-Stein-2_HERO-1-768x384.jpg 768w, https:\/\/evangelische-beratung.com\/fr\/wp-content\/uploads\/sites\/5\/2020\/01\/Sozialberatung-fuer-Migranten-Zentrum-Am-Weissen-Stein-2_HERO-1.jpg 1840w\" sizes=\"auto, 100vw\" \/><\/figure>\n\n\n\n<p>Nous vous soutenons dans ces questions  :<\/p>\n\n\n\n<ul class=\"wp-block-list\"><li>Vous \u00eates de fra\u00eeche date \u00e0 Francfort ou vivez depuis assez longtemps ici ?<\/li><li>Vous recherchez de l\u2019aide dans les questions personnelles, sanitaires et relatives au droit au s\u00e9jour et social ?<\/li><li>Vous souhaitez demander des prestations sociales ?<\/li><li>Vous \u00eates confront\u00e9s avez des conflits familiaux ou g\u00e9n\u00e9rationnels ?<\/li><li>Vous recherchez un cours d\u2019int\u00e9gration ou de langues ?<\/li><li>Vous aimeriez suivre une formation professionnelle ou de formation continue ?<\/li><li>Vous aimeriez rapprocher votre famille en Allemagne ?<\/li><li>Vous aimeriez retourner volontairement dans votre pays d\u2019origine ?<\/li><li> Vous avez fait une demande d\u2019asile et recherchez un conseil ?<\/li><\/ul>\n\n\n\n<p>Nous vous conseillons dans diff\u00e9rentes langues ou avec des interpr\u00e8tes.<\/p>\n\n\n\n<p>La consultation est <strong>volontaire<\/strong> et <strong>gratuit<\/strong>e. Toutes les consultations sont <strong>confidentielles<\/strong>.<\/p>\n\n\n\n<div class=\"wp-block-erv-container -has-background\">\n<p class=\"is-style-roof-line\"><strong>Ihre Ansprechpartner*innen<\/strong><\/p>\n\n\n\n<h3 class=\"wp-block-heading\">Sozialberatung f\u00fcr Migranten und Fl\u00fcchtlinge<\/h3>\n\n\n\n<div class=\"wp-block-columns alignwide has-2-columns is-layout-flex wp-container-core-columns-is-layout-9d6595d7 wp-block-columns-is-layout-flex\">\n<div class=\"wp-block-column is-layout-flow wp-block-column-is-layout-flow\">\n<div class=\"wp-block-erv-id-card\"><div class=\"id-card-content\"><figure class=\"id-card-photo\"><img decoding=\"async\" src=\"https:\/\/evangelische-beratung.com\/wp-content\/uploads\/2023\/09\/EWA-Maksym-Akdogan-212x300.png\" \/><\/figure><div class=\"id-card-details\"><p class=\"id-card-name\">Ewa Maksym-Akdogan<\/p><p class=\"id-card-job\">Sekretariat<\/p><p class=\"id-card-location\">Frankfurt<\/p><p class=\"id-card-phone\">069 \/ 53 02 159<\/p><p class=\"id-card-email\"><a href=\"&#x6d;&#97;&#105;l&#x74;&#x6f;&#58;m&#x69;&#x67;&#114;at&#x69;&#111;&#110;s&#x62;&#x65;&#114;a&#x74;&#x75;&#110;&#103;&#64;&#x66;&#x72;&#97;n&#x6b;&#x66;&#117;r&#x74;&#x2d;&#101;&#118;a&#x6e;&#x67;&#101;l&#x69;&#x73;&#99;h&#x2e;&#x64;&#101;\">E-Mail<\/a><\/p><\/div><\/div><\/div>\n<\/div>\n\n\n\n<div class=\"wp-block-column is-layout-flow wp-block-column-is-layout-flow\">\n<p class=\"is-style-default\">Offene Sprechstunde<br>Montag   9:30\u201312:30 Uhr  <br>Donnerstag     14:00\u201317:30 Uhr <br>Dar\u00fcber hinaus sind Terminvereinbarungen m\u00f6glich. <\/p>\n<\/div>\n<\/div>\n\n\n\n<div class=\"wp-block-columns alignwide has-2-columns is-layout-flex wp-container-core-columns-is-layout-9d6595d7 wp-block-columns-is-layout-flex\">\n<div class=\"wp-block-column is-layout-flow wp-block-column-is-layout-flow\">\n<div class=\"wp-block-erv-id-card\"><div class=\"id-card-content\"><figure class=\"id-card-photo\"><img decoding=\"async\" src=\"https:\/\/evangelische-beratung.com\/wp-content\/uploads\/2020\/01\/portrait_platzhalter-1-300x300.jpg\" \/><\/figure><div class=\"id-card-details\"><p class=\"id-card-name\">Paulina Hassenrueck<\/p><p class=\"id-card-job\">Sekretariat <\/p><p class=\"id-card-location\">Ev. Beratungszentrum H\u00f6chst<\/p><p class=\"id-card-phone\">069 \/ 75 93 672 40<\/p><p class=\"id-card-email\"><a href=\"&#x6d;&#x61;&#x69;&#x6c;&#x74;&#x6f;&#x3a;&#x6d;&#x69;&#x67;&#x72;&#x61;&#x74;&#x69;&#x6f;&#x6e;&#x73;&#x62;&#x65;&#x72;&#x61;&#x74;&#x75;&#x6e;&#x67;&#x2e;&#x68;&#x6f;&#x65;&#x63;&#x68;&#x73;&#x74;&#x40;&#x66;&#x72;&#x61;&#x6e;&#x6b;&#x66;&#x75;&#x72;&#x74;&#x2d;&#101;&#118;&#97;&#110;&#103;&#101;&#108;&#105;&#115;&#99;&#104;&#46;&#100;&#101;\">E-Mail<\/a><\/p><\/div><\/div><\/div>\n\n\n\n<p><\/p>\n<\/div>\n\n\n\n<div class=\"wp-block-column is-layout-flow wp-block-column-is-layout-flow\">\n<p>Offene Sprechstunde<br>Donnerstag 14:00 \u201317:00 Uhr<br>Dar\u00fcber hinaus sind Terminvereinbarungen m\u00f6glich<\/p>\n<\/div>\n<\/div>\n\n\n\n<div class=\"wp-block-columns alignwide has-3-columns is-layout-flex wp-container-core-columns-is-layout-9d6595d7 wp-block-columns-is-layout-flex\">\n<div class=\"wp-block-column is-layout-flow wp-block-column-is-layout-flow\">\n<div class=\"wp-block-erv-id-card\"><div class=\"id-card-content\"><figure class=\"id-card-photo\"><img decoding=\"async\" src=\"https:\/\/evangelische-beratung.com\/wp-content\/uploads\/2020\/01\/Leonie-Albert_Sozialberatung-Migranten-Hoechst-300x300.jpg\" \/><\/figure><div class=\"id-card-details\"><p class=\"id-card-name\">Leonie Albert<\/p><p class=\"id-card-job\">Leitung Sozial- und Migrationsberatung<\/p><p class=\"id-card-location\">Frankfurt<\/p><p class=\"id-card-phone\">069 \/ 75 93 672 40<\/p><p class=\"id-card-email\"><a href=\"&#x6d;&#x61;&#x69;&#x6c;&#116;&#111;&#58;mi&#x67;&#x72;&#x61;&#x74;&#x69;&#111;&#110;&#115;be&#x72;&#x61;&#x74;&#x75;&#x6e;&#103;&#46;&#104;oe&#x63;&#x68;&#x73;&#x74;&#x40;&#102;&#114;&#97;nk&#x66;&#x75;&#x72;&#x74;&#x2d;&#101;&#118;&#97;ng&#x65;&#x6c;&#x69;&#x73;&#x63;&#104;&#46;&#100;e\">E-Mail<\/a><\/p><\/div><\/div><\/div>\n<\/div>\n\n\n\n<div class=\"wp-block-column is-layout-flow wp-block-column-is-layout-flow\">\n<div class=\"wp-block-erv-id-card\"><div class=\"id-card-content\"><figure class=\"id-card-photo\"><img decoding=\"async\" src=\"https:\/\/evangelische-beratung.com\/fr\/wp-content\/uploads\/sites\/5\/2020\/01\/Mehari-Dunfu_Sozialberatung-Migranten-Hoechst-300x300.jpg\" \/><\/figure><div class=\"id-card-details\"><p class=\"id-card-name\">Mehari Dunfu<\/p><p class=\"id-card-job\">Beratung<\/p><p class=\"id-card-location\">H\u00f6chst<\/p><p class=\"id-card-phone\">069 \/ 75 93 672 40<\/p><p class=\"id-card-email\"><a href=\"&#109;&#x61;&#x69;l&#116;&#x6f;:&#109;&#x69;g&#114;&#x61;t&#105;&#x6f;&#x6e;&#115;&#x62;&#x65;r&#97;&#x74;u&#110;&#x67;&#46;&#104;&#x6f;&#x65;&#99;&#x68;&#x73;t&#64;&#x66;r&#97;&#x6e;k&#102;&#x75;r&#116;&#x2d;&#x65;&#118;&#x61;&#x6e;g&#101;&#x6c;i&#115;&#x63;h&#46;&#x64;&#x65;\">E-Mail<\/a><\/p><\/div><\/div><\/div>\n\n\n\n<div class=\"wp-block-erv-id-card\"><div class=\"id-card-content\"><figure class=\"id-card-photo\"><img decoding=\"async\" src=\"https:\/\/evangelische-beratung.com\/wp-content\/uploads\/2020\/01\/portrait_platzhalter-1-300x300.jpg\" \/><\/figure><div class=\"id-card-details\"><p class=\"id-card-name\">Malale Schokory<\/p><p class=\"id-card-job\">Beratung<\/p><p class=\"id-card-location\">Ev. Zentrum am Wei\u00dfen Stein<\/p><p class=\"id-card-phone\">069 \/ 53 02 159<\/p><p class=\"id-card-email\"><a href=\"&#x6d;a&#x69;&#108;t&#x6f;&#58;&#x6d;&#105;g&#x72;&#97;&#x74;&#105;o&#x6e;&#115;&#x62;&#x65;r&#x61;&#116;u&#x6e;&#103;&#x40;&#102;r&#x61;&#110;&#x6b;&#102;u&#x72;&#116;&#x2d;&#x65;v&#x61;&#110;g&#x65;l&#x69;&#115;c&#x68;&#46;&#x64;&#101;\">E-Mail<\/a><\/p><\/div><\/div><\/div>\n<\/div>\n\n\n\n<div class=\"wp-block-column is-layout-flow wp-block-column-is-layout-flow\">\n<div class=\"wp-block-erv-id-card\"><div class=\"id-card-content\"><figure class=\"id-card-photo\"><img decoding=\"async\" src=\"https:\/\/evangelische-beratung.com\/wp-content\/uploads\/2020\/01\/Kahraman-Topuz_Sozialberatung-fuer-Migranten-2-300x200.jpg\" \/><\/figure><div class=\"id-card-details\"><p class=\"id-card-name\">Kahraman Topuz<\/p><p class=\"id-card-job\">Beratung<\/p><p class=\"id-card-location\">Ev. Zentrum am Wei\u00dfen Stein<\/p><p class=\"id-card-phone\">069 \/ 53 02 159<\/p><p class=\"id-card-email\"><a href=\"&#109;&#x61;&#x69;&#108;&#x74;&#x6f;&#58;&#x6d;&#x69;&#103;&#x72;&#x61;&#116;&#x69;&#x6f;&#110;&#x73;&#x62;&#101;&#x72;&#x61;&#116;&#x75;&#x6e;&#103;&#x40;&#x66;r&#x61;&#x6e;k&#x66;&#x75;r&#116;&#x2d;e&#118;&#x61;n&#103;&#x65;l&#105;&#x73;c&#104;&#x2e;d&#101;\">E-Mail<\/a><\/p><\/div><\/div><\/div>\n\n\n\n<p><\/p>\n\n\n\n<div class=\"wp-block-erv-id-card\"><div class=\"id-card-content\"><figure class=\"id-card-photo\"><img decoding=\"async\" src=\"https:\/\/evangelische-beratung.com\/wp-content\/uploads\/2020\/01\/Kahraman-Topuz_Sozialberatung-fuer-Migranten-2-300x200.jpg\" \/><\/figure><div class=\"id-card-details\"><p class=\"id-card-name\">Kahraman Topuz<\/p><p class=\"id-card-job\">Beratung<\/p><p class=\"id-card-location\">Ev. Zentrum am Wei\u00dfen Stein<\/p><p class=\"id-card-phone\">069 \/ 53 02 159<\/p><p class=\"id-card-email\"><a href=\"&#109;&#x61;&#105;&#x6c;&#116;&#x6f;&#58;&#x6d;&#105;&#x67;&#114;&#x61;t&#x69;o&#x6e;s&#x62;e&#x72;a&#x74;u&#110;&#x67;&#64;&#x66;&#114;&#x61;&#110;&#x6b;&#102;&#x75;&#114;&#x74;&#45;&#x65;v&#x61;n&#x67;e&#x6c;i&#x73;c&#x68;&#46;&#100;&#x65;\">E-Mail<\/a><\/p><\/div><\/div><\/div>\n\n\n\n<p><\/p>\n<\/div>\n<\/div>\n\n\n\n<p><\/p>\n<\/div>\n","protected":false},"excerpt":{"rendered":"<p>Nous vous conseillons dans les questions juridiques, familiales et sociales sur votre vie \u00e0 Francfort. Nous vous soutenons dans ces questions : Vous \u00eates de fra\u00eeche date \u00e0 Francfort ou vivez depuis assez longtemps ici ? Vous recherchez de l\u2019aide dans les questions personnelles, sanitaires et relatives au droit au s\u00e9jour et social ? Vous [&hellip;]<\/p>\n","protected":false},"author":5,"featured_media":36,"parent":40,"menu_order":0,"comment_status":"closed","ping_status":"closed","template":"","meta":{"footnotes":""},"class_list":["post-324","page","type-page","status-publish","has-post-thumbnail","hentry"],"yoast_head":"<!-- This site is optimized with the Yoast SEO plugin v27.4 - https:\/\/yoast.com\/product\/yoast-seo-wordpress\/ -->\n<title>Sozialberatung f\u00fcr Migranten und Fl\u00fcchtlinge in Frankfurt und Offenbach<\/title>\n<meta name=\"description\" content=\"Bei uns sind Sie richtig mit Ihren Fragen rund um das Thema Flucht, Aufenthalt und Integration. Alle Beratungsgespr\u00e4che sind vertraulich.\" \/>\n<meta name=\"robots\" content=\"index, follow, max-snippet:-1, max-image-preview:large, max-video-preview:-1\" \/>\n<link rel=\"canonical\" href=\"https:\/\/evangelische-beratung.com\/fr\/sozialberatung\/sozialberatung-fuer-migranten-und-fluechtlinge\/\" \/>\n<meta property=\"og:locale\" content=\"fr_FR\" \/>\n<meta property=\"og:type\" content=\"article\" \/>\n<meta property=\"og:title\" content=\"Sozialberatung f\u00fcr Migranten und Fl\u00fcchtlinge in Frankfurt und Offenbach\" \/>\n<meta property=\"og:description\" content=\"Bei uns sind Sie richtig mit Ihren Fragen rund um das Thema Flucht, Aufenthalt und Integration. Alle Beratungsgespr\u00e4che sind vertraulich.\" \/>\n<meta property=\"og:url\" content=\"https:\/\/evangelische-beratung.com\/fr\/sozialberatung\/sozialberatung-fuer-migranten-und-fluechtlinge\/\" \/>\n<meta property=\"og:site_name\" content=\"Evangelischer Regionalverband\" \/>\n<meta property=\"article:modified_time\" content=\"2020-03-24T18:47:25+00:00\" \/>\n<meta property=\"og:image\" content=\"https:\/\/evangelische-beratung.com\/fr\/wp-content\/uploads\/sites\/5\/2019\/07\/humberto-chavez-Ilo0ZD5o-q8-unsplash.jpg\" \/>\n\t<meta property=\"og:image:width\" content=\"1800\" \/>\n\t<meta property=\"og:image:height\" content=\"1200\" \/>\n\t<meta property=\"og:image:type\" content=\"image\/jpeg\" \/>\n<meta name=\"twitter:card\" content=\"summary_large_image\" \/>\n<meta name=\"twitter:label1\" content=\"Dur\u00e9e de lecture estim\u00e9e\" \/>\n\t<meta name=\"twitter:data1\" content=\"1 minute\" \/>\n<script type=\"application\/ld+json\" class=\"yoast-schema-graph\">{\"@context\":\"https:\\\/\\\/schema.org\",\"@graph\":[{\"@type\":\"WebPage\",\"@id\":\"https:\\\/\\\/evangelische-beratung.com\\\/fr\\\/sozialberatung\\\/sozialberatung-fuer-migranten-und-fluechtlinge\\\/\",\"url\":\"https:\\\/\\\/evangelische-beratung.com\\\/fr\\\/sozialberatung\\\/sozialberatung-fuer-migranten-und-fluechtlinge\\\/\",\"name\":\"Sozialberatung f\u00fcr Migranten und Fl\u00fcchtlinge in Frankfurt und Offenbach\",\"isPartOf\":{\"@id\":\"https:\\\/\\\/evangelische-beratung.com\\\/fr\\\/#website\"},\"primaryImageOfPage\":{\"@id\":\"https:\\\/\\\/evangelische-beratung.com\\\/fr\\\/sozialberatung\\\/sozialberatung-fuer-migranten-und-fluechtlinge\\\/#primaryimage\"},\"image\":{\"@id\":\"https:\\\/\\\/evangelische-beratung.com\\\/fr\\\/sozialberatung\\\/sozialberatung-fuer-migranten-und-fluechtlinge\\\/#primaryimage\"},\"thumbnailUrl\":\"https:\\\/\\\/evangelische-beratung.com\\\/fr\\\/wp-content\\\/uploads\\\/sites\\\/5\\\/2019\\\/07\\\/humberto-chavez-Ilo0ZD5o-q8-unsplash.jpg\",\"datePublished\":\"2019-08-16T15:27:07+00:00\",\"dateModified\":\"2020-03-24T18:47:25+00:00\",\"description\":\"Bei uns sind Sie richtig mit Ihren Fragen rund um das Thema Flucht, Aufenthalt und Integration. Alle Beratungsgespr\u00e4che sind vertraulich.\",\"breadcrumb\":{\"@id\":\"https:\\\/\\\/evangelische-beratung.com\\\/fr\\\/sozialberatung\\\/sozialberatung-fuer-migranten-und-fluechtlinge\\\/#breadcrumb\"},\"inLanguage\":\"fr-FR\",\"potentialAction\":[{\"@type\":\"ReadAction\",\"target\":[\"https:\\\/\\\/evangelische-beratung.com\\\/fr\\\/sozialberatung\\\/sozialberatung-fuer-migranten-und-fluechtlinge\\\/\"]}]},{\"@type\":\"ImageObject\",\"inLanguage\":\"fr-FR\",\"@id\":\"https:\\\/\\\/evangelische-beratung.com\\\/fr\\\/sozialberatung\\\/sozialberatung-fuer-migranten-und-fluechtlinge\\\/#primaryimage\",\"url\":\"https:\\\/\\\/evangelische-beratung.com\\\/fr\\\/wp-content\\\/uploads\\\/sites\\\/5\\\/2019\\\/07\\\/humberto-chavez-Ilo0ZD5o-q8-unsplash.jpg\",\"contentUrl\":\"https:\\\/\\\/evangelische-beratung.com\\\/fr\\\/wp-content\\\/uploads\\\/sites\\\/5\\\/2019\\\/07\\\/humberto-chavez-Ilo0ZD5o-q8-unsplash.jpg\",\"width\":1800,\"height\":1200},{\"@type\":\"BreadcrumbList\",\"@id\":\"https:\\\/\\\/evangelische-beratung.com\\\/fr\\\/sozialberatung\\\/sozialberatung-fuer-migranten-und-fluechtlinge\\\/#breadcrumb\",\"itemListElement\":[{\"@type\":\"ListItem\",\"position\":1,\"name\":\"Startseite\",\"item\":\"https:\\\/\\\/evangelische-beratung.com\\\/fr\\\/\"},{\"@type\":\"ListItem\",\"position\":2,\"name\":\"Conseil social\",\"item\":\"https:\\\/\\\/evangelische-beratung.com\\\/fr\\\/sozialberatung\\\/\"},{\"@type\":\"ListItem\",\"position\":3,\"name\":\"Conseil social pour migrants et r\u00e9fugi\u00e9s\"}]},{\"@type\":\"WebSite\",\"@id\":\"https:\\\/\\\/evangelische-beratung.com\\\/fr\\\/#website\",\"url\":\"https:\\\/\\\/evangelische-beratung.com\\\/fr\\\/\",\"name\":\"Evangelischer Regionalverband\",\"description\":\"\",\"publisher\":{\"@id\":\"https:\\\/\\\/evangelische-beratung.com\\\/fr\\\/#organization\"},\"potentialAction\":[{\"@type\":\"SearchAction\",\"target\":{\"@type\":\"EntryPoint\",\"urlTemplate\":\"https:\\\/\\\/evangelische-beratung.com\\\/fr\\\/?s={search_term_string}\"},\"query-input\":{\"@type\":\"PropertyValueSpecification\",\"valueRequired\":true,\"valueName\":\"search_term_string\"}}],\"inLanguage\":\"fr-FR\"},{\"@type\":\"Organization\",\"@id\":\"https:\\\/\\\/evangelische-beratung.com\\\/fr\\\/#organization\",\"name\":\"Evangelischer Regionalverband Frankfurt und Offenbach\",\"url\":\"https:\\\/\\\/evangelische-beratung.com\\\/fr\\\/\",\"logo\":{\"@type\":\"ImageObject\",\"inLanguage\":\"fr-FR\",\"@id\":\"https:\\\/\\\/evangelische-beratung.com\\\/fr\\\/#\\\/schema\\\/logo\\\/image\\\/\",\"url\":\"https:\\\/\\\/evangelische-beratung.com\\\/fr\\\/wp-content\\\/uploads\\\/sites\\\/5\\\/2019\\\/10\\\/erv-logo.png\",\"contentUrl\":\"https:\\\/\\\/evangelische-beratung.com\\\/fr\\\/wp-content\\\/uploads\\\/sites\\\/5\\\/2019\\\/10\\\/erv-logo.png\",\"width\":1127,\"height\":595,\"caption\":\"Evangelischer Regionalverband Frankfurt und Offenbach\"},\"image\":{\"@id\":\"https:\\\/\\\/evangelische-beratung.com\\\/fr\\\/#\\\/schema\\\/logo\\\/image\\\/\"}}]}<\/script>\n<!-- \/ Yoast SEO plugin. -->","yoast_head_json":{"title":"Sozialberatung f\u00fcr Migranten und Fl\u00fcchtlinge in Frankfurt und Offenbach","description":"Bei uns sind Sie richtig mit Ihren Fragen rund um das Thema Flucht, Aufenthalt und Integration. Alle Beratungsgespr\u00e4che sind vertraulich.","robots":{"index":"index","follow":"follow","max-snippet":"max-snippet:-1","max-image-preview":"max-image-preview:large","max-video-preview":"max-video-preview:-1"},"canonical":"https:\/\/evangelische-beratung.com\/fr\/sozialberatung\/sozialberatung-fuer-migranten-und-fluechtlinge\/","og_locale":"fr_FR","og_type":"article","og_title":"Sozialberatung f\u00fcr Migranten und Fl\u00fcchtlinge in Frankfurt und Offenbach","og_description":"Bei uns sind Sie richtig mit Ihren Fragen rund um das Thema Flucht, Aufenthalt und Integration. Alle Beratungsgespr\u00e4che sind vertraulich.","og_url":"https:\/\/evangelische-beratung.com\/fr\/sozialberatung\/sozialberatung-fuer-migranten-und-fluechtlinge\/","og_site_name":"Evangelischer Regionalverband","article_modified_time":"2020-03-24T18:47:25+00:00","og_image":[{"width":1800,"height":1200,"url":"https:\/\/evangelische-beratung.com\/fr\/wp-content\/uploads\/sites\/5\/2019\/07\/humberto-chavez-Ilo0ZD5o-q8-unsplash.jpg","type":"image\/jpeg"}],"twitter_card":"summary_large_image","twitter_misc":{"Dur\u00e9e de lecture estim\u00e9e":"1 minute"},"schema":{"@context":"https:\/\/schema.org","@graph":[{"@type":"WebPage","@id":"https:\/\/evangelische-beratung.com\/fr\/sozialberatung\/sozialberatung-fuer-migranten-und-fluechtlinge\/","url":"https:\/\/evangelische-beratung.com\/fr\/sozialberatung\/sozialberatung-fuer-migranten-und-fluechtlinge\/","name":"Sozialberatung f\u00fcr Migranten und Fl\u00fcchtlinge in Frankfurt und Offenbach","isPartOf":{"@id":"https:\/\/evangelische-beratung.com\/fr\/#website"},"primaryImageOfPage":{"@id":"https:\/\/evangelische-beratung.com\/fr\/sozialberatung\/sozialberatung-fuer-migranten-und-fluechtlinge\/#primaryimage"},"image":{"@id":"https:\/\/evangelische-beratung.com\/fr\/sozialberatung\/sozialberatung-fuer-migranten-und-fluechtlinge\/#primaryimage"},"thumbnailUrl":"https:\/\/evangelische-beratung.com\/fr\/wp-content\/uploads\/sites\/5\/2019\/07\/humberto-chavez-Ilo0ZD5o-q8-unsplash.jpg","datePublished":"2019-08-16T15:27:07+00:00","dateModified":"2020-03-24T18:47:25+00:00","description":"Bei uns sind Sie richtig mit Ihren Fragen rund um das Thema Flucht, Aufenthalt und Integration. Alle Beratungsgespr\u00e4che sind vertraulich.","breadcrumb":{"@id":"https:\/\/evangelische-beratung.com\/fr\/sozialberatung\/sozialberatung-fuer-migranten-und-fluechtlinge\/#breadcrumb"},"inLanguage":"fr-FR","potentialAction":[{"@type":"ReadAction","target":["https:\/\/evangelische-beratung.com\/fr\/sozialberatung\/sozialberatung-fuer-migranten-und-fluechtlinge\/"]}]},{"@type":"ImageObject","inLanguage":"fr-FR","@id":"https:\/\/evangelische-beratung.com\/fr\/sozialberatung\/sozialberatung-fuer-migranten-und-fluechtlinge\/#primaryimage","url":"https:\/\/evangelische-beratung.com\/fr\/wp-content\/uploads\/sites\/5\/2019\/07\/humberto-chavez-Ilo0ZD5o-q8-unsplash.jpg","contentUrl":"https:\/\/evangelische-beratung.com\/fr\/wp-content\/uploads\/sites\/5\/2019\/07\/humberto-chavez-Ilo0ZD5o-q8-unsplash.jpg","width":1800,"height":1200},{"@type":"BreadcrumbList","@id":"https:\/\/evangelische-beratung.com\/fr\/sozialberatung\/sozialberatung-fuer-migranten-und-fluechtlinge\/#breadcrumb","itemListElement":[{"@type":"ListItem","position":1,"name":"Startseite","item":"https:\/\/evangelische-beratung.com\/fr\/"},{"@type":"ListItem","position":2,"name":"Conseil social","item":"https:\/\/evangelische-beratung.com\/fr\/sozialberatung\/"},{"@type":"ListItem","position":3,"name":"Conseil social pour migrants et r\u00e9fugi\u00e9s"}]},{"@type":"WebSite","@id":"https:\/\/evangelische-beratung.com\/fr\/#website","url":"https:\/\/evangelische-beratung.com\/fr\/","name":"Evangelischer Regionalverband","description":"","publisher":{"@id":"https:\/\/evangelische-beratung.com\/fr\/#organization"},"potentialAction":[{"@type":"SearchAction","target":{"@type":"EntryPoint","urlTemplate":"https:\/\/evangelische-beratung.com\/fr\/?s={search_term_string}"},"query-input":{"@type":"PropertyValueSpecification","valueRequired":true,"valueName":"search_term_string"}}],"inLanguage":"fr-FR"},{"@type":"Organization","@id":"https:\/\/evangelische-beratung.com\/fr\/#organization","name":"Evangelischer Regionalverband Frankfurt und Offenbach","url":"https:\/\/evangelische-beratung.com\/fr\/","logo":{"@type":"ImageObject","inLanguage":"fr-FR","@id":"https:\/\/evangelische-beratung.com\/fr\/#\/schema\/logo\/image\/","url":"https:\/\/evangelische-beratung.com\/fr\/wp-content\/uploads\/sites\/5\/2019\/10\/erv-logo.png","contentUrl":"https:\/\/evangelische-beratung.com\/fr\/wp-content\/uploads\/sites\/5\/2019\/10\/erv-logo.png","width":1127,"height":595,"caption":"Evangelischer Regionalverband Frankfurt und Offenbach"},"image":{"@id":"https:\/\/evangelische-beratung.com\/fr\/#\/schema\/logo\/image\/"}}]}},"_links":{"self":[{"href":"https:\/\/evangelische-beratung.com\/fr\/wp-json\/wp\/v2\/pages\/324","targetHints":{"allow":["GET"]}}],"collection":[{"href":"https:\/\/evangelische-beratung.com\/fr\/wp-json\/wp\/v2\/pages"}],"about":[{"href":"https:\/\/evangelische-beratung.com\/fr\/wp-json\/wp\/v2\/types\/page"}],"author":[{"embeddable":true,"href":"https:\/\/evangelische-beratung.com\/fr\/wp-json\/wp\/v2\/users\/5"}],"replies":[{"embeddable":true,"href":"https:\/\/evangelische-beratung.com\/fr\/wp-json\/wp\/v2\/comments?post=324"}],"version-history":[{"count":5,"href":"https:\/\/evangelische-beratung.com\/fr\/wp-json\/wp\/v2\/pages\/324\/revisions"}],"predecessor-version":[{"id":1659,"href":"https:\/\/evangelische-beratung.com\/fr\/wp-json\/wp\/v2\/pages\/324\/revisions\/1659"}],"up":[{"embeddable":true,"href":"https:\/\/evangelische-beratung.com\/fr\/wp-json\/wp\/v2\/pages\/40"}],"wp:featuredmedia":[{"embeddable":true,"href":"https:\/\/evangelische-beratung.com\/fr\/wp-json\/wp\/v2\/media\/36"}],"wp:attachment":[{"href":"https:\/\/evangelische-beratung.com\/fr\/wp-json\/wp\/v2\/media?parent=324"}],"curies":[{"name":"wp","href":"https:\/\/api.w.org\/{rel}","templated":true}]}}