{"id":14,"date":"2019-07-12T11:06:55","date_gmt":"2019-07-12T09:06:55","guid":{"rendered":"https:\/\/erv.test\/?page_id=13"},"modified":"2026-04-14T09:39:59","modified_gmt":"2026-04-14T07:39:59","slug":"ueber-uns","status":"publish","type":"page","link":"https:\/\/evangelische-beratung.com\/fr\/ueber-uns\/","title":{"rendered":"\u00c0 notre propos"},"content":{"rendered":"\n<p style=\"text-align:center\" class=\"is-style-teaser\"><strong>Toutes les informations relatives \u00e0 l\u2019Evangelischer Regionalverband (<\/strong>association r\u00e9gionale luth\u00e9rienne), notre histoire et nos valeurs.<\/p>\n\n\n\n<figure class=\"wp-block-image alignwide\"><img loading=\"lazy\" decoding=\"async\" width=\"1024\" height=\"512\" src=\"https:\/\/evangelische-beratung.com\/fr\/wp-content\/uploads\/sites\/5\/2019\/08\/domkloster.original.HEro_-1024x512.jpg\" alt=\"\" class=\"wp-image-544\" srcset=\"https:\/\/evangelische-beratung.com\/fr\/wp-content\/uploads\/sites\/5\/2019\/08\/domkloster.original.HEro_-1024x512.jpg 1024w, https:\/\/evangelische-beratung.com\/fr\/wp-content\/uploads\/sites\/5\/2019\/08\/domkloster.original.HEro_-300x150.jpg 300w, https:\/\/evangelische-beratung.com\/fr\/wp-content\/uploads\/sites\/5\/2019\/08\/domkloster.original.HEro_-768x384.jpg 768w, https:\/\/evangelische-beratung.com\/fr\/wp-content\/uploads\/sites\/5\/2019\/08\/domkloster.original.HEro_.jpg 1840w\" sizes=\"auto, 100vw\" \/><\/figure>\n\n\n\n<p>En tant qu\u2019Evangelischer Regionalverband (association r\u00e9gionale luth\u00e9rienne), nous repr\u00e9sentons une association des communaut\u00e9s des \u00e9glises \u00e9vang\u00e9liques et du d\u00e9canat &nbsp;des villes de Francfort et d\u2019Offenbach. En tant qu\u2019organisme reconnu d\u2019aide \u00e0 la jeunesse et d\u2019assistance, nous g\u00e9rons de nombreuses institutions sociales et de formation destin\u00e9es aux habitants des deux villes. Les institutions de formation \u00e9vang\u00e9liques, les institutions \u00e9vang\u00e9liques d\u2019aide \u00e0 la jeunesse &nbsp;ainsi que les organismes de conseil sont regroup\u00e9s dans le d\u00e9partement sp\u00e9cialis\u00e9 I. <\/p>\n\n\n\n<p>Depuis plus de 55 ans, nous assistons par nos offres de conseil les gens vivant des situations de crise personnelle, d\u2019urgence et de conflit. Toujours en gardant \u00e0 l\u2019esprit le fait d\u2019aider les habitants de Francfort \u00e0 pouvoir mener une vie autonome avec eux et la communaut\u00e9. En tant que partie d\u2019\u00e9glise \u00e9vang\u00e9lique \u00e0 Francfort et \u00e0 Offenbach, nos efforts correspondent \u00e0 notre id\u00e9al chr\u00e9tien d\u2019une vie commune solidaire, de l\u2019autonomie personnelle, de la prise de responsabilit\u00e9 personnelle et de la participation \u00e0 la soci\u00e9t\u00e9.<\/p>\n\n\n\n<p>Nos offres s\u2019adressent en principe \u00e0 tous ceux qui habitent la ville. Dans nos bureaux de conseil, nous conseillons les personnes gratuitement et ind\u00e9pendamment de leur statut, religion, origine, sexe et orientation sexuelle. Les offres de conseil dans nos trois centres de conseil \u00e0 Eschersheim, H\u00f6chst et Offenbach vont du conseil aux famille, \u00e0 l\u2019\u00e9ducation et \u00e0 la jeunesse en passant par le conseil dans la vie, le conseil social dans le domaine de la migration et de la fuite, le conseil et la th\u00e9rapie \u00e0 l\u2019attention des r\u00e9fugi\u00e9s, le conseil en addiction en mettant l\u2019accent sur l\u2019addiction \u00e0 l\u2019alcool et le jeu jusqu\u2019au conseil en endettement. Nous proposons aussi notre conseil social dans cinq centres d\u2019h\u00e9bergement pour r\u00e9fugi\u00e9s. <\/p>\n\n\n\n<p>50 collaborateurs travaillent dans nos neuf sites. Avec \u00e9tudes men\u00e9es \u00e0 bien dans les domaines de la psychologie, de la p\u00e9dagogie, politique etc. et un large \u00e9ventail de qualifications th\u00e9rapeutiques et de conseil suppl\u00e9mentaires, ils proposent un conseil professionnel. Des Francfortais qualifi\u00e9s soutiennent en outre b\u00e9n\u00e9volement nos \u00e9quipes de conseil, entre autres dans le domaine du mentorat et la direction de groupes de soutien.<\/p>\n\n\n\n<p>En apprendre davantage :<\/p>\n\n\n<div class=\"wp-block-erv-tile \">\n\t\t\t<div>\n\t\t\t<a href=\"https:\/\/www.efo-magazin.de\/magazin\/\" tabindex=\"-1\" aria-hidden=\"true\"  target=\"_blank\"><\/a>\n\t\t\t<h2 class=\"tile-title\"><a href=\"https:\/\/www.efo-magazin.de\/magazin\/\"  target=\"_blank\">EFO Magazin<\/a><\/h2>\n\t\t\t\n\t\t\t<p aria-hidden=\"true\" class=\"-is-micro\">Go to website<svg xmlns=\"http:\/\/www.w3.org\/2000\/svg\" viewBox=\"0 0 13 10\"><path d=\"M1.5 5H12M8 1l4 4-4 4\" fill=\"none\" stroke=\"#a22a45\" stroke-width=\"1.2\" stroke-linecap=\"round\" stroke-linejoin=\"round\"\/><\/svg><\/p>\n\t\t\t<\/div>\n\t\t<\/div>","protected":false},"excerpt":{"rendered":"<p>Toutes les informations relatives \u00e0 l\u2019Evangelischer Regionalverband (association r\u00e9gionale luth\u00e9rienne), notre histoire et nos valeurs. En tant qu\u2019Evangelischer Regionalverband (association r\u00e9gionale luth\u00e9rienne), nous repr\u00e9sentons une association des communaut\u00e9s des \u00e9glises \u00e9vang\u00e9liques et du d\u00e9canat &nbsp;des villes de Francfort et d\u2019Offenbach. En tant qu\u2019organisme reconnu d\u2019aide \u00e0 la jeunesse et d\u2019assistance, nous g\u00e9rons de nombreuses institutions [&hellip;]<\/p>\n","protected":false},"author":36,"featured_media":0,"parent":0,"menu_order":0,"comment_status":"closed","ping_status":"closed","template":"","meta":{"footnotes":""},"class_list":["post-14","page","type-page","status-publish","hentry"],"yoast_head":"<!-- This site is optimized with the Yoast SEO plugin v27.5 - https:\/\/yoast.com\/product\/yoast-seo-wordpress\/ -->\n<title>\u00c0 notre propos - Evangelischer Regionalverband<\/title>\n<meta name=\"robots\" content=\"index, follow, max-snippet:-1, max-image-preview:large, max-video-preview:-1\" \/>\n<link rel=\"canonical\" href=\"https:\/\/evangelische-beratung.com\/fr\/ueber-uns\/\" \/>\n<meta property=\"og:locale\" content=\"fr_FR\" \/>\n<meta property=\"og:type\" content=\"article\" \/>\n<meta property=\"og:title\" content=\"\u00c0 notre propos - Evangelischer Regionalverband\" \/>\n<meta property=\"og:description\" content=\"Toutes les informations relatives \u00e0 l\u2019Evangelischer Regionalverband (association r\u00e9gionale luth\u00e9rienne), notre histoire et nos valeurs. En tant qu\u2019Evangelischer Regionalverband (association r\u00e9gionale luth\u00e9rienne), nous repr\u00e9sentons une association des communaut\u00e9s des \u00e9glises \u00e9vang\u00e9liques et du d\u00e9canat &nbsp;des villes de Francfort et d\u2019Offenbach. En tant qu\u2019organisme reconnu d\u2019aide \u00e0 la jeunesse et d\u2019assistance, nous g\u00e9rons de nombreuses institutions [&hellip;]\" \/>\n<meta property=\"og:url\" content=\"https:\/\/evangelische-beratung.com\/fr\/ueber-uns\/\" \/>\n<meta property=\"og:site_name\" content=\"Evangelischer Regionalverband\" \/>\n<meta property=\"article:modified_time\" content=\"2026-04-14T07:39:59+00:00\" \/>\n<meta property=\"og:image\" content=\"https:\/\/evangelische-beratung.com\/fr\/wp-content\/uploads\/sites\/5\/2019\/08\/domkloster.original.HEro_.jpg\" \/>\n\t<meta property=\"og:image:width\" content=\"1840\" \/>\n\t<meta property=\"og:image:height\" content=\"920\" \/>\n\t<meta property=\"og:image:type\" content=\"image\/jpeg\" \/>\n<meta name=\"twitter:card\" content=\"summary_large_image\" \/>\n<meta name=\"twitter:label1\" content=\"Dur\u00e9e de lecture estim\u00e9e\" \/>\n\t<meta name=\"twitter:data1\" content=\"2 minutes\" \/>\n<script type=\"application\/ld+json\" class=\"yoast-schema-graph\">{\"@context\":\"https:\\\/\\\/schema.org\",\"@graph\":[{\"@type\":\"WebPage\",\"@id\":\"https:\\\/\\\/evangelische-beratung.com\\\/fr\\\/ueber-uns\\\/\",\"url\":\"https:\\\/\\\/evangelische-beratung.com\\\/fr\\\/ueber-uns\\\/\",\"name\":\"\u00c0 notre propos - Evangelischer Regionalverband\",\"isPartOf\":{\"@id\":\"https:\\\/\\\/evangelische-beratung.com\\\/fr\\\/#website\"},\"primaryImageOfPage\":{\"@id\":\"https:\\\/\\\/evangelische-beratung.com\\\/fr\\\/ueber-uns\\\/#primaryimage\"},\"image\":{\"@id\":\"https:\\\/\\\/evangelische-beratung.com\\\/fr\\\/ueber-uns\\\/#primaryimage\"},\"thumbnailUrl\":\"https:\\\/\\\/evangelische-beratung.com\\\/fr\\\/wp-content\\\/uploads\\\/sites\\\/5\\\/2019\\\/08\\\/domkloster.original.HEro_-1024x512.jpg\",\"datePublished\":\"2019-07-12T09:06:55+00:00\",\"dateModified\":\"2026-04-14T07:39:59+00:00\",\"breadcrumb\":{\"@id\":\"https:\\\/\\\/evangelische-beratung.com\\\/fr\\\/ueber-uns\\\/#breadcrumb\"},\"inLanguage\":\"fr-FR\",\"potentialAction\":[{\"@type\":\"ReadAction\",\"target\":[\"https:\\\/\\\/evangelische-beratung.com\\\/fr\\\/ueber-uns\\\/\"]}]},{\"@type\":\"ImageObject\",\"inLanguage\":\"fr-FR\",\"@id\":\"https:\\\/\\\/evangelische-beratung.com\\\/fr\\\/ueber-uns\\\/#primaryimage\",\"url\":\"https:\\\/\\\/evangelische-beratung.com\\\/fr\\\/wp-content\\\/uploads\\\/sites\\\/5\\\/2019\\\/08\\\/domkloster.original.HEro_.jpg\",\"contentUrl\":\"https:\\\/\\\/evangelische-beratung.com\\\/fr\\\/wp-content\\\/uploads\\\/sites\\\/5\\\/2019\\\/08\\\/domkloster.original.HEro_.jpg\",\"width\":1840,\"height\":920},{\"@type\":\"BreadcrumbList\",\"@id\":\"https:\\\/\\\/evangelische-beratung.com\\\/fr\\\/ueber-uns\\\/#breadcrumb\",\"itemListElement\":[{\"@type\":\"ListItem\",\"position\":1,\"name\":\"Startseite\",\"item\":\"https:\\\/\\\/evangelische-beratung.com\\\/fr\\\/\"},{\"@type\":\"ListItem\",\"position\":2,\"name\":\"\u00c0 notre propos\"}]},{\"@type\":\"WebSite\",\"@id\":\"https:\\\/\\\/evangelische-beratung.com\\\/fr\\\/#website\",\"url\":\"https:\\\/\\\/evangelische-beratung.com\\\/fr\\\/\",\"name\":\"Evangelischer Regionalverband\",\"description\":\"\",\"publisher\":{\"@id\":\"https:\\\/\\\/evangelische-beratung.com\\\/fr\\\/#organization\"},\"potentialAction\":[{\"@type\":\"SearchAction\",\"target\":{\"@type\":\"EntryPoint\",\"urlTemplate\":\"https:\\\/\\\/evangelische-beratung.com\\\/fr\\\/?s={search_term_string}\"},\"query-input\":{\"@type\":\"PropertyValueSpecification\",\"valueRequired\":true,\"valueName\":\"search_term_string\"}}],\"inLanguage\":\"fr-FR\"},{\"@type\":\"Organization\",\"@id\":\"https:\\\/\\\/evangelische-beratung.com\\\/fr\\\/#organization\",\"name\":\"Evangelischer Regionalverband Frankfurt und Offenbach\",\"url\":\"https:\\\/\\\/evangelische-beratung.com\\\/fr\\\/\",\"logo\":{\"@type\":\"ImageObject\",\"inLanguage\":\"fr-FR\",\"@id\":\"https:\\\/\\\/evangelische-beratung.com\\\/fr\\\/#\\\/schema\\\/logo\\\/image\\\/\",\"url\":\"https:\\\/\\\/evangelische-beratung.com\\\/fr\\\/wp-content\\\/uploads\\\/sites\\\/5\\\/2019\\\/10\\\/erv-logo.png\",\"contentUrl\":\"https:\\\/\\\/evangelische-beratung.com\\\/fr\\\/wp-content\\\/uploads\\\/sites\\\/5\\\/2019\\\/10\\\/erv-logo.png\",\"width\":1127,\"height\":595,\"caption\":\"Evangelischer Regionalverband Frankfurt und Offenbach\"},\"image\":{\"@id\":\"https:\\\/\\\/evangelische-beratung.com\\\/fr\\\/#\\\/schema\\\/logo\\\/image\\\/\"}}]}<\/script>\n<!-- \/ Yoast SEO plugin. -->","yoast_head_json":{"title":"\u00c0 notre propos - Evangelischer Regionalverband","robots":{"index":"index","follow":"follow","max-snippet":"max-snippet:-1","max-image-preview":"max-image-preview:large","max-video-preview":"max-video-preview:-1"},"canonical":"https:\/\/evangelische-beratung.com\/fr\/ueber-uns\/","og_locale":"fr_FR","og_type":"article","og_title":"\u00c0 notre propos - Evangelischer Regionalverband","og_description":"Toutes les informations relatives \u00e0 l\u2019Evangelischer Regionalverband (association r\u00e9gionale luth\u00e9rienne), notre histoire et nos valeurs. En tant qu\u2019Evangelischer Regionalverband (association r\u00e9gionale luth\u00e9rienne), nous repr\u00e9sentons une association des communaut\u00e9s des \u00e9glises \u00e9vang\u00e9liques et du d\u00e9canat &nbsp;des villes de Francfort et d\u2019Offenbach. En tant qu\u2019organisme reconnu d\u2019aide \u00e0 la jeunesse et d\u2019assistance, nous g\u00e9rons de nombreuses institutions [&hellip;]","og_url":"https:\/\/evangelische-beratung.com\/fr\/ueber-uns\/","og_site_name":"Evangelischer Regionalverband","article_modified_time":"2026-04-14T07:39:59+00:00","og_image":[{"width":1840,"height":920,"url":"https:\/\/evangelische-beratung.com\/fr\/wp-content\/uploads\/sites\/5\/2019\/08\/domkloster.original.HEro_.jpg","type":"image\/jpeg"}],"twitter_card":"summary_large_image","twitter_misc":{"Dur\u00e9e de lecture estim\u00e9e":"2 minutes"},"schema":{"@context":"https:\/\/schema.org","@graph":[{"@type":"WebPage","@id":"https:\/\/evangelische-beratung.com\/fr\/ueber-uns\/","url":"https:\/\/evangelische-beratung.com\/fr\/ueber-uns\/","name":"\u00c0 notre propos - Evangelischer Regionalverband","isPartOf":{"@id":"https:\/\/evangelische-beratung.com\/fr\/#website"},"primaryImageOfPage":{"@id":"https:\/\/evangelische-beratung.com\/fr\/ueber-uns\/#primaryimage"},"image":{"@id":"https:\/\/evangelische-beratung.com\/fr\/ueber-uns\/#primaryimage"},"thumbnailUrl":"https:\/\/evangelische-beratung.com\/fr\/wp-content\/uploads\/sites\/5\/2019\/08\/domkloster.original.HEro_-1024x512.jpg","datePublished":"2019-07-12T09:06:55+00:00","dateModified":"2026-04-14T07:39:59+00:00","breadcrumb":{"@id":"https:\/\/evangelische-beratung.com\/fr\/ueber-uns\/#breadcrumb"},"inLanguage":"fr-FR","potentialAction":[{"@type":"ReadAction","target":["https:\/\/evangelische-beratung.com\/fr\/ueber-uns\/"]}]},{"@type":"ImageObject","inLanguage":"fr-FR","@id":"https:\/\/evangelische-beratung.com\/fr\/ueber-uns\/#primaryimage","url":"https:\/\/evangelische-beratung.com\/fr\/wp-content\/uploads\/sites\/5\/2019\/08\/domkloster.original.HEro_.jpg","contentUrl":"https:\/\/evangelische-beratung.com\/fr\/wp-content\/uploads\/sites\/5\/2019\/08\/domkloster.original.HEro_.jpg","width":1840,"height":920},{"@type":"BreadcrumbList","@id":"https:\/\/evangelische-beratung.com\/fr\/ueber-uns\/#breadcrumb","itemListElement":[{"@type":"ListItem","position":1,"name":"Startseite","item":"https:\/\/evangelische-beratung.com\/fr\/"},{"@type":"ListItem","position":2,"name":"\u00c0 notre propos"}]},{"@type":"WebSite","@id":"https:\/\/evangelische-beratung.com\/fr\/#website","url":"https:\/\/evangelische-beratung.com\/fr\/","name":"Evangelischer Regionalverband","description":"","publisher":{"@id":"https:\/\/evangelische-beratung.com\/fr\/#organization"},"potentialAction":[{"@type":"SearchAction","target":{"@type":"EntryPoint","urlTemplate":"https:\/\/evangelische-beratung.com\/fr\/?s={search_term_string}"},"query-input":{"@type":"PropertyValueSpecification","valueRequired":true,"valueName":"search_term_string"}}],"inLanguage":"fr-FR"},{"@type":"Organization","@id":"https:\/\/evangelische-beratung.com\/fr\/#organization","name":"Evangelischer Regionalverband Frankfurt und Offenbach","url":"https:\/\/evangelische-beratung.com\/fr\/","logo":{"@type":"ImageObject","inLanguage":"fr-FR","@id":"https:\/\/evangelische-beratung.com\/fr\/#\/schema\/logo\/image\/","url":"https:\/\/evangelische-beratung.com\/fr\/wp-content\/uploads\/sites\/5\/2019\/10\/erv-logo.png","contentUrl":"https:\/\/evangelische-beratung.com\/fr\/wp-content\/uploads\/sites\/5\/2019\/10\/erv-logo.png","width":1127,"height":595,"caption":"Evangelischer Regionalverband Frankfurt und Offenbach"},"image":{"@id":"https:\/\/evangelische-beratung.com\/fr\/#\/schema\/logo\/image\/"}}]}},"_links":{"self":[{"href":"https:\/\/evangelische-beratung.com\/fr\/wp-json\/wp\/v2\/pages\/14","targetHints":{"allow":["GET"]}}],"collection":[{"href":"https:\/\/evangelische-beratung.com\/fr\/wp-json\/wp\/v2\/pages"}],"about":[{"href":"https:\/\/evangelische-beratung.com\/fr\/wp-json\/wp\/v2\/types\/page"}],"author":[{"embeddable":true,"href":"https:\/\/evangelische-beratung.com\/fr\/wp-json\/wp\/v2\/users\/36"}],"replies":[{"embeddable":true,"href":"https:\/\/evangelische-beratung.com\/fr\/wp-json\/wp\/v2\/comments?post=14"}],"version-history":[{"count":5,"href":"https:\/\/evangelische-beratung.com\/fr\/wp-json\/wp\/v2\/pages\/14\/revisions"}],"predecessor-version":[{"id":1588,"href":"https:\/\/evangelische-beratung.com\/fr\/wp-json\/wp\/v2\/pages\/14\/revisions\/1588"}],"wp:attachment":[{"href":"https:\/\/evangelische-beratung.com\/fr\/wp-json\/wp\/v2\/media?parent=14"}],"curies":[{"name":"wp","href":"https:\/\/api.w.org\/{rel}","templated":true}]}}