{"version":"1.0","provider_name":"Evangelischer Regionalverband","provider_url":"https:\/\/evangelische-beratung.com\/fr","author_name":"claudinekuschel","author_url":"https:\/\/evangelische-beratung.com\/fr\/blog\/author\/claudinekuschel\/","title":"\u00c0 notre propos - Evangelischer Regionalverband","type":"rich","width":600,"height":338,"html":"<blockquote class=\"wp-embedded-content\" data-secret=\"2thWqv2QjN\"><a href=\"https:\/\/evangelische-beratung.com\/fr\/ueber-uns\/\">\u00c0 notre propos<\/a><\/blockquote><iframe sandbox=\"allow-scripts\" security=\"restricted\" src=\"https:\/\/evangelische-beratung.com\/fr\/ueber-uns\/embed\/#?secret=2thWqv2QjN\" width=\"600\" height=\"338\" title=\"\u00ab\u00a0\u00c0 notre propos\u00a0\u00bb &#8212; Evangelischer Regionalverband\" data-secret=\"2thWqv2QjN\" frameborder=\"0\" marginwidth=\"0\" marginheight=\"0\" scrolling=\"no\" class=\"wp-embedded-content\"><\/iframe><script type=\"text\/javascript\">\n\/* <![CDATA[ *\/\n\/*! This file is auto-generated *\/\n!function(d,l){\"use strict\";l.querySelector&&d.addEventListener&&\"undefined\"!=typeof URL&&(d.wp=d.wp||{},d.wp.receiveEmbedMessage||(d.wp.receiveEmbedMessage=function(e){var t=e.data;if((t||t.secret||t.message||t.value)&&!\/[^a-zA-Z0-9]\/.test(t.secret)){for(var s,r,n,a=l.querySelectorAll('iframe[data-secret=\"'+t.secret+'\"]'),o=l.querySelectorAll('blockquote[data-secret=\"'+t.secret+'\"]'),c=new RegExp(\"^https?:$\",\"i\"),i=0;i<o.length;i++)o[i].style.display=\"none\";for(i=0;i<a.length;i++)s=a[i],e.source===s.contentWindow&&(s.removeAttribute(\"style\"),\"height\"===t.message?(1e3<(r=parseInt(t.value,10))?r=1e3:~~r<200&&(r=200),s.height=r):\"link\"===t.message&&(r=new URL(s.getAttribute(\"src\")),n=new URL(t.value),c.test(n.protocol))&&n.host===r.host&&l.activeElement===s&&(d.top.location.href=t.value))}},d.addEventListener(\"message\",d.wp.receiveEmbedMessage,!1),l.addEventListener(\"DOMContentLoaded\",function(){for(var e,t,s=l.querySelectorAll(\"iframe.wp-embedded-content\"),r=0;r<s.length;r++)(t=(e=s[r]).getAttribute(\"data-secret\"))||(t=Math.random().toString(36).substring(2,12),e.src+=\"#?secret=\"+t,e.setAttribute(\"data-secret\",t)),e.contentWindow.postMessage({message:\"ready\",secret:t},\"*\")},!1)))}(window,document);\n\/\/# sourceURL=https:\/\/evangelische-beratung.com\/fr\/wp-includes\/js\/wp-embed.min.js\n\/* ]]> *\/\n<\/script>\n","description":"Toutes les informations relatives \u00e0 l\u2019Evangelischer Regionalverband (association r\u00e9gionale luth\u00e9rienne), notre histoire et nos valeurs. En tant qu\u2019Evangelischer Regionalverband (association r\u00e9gionale luth\u00e9rienne), nous repr\u00e9sentons une association des communaut\u00e9s des \u00e9glises \u00e9vang\u00e9liques et du d\u00e9canat &nbsp;des villes de Francfort et d\u2019Offenbach. En tant qu\u2019organisme reconnu d\u2019aide \u00e0 la jeunesse et d\u2019assistance, nous g\u00e9rons de nombreuses institutions [&hellip;]","thumbnail_url":"https:\/\/evangelische-beratung.com\/fr\/wp-content\/uploads\/sites\/5\/2019\/08\/domkloster.original.HEro_.jpg","thumbnail_width":1840,"thumbnail_height":920}