{"id":51,"date":"2019-07-21T22:21:34","date_gmt":"2019-07-21T20:21:34","guid":{"rendered":"https:\/\/evangelische-beratung.com\/en\/?page_id=51"},"modified":"2026-04-14T09:36:50","modified_gmt":"2026-04-14T07:36:50","slug":"impressum","status":"publish","type":"page","link":"https:\/\/evangelische-beratung.com\/en\/impressum\/","title":{"rendered":"Impressum"},"content":{"rendered":"\n<p class=\"is-style-teaser\">Der Internetauftritt <a href=\"http:\/\/www.evangelische-beratung.com\">www.evangelische-beratung.com<\/a> &nbsp;ist ein Angebot des Fachbereich I des&nbsp;Evangelischen Regionalverbandes Frankfurt und Offenbach.<\/p>\n\n\n\n<h2 class=\"wp-block-heading\"><strong>Herausgeber<\/strong><\/h2>\n\n\n\n<p>Evangelischer Regionalverband Frankfurt und Offenbach<\/p>\n\n\n\n<p>Die\nEvangelische Kirche in Frankfurt und Offenbach wird gebildet aus dem\nEvangelischen Stadtdekanat und dem Evangelischen Regionalverband Frankfurt und\nOffenbach. Sie sind K\u00f6rperschaften des \u00d6ffentlichen Rechts mit Sitz in\nFrankfurt am Main und werden vom personenidentischen Dekanatssynodalvorstand\ndes Stadtdekanats Frankfurt und Offenbach und dem Vorstand des Evangelischen\nRegionalverbands Frankfurt und Offenbach vertreten und diese von dem\nVorsitzenden, Herrn Stadtdekan Dr. Achim Knecht.<\/p>\n\n\n\n<h2 class=\"wp-block-heading\"><strong>Verantwortlich f\u00fcr den Inhalt<\/strong><\/h2>\n\n\n\n<p>Evangelischer Regionalverband Frankfurt und Offenbach<br>Fachbereich I<br>Manfred Oschkinat,<br>Rechneigrabenstrasse 10, 60311 Frankfurt am Main<br>Telefon 069 92105-6672, Fax 069-92105-7677<br>E-Mail &#x66;&#x61;&#99;&#104;b&#x65;&#x72;&#x65;&#105;ch&#x73;&#x62;&#117;&#101;r&#x6f;&#x40;&#x66;&#114;an&#x6b;&#x66;&#117;&#114;t&#x2d;&#x65;&#x76;&#97;ng&#x65;&#x6c;&#105;&#115;c&#x68;&#x2e;&#x64;&#101;<\/p>\n\n\n\n<h2 class=\"wp-block-heading\"><strong>Beratung, Webdesign und Programmierung<\/strong><\/h2>\n\n\n\n<p>made in<br>Design und Strategieberatung<\/p>\n\n\n\n<p><a href=\"http:\/\/www.madein.io\">www.madein.io<\/a><\/p>\n\n\n\n<p>Die auf der Website <a href=\"http:\/\/www.evangelische-beratung.com\">www.evangelische-beratung.com<\/a> verwendeten Texte, Bilder, Grafiken und Animationsdateien unterliegen dem Urheberrecht und anderen Gesetzen zum Schutz des geistigen Eigentums. Ihre Weitergabe, Ver\u00e4nderung, gewerbliche Nutzung oder Verwendung bedarf der Zustimmung durch die Evangelische Kirche in Frankfurt und Offenbach bzw. des jeweiligen Rechteinhabers.<\/p>\n\n\n\n<p>Alle Bilder\nsind Werke der \u00d6ffentlichkeitsarbeit des Evangelischen Regionalverbandes\nFrankfurt und Offenbach oder legal erworbene Bilder.<\/p>\n\n\n\n<p>Inhalte und\nRechte Dritter sind dabei als solche gekennzeichnet.<\/p>\n\n\n\n<h2 class=\"wp-block-heading\"><strong>Rechtlicher\nHinweis<\/strong><\/h2>\n\n\n\n<p>Die auf der\nWebsite www.evangelische-beratung.com zur Verf\u00fcgung gestellten Informationen\nund Daten werden herausgegeben im Auftrag des Fachbereich I des Evangelischen\nRegionalverbands Frankfurt und Offenbach und bieten dem\/der Nutzer\/in einen\n\u00dcberblick \u00fcber Angebote im Bereich Beratung &amp; Therapie.<\/p>\n\n\n\n<p>Eine Haftung\noder Garantie f\u00fcr die Aktualit\u00e4t, Richtigkeit und Vollst\u00e4ndigkeit der zur\nVerf\u00fcgung gestellten Informationen, Daten und Angebote ist ausgeschlossen. Dies\ngilt ebenso f\u00fcr alle anderen Websites, auf die mittels eines Hyperlinks\nverwiesen wurde. Der Fachbereich I des Evangelischen Regionalverbands Frankfurt\nund Offenbach ist f\u00fcr den Inhalt der Websites, die mittels einer solchen\nVerbindung erreicht werden, nicht verantwortlich. Diese unterliegen der Haftung\nder jeweiligen Betreiber, die allein verantwortlich sind f\u00fcr deren Inhalte.<\/p>\n\n\n\n<p>Der\nFachbereich I des Evangelischen Regionalverbands Frankfurt und Offenbach haftet\nweder f\u00fcr direkte noch indirekte Sch\u00e4den, die durch die Nutzung der\nInformationen oder Daten entstehen, die auf dieser Website zu finden sind.\nPers\u00f6nliche Daten, die uns Interessenten per E-Mail \u00fcbermitteln, werden in\nunserem Hause ausschlie\u00dflich f\u00fcr den angeforderten Service verwendet und im\nRahmen des geltenden kirchlichen Datenschutzgesetzes genutzt. Der Fachbereich I\ndes Evangelischen Regionalverbands Frankfurt und Offenbach kann jedoch nicht\ngew\u00e4hrleisten, dass die Daten w\u00e4hrend der \u00dcbermittlung im Internet nicht von\nDritten eingesehen bzw. genutzt werden.<\/p>\n","protected":false},"excerpt":{"rendered":"<p>Der Internetauftritt www.evangelische-beratung.com &nbsp;ist ein Angebot des Fachbereich I des&nbsp;Evangelischen Regionalverbandes Frankfurt und Offenbach. Herausgeber Evangelischer Regionalverband Frankfurt und Offenbach Die Evangelische Kirche in Frankfurt und Offenbach wird gebildet aus dem Evangelischen Stadtdekanat und dem Evangelischen Regionalverband Frankfurt und Offenbach. Sie sind K\u00f6rperschaften des \u00d6ffentlichen Rechts mit Sitz in Frankfurt am Main und werden vom [&hellip;]<\/p>\n","protected":false},"author":36,"featured_media":0,"parent":0,"menu_order":0,"comment_status":"closed","ping_status":"closed","template":"","meta":{"footnotes":""},"class_list":["post-51","page","type-page","status-publish","hentry"],"yoast_head":"<!-- This site is optimized with the Yoast SEO plugin v27.5 - https:\/\/yoast.com\/product\/yoast-seo-wordpress\/ -->\n<title>Impressum - Evangelischer Regionalverband<\/title>\n<meta name=\"robots\" content=\"index, follow, max-snippet:-1, max-image-preview:large, max-video-preview:-1\" \/>\n<link rel=\"canonical\" href=\"https:\/\/evangelische-beratung.com\/en\/impressum\/\" \/>\n<meta property=\"og:locale\" content=\"en_US\" \/>\n<meta property=\"og:type\" content=\"article\" \/>\n<meta property=\"og:title\" content=\"Impressum - Evangelischer Regionalverband\" \/>\n<meta property=\"og:description\" content=\"Der Internetauftritt www.evangelische-beratung.com &nbsp;ist ein Angebot des Fachbereich I des&nbsp;Evangelischen Regionalverbandes Frankfurt und Offenbach. Herausgeber Evangelischer Regionalverband Frankfurt und Offenbach Die Evangelische Kirche in Frankfurt und Offenbach wird gebildet aus dem Evangelischen Stadtdekanat und dem Evangelischen Regionalverband Frankfurt und Offenbach. Sie sind K\u00f6rperschaften des \u00d6ffentlichen Rechts mit Sitz in Frankfurt am Main und werden vom [&hellip;]\" \/>\n<meta property=\"og:url\" content=\"https:\/\/evangelische-beratung.com\/en\/impressum\/\" \/>\n<meta property=\"og:site_name\" content=\"Evangelischer Regionalverband\" \/>\n<meta property=\"article:modified_time\" content=\"2026-04-14T07:36:50+00:00\" \/>\n<meta name=\"twitter:card\" content=\"summary_large_image\" \/>\n<meta name=\"twitter:label1\" content=\"Est. reading time\" \/>\n\t<meta name=\"twitter:data1\" content=\"2 minutes\" \/>\n<script type=\"application\/ld+json\" class=\"yoast-schema-graph\">{\"@context\":\"https:\\\/\\\/schema.org\",\"@graph\":[{\"@type\":\"WebPage\",\"@id\":\"https:\\\/\\\/evangelische-beratung.com\\\/en\\\/impressum\\\/\",\"url\":\"https:\\\/\\\/evangelische-beratung.com\\\/en\\\/impressum\\\/\",\"name\":\"Impressum - Evangelischer Regionalverband\",\"isPartOf\":{\"@id\":\"https:\\\/\\\/evangelische-beratung.com\\\/en\\\/#website\"},\"datePublished\":\"2019-07-21T20:21:34+00:00\",\"dateModified\":\"2026-04-14T07:36:50+00:00\",\"breadcrumb\":{\"@id\":\"https:\\\/\\\/evangelische-beratung.com\\\/en\\\/impressum\\\/#breadcrumb\"},\"inLanguage\":\"en-US\",\"potentialAction\":[{\"@type\":\"ReadAction\",\"target\":[\"https:\\\/\\\/evangelische-beratung.com\\\/en\\\/impressum\\\/\"]}]},{\"@type\":\"BreadcrumbList\",\"@id\":\"https:\\\/\\\/evangelische-beratung.com\\\/en\\\/impressum\\\/#breadcrumb\",\"itemListElement\":[{\"@type\":\"ListItem\",\"position\":1,\"name\":\"Startseite\",\"item\":\"https:\\\/\\\/evangelische-beratung.com\\\/en\\\/\"},{\"@type\":\"ListItem\",\"position\":2,\"name\":\"Impressum\"}]},{\"@type\":\"WebSite\",\"@id\":\"https:\\\/\\\/evangelische-beratung.com\\\/en\\\/#website\",\"url\":\"https:\\\/\\\/evangelische-beratung.com\\\/en\\\/\",\"name\":\"Evangelischer Regionalverband\",\"description\":\"\",\"publisher\":{\"@id\":\"https:\\\/\\\/evangelische-beratung.com\\\/en\\\/#organization\"},\"potentialAction\":[{\"@type\":\"SearchAction\",\"target\":{\"@type\":\"EntryPoint\",\"urlTemplate\":\"https:\\\/\\\/evangelische-beratung.com\\\/en\\\/?s={search_term_string}\"},\"query-input\":{\"@type\":\"PropertyValueSpecification\",\"valueRequired\":true,\"valueName\":\"search_term_string\"}}],\"inLanguage\":\"en-US\"},{\"@type\":\"Organization\",\"@id\":\"https:\\\/\\\/evangelische-beratung.com\\\/en\\\/#organization\",\"name\":\"Evangelischer Regionalverband\",\"url\":\"https:\\\/\\\/evangelische-beratung.com\\\/en\\\/\",\"logo\":{\"@type\":\"ImageObject\",\"inLanguage\":\"en-US\",\"@id\":\"https:\\\/\\\/evangelische-beratung.com\\\/en\\\/#\\\/schema\\\/logo\\\/image\\\/\",\"url\":\"https:\\\/\\\/evangelische-beratung.com\\\/en\\\/wp-content\\\/uploads\\\/sites\\\/3\\\/2019\\\/07\\\/erv-logo.svg\",\"contentUrl\":\"https:\\\/\\\/evangelische-beratung.com\\\/en\\\/wp-content\\\/uploads\\\/sites\\\/3\\\/2019\\\/07\\\/erv-logo.svg\",\"width\":382,\"height\":85,\"caption\":\"Evangelischer Regionalverband\"},\"image\":{\"@id\":\"https:\\\/\\\/evangelische-beratung.com\\\/en\\\/#\\\/schema\\\/logo\\\/image\\\/\"}}]}<\/script>\n<!-- \/ Yoast SEO plugin. -->","yoast_head_json":{"title":"Impressum - Evangelischer Regionalverband","robots":{"index":"index","follow":"follow","max-snippet":"max-snippet:-1","max-image-preview":"max-image-preview:large","max-video-preview":"max-video-preview:-1"},"canonical":"https:\/\/evangelische-beratung.com\/en\/impressum\/","og_locale":"en_US","og_type":"article","og_title":"Impressum - Evangelischer Regionalverband","og_description":"Der Internetauftritt www.evangelische-beratung.com &nbsp;ist ein Angebot des Fachbereich I des&nbsp;Evangelischen Regionalverbandes Frankfurt und Offenbach. Herausgeber Evangelischer Regionalverband Frankfurt und Offenbach Die Evangelische Kirche in Frankfurt und Offenbach wird gebildet aus dem Evangelischen Stadtdekanat und dem Evangelischen Regionalverband Frankfurt und Offenbach. Sie sind K\u00f6rperschaften des \u00d6ffentlichen Rechts mit Sitz in Frankfurt am Main und werden vom [&hellip;]","og_url":"https:\/\/evangelische-beratung.com\/en\/impressum\/","og_site_name":"Evangelischer Regionalverband","article_modified_time":"2026-04-14T07:36:50+00:00","twitter_card":"summary_large_image","twitter_misc":{"Est. reading time":"2 minutes"},"schema":{"@context":"https:\/\/schema.org","@graph":[{"@type":"WebPage","@id":"https:\/\/evangelische-beratung.com\/en\/impressum\/","url":"https:\/\/evangelische-beratung.com\/en\/impressum\/","name":"Impressum - Evangelischer Regionalverband","isPartOf":{"@id":"https:\/\/evangelische-beratung.com\/en\/#website"},"datePublished":"2019-07-21T20:21:34+00:00","dateModified":"2026-04-14T07:36:50+00:00","breadcrumb":{"@id":"https:\/\/evangelische-beratung.com\/en\/impressum\/#breadcrumb"},"inLanguage":"en-US","potentialAction":[{"@type":"ReadAction","target":["https:\/\/evangelische-beratung.com\/en\/impressum\/"]}]},{"@type":"BreadcrumbList","@id":"https:\/\/evangelische-beratung.com\/en\/impressum\/#breadcrumb","itemListElement":[{"@type":"ListItem","position":1,"name":"Startseite","item":"https:\/\/evangelische-beratung.com\/en\/"},{"@type":"ListItem","position":2,"name":"Impressum"}]},{"@type":"WebSite","@id":"https:\/\/evangelische-beratung.com\/en\/#website","url":"https:\/\/evangelische-beratung.com\/en\/","name":"Evangelischer Regionalverband","description":"","publisher":{"@id":"https:\/\/evangelische-beratung.com\/en\/#organization"},"potentialAction":[{"@type":"SearchAction","target":{"@type":"EntryPoint","urlTemplate":"https:\/\/evangelische-beratung.com\/en\/?s={search_term_string}"},"query-input":{"@type":"PropertyValueSpecification","valueRequired":true,"valueName":"search_term_string"}}],"inLanguage":"en-US"},{"@type":"Organization","@id":"https:\/\/evangelische-beratung.com\/en\/#organization","name":"Evangelischer Regionalverband","url":"https:\/\/evangelische-beratung.com\/en\/","logo":{"@type":"ImageObject","inLanguage":"en-US","@id":"https:\/\/evangelische-beratung.com\/en\/#\/schema\/logo\/image\/","url":"https:\/\/evangelische-beratung.com\/en\/wp-content\/uploads\/sites\/3\/2019\/07\/erv-logo.svg","contentUrl":"https:\/\/evangelische-beratung.com\/en\/wp-content\/uploads\/sites\/3\/2019\/07\/erv-logo.svg","width":382,"height":85,"caption":"Evangelischer Regionalverband"},"image":{"@id":"https:\/\/evangelische-beratung.com\/en\/#\/schema\/logo\/image\/"}}]}},"_links":{"self":[{"href":"https:\/\/evangelische-beratung.com\/en\/wp-json\/wp\/v2\/pages\/51","targetHints":{"allow":["GET"]}}],"collection":[{"href":"https:\/\/evangelische-beratung.com\/en\/wp-json\/wp\/v2\/pages"}],"about":[{"href":"https:\/\/evangelische-beratung.com\/en\/wp-json\/wp\/v2\/types\/page"}],"author":[{"embeddable":true,"href":"https:\/\/evangelische-beratung.com\/en\/wp-json\/wp\/v2\/users\/36"}],"replies":[{"embeddable":true,"href":"https:\/\/evangelische-beratung.com\/en\/wp-json\/wp\/v2\/comments?post=51"}],"version-history":[{"count":1,"href":"https:\/\/evangelische-beratung.com\/en\/wp-json\/wp\/v2\/pages\/51\/revisions"}],"predecessor-version":[{"id":813,"href":"https:\/\/evangelische-beratung.com\/en\/wp-json\/wp\/v2\/pages\/51\/revisions\/813"}],"wp:attachment":[{"href":"https:\/\/evangelische-beratung.com\/en\/wp-json\/wp\/v2\/media?parent=51"}],"curies":[{"name":"wp","href":"https:\/\/api.w.org\/{rel}","templated":true}]}}